{"id":9183,"date":"2020-07-17T07:37:24","date_gmt":"2020-07-17T10:37:24","guid":{"rendered":"https:\/\/ampid.org.br\/site2020\/?page_id=9183"},"modified":"2020-09-11T09:38:45","modified_gmt":"2020-09-11T12:38:45","slug":"links","status":"publish","type":"page","link":"https:\/\/ampid.org.br\/site2020\/?page_id=9183","title":{"rendered":"Links Sociedade Civil Organizada e outros"},"content":{"rendered":"<section class=\"l-section wpb_row height_small\"><div class=\"l-section-h i-cf\"><div class=\"g-cols vc_row via_flex valign_top type_default stacking_default\"><div class=\"vc_col-sm-8 wpb_column vc_column_container\"><div class=\"vc_column-inner\"><div class=\"wpb_wrapper\"><div class=\"wpb_text_column\"><div class=\"wpb_wrapper\"><h1>Links Sociedade Civil Organizada e outros<\/h1>\n<\/div><\/div><div class=\"w-separator size_medium\"><\/div><div class=\"wpb_text_column us_custom_95ebd667 has_text_color\"><div class=\"wpb_wrapper\"><h3>Sobre o Idoso<\/h3>\n<\/div><\/div><div class=\"w-separator size_small\"><\/div><div class=\"wpb_text_column\"><div class=\"wpb_wrapper\"><p><a href=\"http:\/\/abraz.org.br\/web\/aabraz\/\" target=\"_blank\" rel=\"noopener noreferrer\"><span style=\"font-weight: 400;\">ABRAZ \u2013 Associa\u00e7\u00e3o Brasileira de Alzheimer<\/span><\/a><\/p>\n<p><a href=\"http:\/\/www.gerontovida.org.ar\/\" target=\"_blank\" rel=\"noopener noreferrer\">GerontoVida<\/a>\u00a0\u2013 Argentina (em espanhol)<\/p>\n<p><a href=\"http:\/\/www.inpea.net\/\" target=\"_blank\" rel=\"noopener noreferrer\">INPEA<\/a>\u00a0\u2013 Prevention of Elder Abuse (em ingl\u00eas)<\/p>\n<p>Instituto de\u00a0<a href=\"http:\/\/www.pucrs.br\/igg\" target=\"_blank\" rel=\"noopener noreferrer\">Geriatria e Gerontologia\u00a0<\/a>(PUC\/RS)<\/p>\n<p><a href=\"http:\/\/www.ouvidoriadoidoso.org.br\/\" target=\"_blank\" rel=\"noopener noreferrer\">Instituto Nacional Ouvidoria do Idoso<\/a><\/p>\n<p>RLG-Red Latinoamericana de\u00a0<a href=\"http:\/\/www.gerontologia.org\/\" target=\"_blank\" rel=\"noopener noreferrer\">Gerontolog\u00eda<\/a>\u00a0(em espanhol)<\/p>\n<p><a href=\"http:\/\/www.saude.pr.gov.br\/Projetos_estrategicos\/Saude_idoso\/saude_idoso.htm\" target=\"_blank\" rel=\"noopener noreferrer\">Sa\u00fade do Idoso<\/a>\u00a0\u2013 Secretaria de Sa\u00fade \u2013 PR<\/p>\n<p>Sociedade Brasileira de\u00a0<a href=\"http:\/\/www.sbgg.org.br\/\" target=\"_blank\" rel=\"noopener noreferrer\">Geriatria e Gerontologia (SBGG)<\/a><\/p>\n<p>Sociedade Brasileira de\u00a0<a href=\"http:\/\/www.sbggrj.org.br\/\" target=\"_blank\" rel=\"noopener noreferrer\">Geriatria e Gerontologia<\/a>\u00a0\u2013 RJ (SBGG\/RJ)<\/p>\n<\/div><\/div><div class=\"w-separator size_huge with_line width_default thick_1 style_solid color_border align_center\"><div class=\"w-separator-h\"><\/div><\/div><div class=\"wpb_text_column us_custom_95ebd667 has_text_color\"><div class=\"wpb_wrapper\"><h3>Sobre Pessoas com Defici\u00eancia<\/h3>\n<\/div><\/div><div class=\"w-separator size_small\"><\/div><div class=\"wpb_text_column\"><div class=\"wpb_wrapper\"><p><a href=\"http:\/\/www.aacd.org.br\/\" target=\"_blank\" rel=\"noopener noreferrer\">AACD<\/a>\u00a0\u2013 Associa\u00e7\u00e3o de Assist\u00eancia \u00e0 Crian\u00e7a Deficiente (sa\u00fade)<\/p>\n<p><a href=\"http:\/\/www.add.org.br\/\" target=\"_blank\" rel=\"noopener noreferrer\">ADD<\/a>\u00a0\u2013 Associa\u00e7\u00e3o Desportiva para Deficientes<\/p>\n<p><a href=\"https:\/\/plataforma.sporti.com.br\/abddf\" target=\"_blank\" rel=\"noopener noreferrer\">ABDDF<\/a> \u2013 <span style=\"font-weight: 400;\">Associa\u00e7\u00e3o Brasileira de Desportos para Deficientes F\u00edsicos<\/span><\/p>\n<p><a href=\"http:\/\/www.apaebrasil.org.br\/\" target=\"_blank\" rel=\"noopener noreferrer\">APAE\u00a0<\/a>\u2013 Federa\u00e7\u00e3o Nacional das Apaes<\/p>\n<p><a href=\"http:\/\/cbdv.org.br\/\" target=\"_blank\" rel=\"noopener noreferrer\">CBDV<\/a>\u2013 <span style=\"font-weight: 400;\">Confedera\u00e7\u00e3o Brasileira de Desporto de Deficientes Visuais<\/span><\/p>\n<p><a href=\"http:\/\/www.add.org.br\/\" target=\"_blank\" rel=\"noopener noreferrer\">ADD<\/a>\u00a0\u2013 Associa\u00e7\u00e3o Desportiva para Deficientes<\/p>\n<p><a href=\"http:\/\/www.ande.org.br\/\" target=\"_blank\" rel=\"noopener noreferrer\">ANDE<\/a>\u00a0\u2013 Associa\u00e7\u00e3o Nacional de Desporto para Deficientes<\/p>\n<p>Associa\u00e7\u00e3o de\u00a0<a href=\"http:\/\/www.ama.org.br\/\" target=\"_blank\" rel=\"noopener noreferrer\">Amigos do Autista<\/a>\u00a0\u2013 S\u00e3o Paulo<\/p>\n<p><a href=\"https:\/\/institutorodrigomendes.org.br\/\" target=\"_blank\" rel=\"noopener noreferrer\">Instituto Rodrigo Mendes\u00a0<\/a><\/p>\n<p><a href=\"http:\/\/www.bengalalegal.com\/\" target=\"_blank\" rel=\"noopener noreferrer\">Bengala Legal<\/a><\/p>\n<p><a href=\"https:\/\/www.autismobrasil.org\/\" target=\"_blank\" rel=\"noopener noreferrer\">Casa da Esperan\u00e7a<\/a> \u2013 <span style=\"font-weight: 400;\">Terapia, Educa\u00e7\u00e3o e Vida Plena para pessoas com Transtornos do Espectro do Autismo<\/span><\/p>\n<p><a href=\"http:\/\/www.cob.org.br\/\" target=\"_blank\" rel=\"noopener noreferrer\">COB<\/a>\u00a0\u2013 Comit\u00ea Ol\u00edmpico Brasileiro<\/p>\n<p><a href=\"http:\/\/www.comissaojovem.com.br\/\" target=\"_blank\" rel=\"noopener noreferrer\">Comiss\u00e3o Jovem Gente como a Gente<\/a>\u00a0\u2013 Planaltina\/DF<\/p>\n<p><a href=\"http:\/\/www.cpb.org.br\/\" target=\"_blank\" rel=\"noopener noreferrer\">Comit\u00ea Paraol\u00edmpico Brasileiro<\/a><\/p>\n<p><a href=\"http:\/\/www.derdic.org.br\/\" target=\"_blank\" rel=\"noopener noreferrer\">DERDIC<\/a>\u00a0\u2013 Divis\u00e3o de Educa\u00e7\u00e3o e Reabilita\u00e7ao dos Dist\u00farbios da Comunica\u00e7\u00e3o\/PUC-SP<\/p>\n<p><span style=\"font-weight: 400;\"><a href=\"http:\/\/www.ibdd.org.br\/?t=\" target=\"_blank\" rel=\"noopener noreferrer\">IBDD <\/a>&#8211; Instituto Brasileiro dos Direitos da Pessoa com Defici\u00eancia:<\/span><\/p>\n<p><a href=\"https:\/\/www.ines.gov.br\/\" target=\"_blank\" rel=\"noopener noreferrer\">INES<\/a>\u00a0\u2013 Instituto Nacional de Educa\u00e7\u00e3o de Surdos<\/p>\n<p><a href=\"http:\/\/athens.olympic.org\/\" target=\"_blank\" rel=\"noopener noreferrer\">Jogos Paraol\u00edmpicos<\/a> de Atenas 2014<\/p>\n<p><span style=\"font-weight: 400;\"><a href=\"https:\/\/www.olympic.org\/turin-2006\" target=\"_blank\" rel=\"noopener noreferrer\">Jogos Paraol\u00edmpicos<\/a> de Torino 2006<\/span><\/p>\n<p><span style=\"font-weight: 400;\"><a href=\"https:\/\/www.olympic.org\/beijing-2008\" target=\"_blank\" rel=\"noopener noreferrer\">Jogos Paraol\u00edmpicos<\/a> de Pequim 2008<\/span><\/p>\n<p><span style=\"font-weight: 400;\"><a href=\"https:\/\/www.olympic.org\/vancouver-2010\" target=\"_blank\" rel=\"noopener noreferrer\">Jogos Paraol\u00edmpicos<\/a> de Vancouver 2010 <\/span><\/p>\n<p><span style=\"font-weight: 400;\"><a href=\"https:\/\/www.olympic.org\/london-2012\" target=\"_blank\" rel=\"noopener noreferrer\">Jogos Paraol\u00edmpicos<\/a> de Londres 2012<\/span><\/p>\n<p><span style=\"font-weight: 400;\"><a href=\"https:\/\/www.olympic.org\/sochi-2014\" target=\"_blank\" rel=\"noopener noreferrer\">Jogos Paraol\u00edmpicos<\/a> de Sochi 2014<\/span><span style=\"font-weight: 400;\">\u00a0<\/span><\/p>\n<p><span style=\"font-weight: 400;\"><a href=\"https:\/\/www.olympic.org\/rio-2016\" target=\"_blank\" rel=\"noopener noreferrer\">Jogos Paraol\u00edmpicos<\/a> do Rio 2016<\/span><\/p>\n<p><span style=\"font-weight: 400;\"><a href=\"https:\/\/www.olympic.org\/pyeongchang-2018\" target=\"_blank\" rel=\"noopener noreferrer\">Jogos Paraol\u00edmpicos<\/a> de Pyeongchang 2018\u00a0<\/span><\/p>\n<p><span style=\"font-weight: 400;\"><a href=\"https:\/\/www.olympic.org\/tokyo-2020\" target=\"_blank\" rel=\"noopener noreferrer\">Jogos Paraol\u00edmpicos<\/a> de Tokyo\u00a0 <\/span><\/p>\n<p><span style=\"font-weight: 400;\"><a href=\"https:\/\/www.olympic.org\/beijing-2022\" target=\"_blank\" rel=\"noopener noreferrer\">Jogos Paraol\u00edmpicos<\/a> de Pequim 2022\u00a0<\/span><\/p>\n<p><span style=\"font-weight: 400;\"><a href=\"https:\/\/www.olympic.org\/paris-2024\" target=\"_blank\" rel=\"noopener noreferrer\">Jogos Paraol\u00edmpicos<\/a> de Paris 2024 <\/span><\/p>\n<p><span style=\"font-weight: 400;\"><a href=\"https:\/\/www.olympic.org\/milano-cortina-2026\" target=\"_blank\" rel=\"noopener noreferrer\">Jogos Paraol\u00edmpicos<\/a> de Milano 2026\u00a0<\/span><\/p>\n<p><span style=\"font-weight: 400;\"><a href=\"https:\/\/www.olympic.org\/la-2028\" target=\"_blank\" rel=\"noopener noreferrer\">Jogos Paraol\u00edmpicos<\/a> de Los Angeles 2028\u00a0<\/span><\/p>\n<p><a href=\"http:\/\/www.ibc.gov.br\/\" target=\"_blank\" rel=\"noopener noreferrer\">IBC<\/a>\u00a0\u2013 Instituto Benjamin Constant<\/p>\n<p><a href=\"http:\/\/www.laramara.org.br\/\" target=\"_blank\" rel=\"noopener noreferrer\">Laramara<\/a>\u00a0\u2013 Associa\u00e7\u00e3o Brasileira de Assist\u00eancia ao Deficiente Visual<\/p>\n<p><a href=\"http:\/\/www.signwriting.org\/\" target=\"_blank\" rel=\"noopener noreferrer\">Linguagem de Sinais Gr\u00e1ficos<\/a>\u00a0para pessoas surdas (em ingl\u00eas)<\/p>\n<p><a href=\"http:\/\/www.livroacessivel.org\/livro-acessivel.php\" target=\"_blank\" rel=\"noopener noreferrer\">Livro Acess\u00edvel:<\/a>\u00a0Movimento pelo Livro e Leitura Acess\u00edveis no Brasil<\/p>\n<p><a href=\"http:\/\/www.esporte.gov.br\/\" target=\"_blank\" rel=\"noopener noreferrer\">Minist\u00e9rio do Esporte<\/a><\/p>\n<p><a href=\"http:\/\/www.pessoacomdeficiencia.sp.gov.br\/\" target=\"_blank\" rel=\"noopener noreferrer\">Secretaria dos Direitos da Pessoa com Defici\u00eancia do Estado de S\u00e3o Paulo<\/a><\/p>\n<p><a href=\"https:\/\/www.conede.sc.gov.br\/index.php?option=com_content&amp;view=article&amp;id=11&amp;Itemid=10\" target=\"_blank\" rel=\"noopener noreferrer\">SICORDE<\/a>\u00a0\u2013 Sistema Nacional de Informa\u00e7\u00f5es sobre Defici\u00eancia<\/p>\n<p>Sociedade Brasileira de\u00a0<a href=\"http:\/\/www.sobama.org.br\/\" target=\"_blank\" rel=\"noopener noreferrer\">Atividade Motora Adaptada<\/a><\/p>\n<p><span style=\"font-weight: 400;\"><a href=\"https:\/\/www.abraso.org.br\/\" target=\"_blank\" rel=\"noopener noreferrer\">ABRASO<\/a> \u2013 Associa\u00e7\u00e3o Brasileira de Ostomizados<\/span><\/p>\n<\/div><\/div><div class=\"w-separator size_huge with_line width_default thick_1 style_solid color_border align_center\"><div class=\"w-separator-h\"><\/div><\/div><div class=\"wpb_text_column us_custom_95ebd667 has_text_color\"><div class=\"wpb_wrapper\"><h3>Links de Interesse Jur\u00eddico<\/h3>\n<\/div><\/div><div class=\"w-separator size_small\"><\/div><div class=\"wpb_text_column\"><div class=\"wpb_wrapper\"><p><a href=\"http:\/\/www.anadep.org.br\/\" target=\"_blank\" rel=\"noopener noreferrer\">ANADEP<\/a>\u00a0Associa\u00e7\u00e3o Nacional dos Defensores P\u00fablicos<\/p>\n<p>OIT \u2013 Organiza\u00e7\u00e3o Internacional do Trabalho<a href=\"http:\/\/www.oit.org\/public\/spanish\/standards\/\" target=\"_blank\" rel=\"noopener noreferrer\"> Normas y Principios e Derechos Fundamentales en el Trabajo (espanhol)<\/a><\/p>\n<\/div><\/div><div class=\"w-separator size_huge with_line width_default thick_1 style_solid color_border align_center\"><div class=\"w-separator-h\"><\/div><\/div><div class=\"wpb_text_column us_custom_95ebd667 has_text_color\"><div class=\"wpb_wrapper\"><h3>\u00d3rg\u00e3os Governamentais<\/h3>\n<\/div><\/div><div class=\"w-separator size_small\"><\/div><div class=\"wpb_text_column\"><div class=\"wpb_wrapper\"><p><strong style=\"font-size: 16px;\">Casa Civil da Presid\u00eancia da Rep\u00fablica<br \/>\n<\/strong>Milena Souto Maior de Medeiros (titular)<br \/>\nVal\u00e9ria Rezende de Oliveira (suplente)<\/p>\n<div id=\"leitura\">\n<p><strong>Minist\u00e9rio das Cidades<\/strong><br \/>\nYuri Rafael Della Giustina (titular)<br \/>\nLuciana Gill Barbosa (suplente)<\/p>\n<p><strong>Minist\u00e9rio da Ci\u00eancia e Tecnologia \u2013 MCTI<\/strong><br \/>\nSonia da Costa (titular)<br \/>\nJos\u00e9 Netto Estrella Neto (suplente)<\/p>\n<p><strong>Minist\u00e9rio das Comunica\u00e7\u00f5es<\/strong><br \/>\nOct\u00e1vio Penna Pieranti (titular)<br \/>\nMarcelo Leandro Ferreira (suplente)<\/p>\n<p><strong>Minist\u00e9rio da Cultura<\/strong><br \/>\nDeborah Maria Garcia Lobo (titular)<br \/>\nSandra Cipriano Chaves (suplente)<\/p>\n<p><strong>Minist\u00e9rio do Desenvolvimento Social e Combate a Fome<\/strong><br \/>\nElyria Bonetti Yoshida Credidio (titular)<br \/>\nAndr\u00e9a Duarte Lins (suplente)<\/p>\n<p><strong>Minist\u00e9rio da Educa\u00e7\u00e3o<\/strong><br \/>\nMartinha Clarete Dutra dos Santos (titular)<br \/>\nRosana Cipriano Jacinto da Silva (suplente)<\/p>\n<p><strong>Minist\u00e9rio do Esporte<\/strong><br \/>\nEidilamar F\u00e1tima da Silva (titular)<br \/>\nElisangela Landim Santos (suplente)<\/p>\n<p><strong>Minist\u00e9rio da Justi\u00e7a<\/strong><br \/>\nPaulo Abr\u00e3o Pires Junior (titular)<br \/>\nDavi Ulisses Brasil Sim\u00f5es Pires (suplente)<\/p>\n<p><strong>Minist\u00e9rio dos Transportes<\/strong><br \/>\nRodrigo Marques de Oliveira (titular)<br \/>\nMarcos Jos\u00e9 Zufelato (suplente)<\/p>\n<p><strong>Minist\u00e9rio do Trabalho e Emprego<\/strong><br \/>\nFernanda Maria Pessoa Di Cavalcanti (titular)<br \/>\nVit\u00f3rio Alves de Freita (suplente)<\/p>\n<p><strong>Minist\u00e9rio do Turismo<\/strong><br \/>\nWilken Jos\u00e9 Souto Oliveira (titular)<br \/>\nWaldemar Duarte de Carvalho Junior (suplente)<\/p>\n<p><strong>Minist\u00e9rio da Previd\u00eancia Social<\/strong><br \/>\nRaimundo Nonato Lopes de Souza (titular)<br \/>\nLilian Fonseca da Costa Lessa Varandas<\/p>\n<p><strong>Minist\u00e9rio das Rela\u00e7\u00f5es Exteriores<\/strong><br \/>\nCarlos Fernando Gallinal (titular)<br \/>\nCarlos Frederico Bastos Peres da Silva (suplente)<\/p>\n<p><strong>Minist\u00e9rio da Sa\u00fade<\/strong><br \/>\nVera L\u00facia Ferreira Mendes (titular)<br \/>\nFl\u00e1via da Silva Tavares (suplente)<\/p>\n<p><strong>Secretaria de Direitos Humanos<\/strong><br \/>\nAntonio Jos\u00e9 do Nascimento Ferreira (titular)<br \/>\nLa\u00edssa da Costa Ferreira (suplente)<\/p>\n<p><strong>Secretaria de Pol\u00edticas para as Mulheres<\/strong><br \/>\nMaria de Lourdes Alves Rodrigues (titular)<br \/>\nThays de Souza Nogueira (suplente)<\/p>\n<p><strong>Conselhos Estaduais<\/strong><br \/>\nDylson Ramos Bessa Junior (titular)<br \/>\nWanderley Marques de Assis (suplente)<\/p>\n<p><strong>Conselhos Municipais<\/strong><br \/>\nNaira Rodrigues Gaspar (titular)<br \/>\nLisandra Sandri (suplente)<\/p>\n<\/div>\n<\/div><\/div><div class=\"w-separator size_huge with_line width_default thick_1 style_solid color_border align_center\"><div class=\"w-separator-h\"><\/div><\/div><div class=\"wpb_text_column us_custom_95ebd667 has_text_color\"><div class=\"wpb_wrapper\"><h3>Sociedade Civil<\/h3>\n<\/div><\/div><div class=\"w-separator size_small\"><\/div><div class=\"wpb_text_column\"><div class=\"wpb_wrapper\"><p><strong>Associa\u00e7\u00e3o Nacional dos Membros do Minist\u00e9rio P\u00fablico de Defesa dos Direitos das Pessoas Idosa e com Defici\u00eancia \u2013 AMPID<\/strong><br \/>\nWaldir Macieira da Costa Filho (titular)<br \/>\nMaria Aparecida Gugel (suplente)<\/p>\n<p><strong>Associa\u00e7\u00e3o Brasileira de Autismo \u2013 ABRA<\/strong><br \/>\nTelma Maria Viga de Albuquerque (titular)<br \/>\nMaria do Carmo Tourinho (suplente)<\/p>\n<p><strong>Academia Brasileira de Neurologia<\/strong><br \/>\nCl\u00e1udia Barata Ribeiro Blanco Barroso (titular)<br \/>\nCristiano Milani (suplente)<\/p>\n<p><strong>Associa\u00e7\u00e3o Brasileira de Ostomizados \u2013 ABRASO<\/strong><br \/>\nRubens Gil Junior (titular)<br \/>\nCristiana Soares de Holanda (suplente)<\/p>\n<p><strong>Associa\u00e7\u00e3o de Pais, Amigos e Pessoas com Defici\u00eancias, de Funcion\u00e1rios do Banco do Brasil e da Comunidade \u2013 APABB<\/strong><br \/>\nPedro Leonardo da Luz Loss (titular)<br \/>\nDaisy Dias Lopes (suplente)<\/p>\n<p><strong>Confedera\u00e7ao Brasileira de Desporto de Deficentes Visuais \u2013 CBDV<\/strong><br \/>\nJose Antonio Ferreira Freire (titular)<br \/>\nSandro Laina Soares (suplente)<\/p>\n<p><strong>Central \u00danica dos Trabalhadores \u2013 CUT<\/strong><br \/>\nIsaias Dias (titular)<br \/>\nEdvaldo Souza Santos (suplente)<\/p>\n<p><strong>Confedera\u00e7\u00e3o Nacional do Comercio \u2013 CNC<\/strong><br \/>\nJanilton Fernandes Lima (titular)<br \/>\nPedro Henrique Pessanha Rocha (suplente)<\/p>\n<p><strong>Conselho Federal de Engenharia e Agronomia \u2013 CONFEA<\/strong><br \/>\nOsvaldo Luiz Valinote (titular)<br \/>\nJary de Carvalho e Castro (suplente)<\/p>\n<p><strong>Federa\u00e7\u00e3o Brasileira de Associa\u00e7\u00f5es Civis de Portadores de Esclerose M\u00faltipla \u2013 FEBRAPEM<\/strong><br \/>\nWilson Roberto Gomiero (titular)<br \/>\nAdilson Teixeira de Esp\u00edndola (suplente)<\/p>\n<p><strong>Federa\u00e7\u00e3o Nacional das Avapes \u2013 FENAVAPE<\/strong><br \/>\nSheila Alexandre Cassin (titular)<br \/>\nMarcos Antonio Gon\u00e7alves (suplente)<\/p>\n<p><strong>Federa\u00e7\u00e3o Nacional das Associa\u00e7oes Pestalozzi<\/strong><br \/>\nEster Alves Pacheco Henriques (titular)<br \/>\nLizair de Moraes Guarino (suplente)<\/p>\n<p><strong>Federa\u00e7\u00e3o Nacional das APAES<\/strong><br \/>\nAdinilson Marins dos Santos (titular)<br \/>\nErivaldo Fernandes Neto (suplente)<\/p>\n<p><strong>Federa\u00e7\u00e3o das Associa\u00e7\u00f5es de Renais e Transplantados do Brasil \u2013 FARBRA<\/strong><br \/>\nRosangela da Silva Santos (titular)<br \/>\nMaria de F\u00e1tima Lopes (suplente)<\/p>\n<p><strong>Federa\u00e7\u00e3o Brasileira das Associa\u00e7\u00f5es de S\u00edndrome de Down<\/strong><br \/>\nGecy Maria Fritsch Klauck (titular)<br \/>\nRicardo Lima Caratti (suplente)<\/p>\n<p><strong>Federa\u00e7\u00e3o Nacional de Educa\u00e7\u00e3o e Integra\u00e7\u00e3o dos Surdos \u2013 FENEIS<\/strong><br \/>\nJos\u00e9 Carlos de Oliveira (titular)<br \/>\nUlrich Palhares Fernandes (suplente)<\/p>\n<p><strong>Organiza\u00e7\u00e3o Nacional de Entidades de Deficientes F\u00edsicos \u2013 ONEDEF<\/strong><br \/>\nCarmen Lucia Lopes Foga\u00e7a (titular)<br \/>\nMauro Eduardo Cardoso e Silva (suplente)<\/p>\n<p><strong>Organiza\u00e7\u00e3o Nacional de Cegos do Brasil \u2013 ONCB<\/strong><br \/>\nMois\u00e9s Bauer Luiz (titular)<br \/>\nPatr\u00edcia Neves Raposo (suplente)<\/p>\n<p><strong>Ordem dos Advogados do Brasil \u2013 OAB<\/strong><br \/>\nJoaquim Santana (titular)<br \/>\nCid Torquato (suplente)<\/p>\n<\/div><\/div><div class=\"w-separator size_small\"><\/div><\/div><\/div><\/div><div class=\"vc_col-sm-4 vc_hidden-xs wpb_column vc_column_container has_bg_color\"><div class=\"vc_column-inner us_custom_0d15be52 type_sticky\"><div class=\"wpb_wrapper\"><div class=\"w-image align_center\"><div class=\"w-image-h\"><img decoding=\"async\" width=\"960\" height=\"960\" src=\"https:\/\/ampid.org.br\/site2020\/wp-content\/uploads\/2020\/07\/img-links.jpg\" class=\"attachment-full size-full\" alt=\"\" loading=\"lazy\" srcset=\"https:\/\/ampid.org.br\/site2020\/wp-content\/uploads\/2020\/07\/img-links.jpg 960w, https:\/\/ampid.org.br\/site2020\/wp-content\/uploads\/2020\/07\/img-links-300x300.jpg 300w, https:\/\/ampid.org.br\/site2020\/wp-content\/uploads\/2020\/07\/img-links-150x150.jpg 150w, https:\/\/ampid.org.br\/site2020\/wp-content\/uploads\/2020\/07\/img-links-600x600.jpg 600w\" sizes=\"auto, (max-width: 960px) 100vw, 960px\" \/><\/div><\/div><div class=\"w-separator size_medium\"><\/div><div class=\"wpb_text_column\"><div class=\"wpb_wrapper\"><h3>\u00daltimas Not\u00edcias<\/h3>\n<\/div><\/div><div class=\"w-separator size_small\"><\/div><div class=\"w-grid type_grid layout_blog_4\" id=\"us_grid_1\" style=\"--gap:1.5rem;\" data-filterable=\"true\"><style>@media (min-width:1024px){#us_grid_1 .w-post-elm.post_title{font-size:1rem!important}}.layout_blog_4 .w-grid-item-h{}.layout_blog_4 .usg_post_image_1{margin-bottom:0.6rem!important}.layout_blog_4 .usg_post_title_1{font-size:1.2rem!important;margin-bottom:0.3rem!important}.layout_blog_4 .usg_post_date_1{color:var(--color-content-faded)!important;font-size:0.8rem!important;line-height:1.6!important}<\/style><div class=\"w-grid-list\">\t<article class=\"w-grid-item size_1x1 post-11574 post type-post status-publish format-standard has-post-thumbnail hentry category-190 category-noticias category-pessoas-com-deficiencia category-publicacoes-em-destaque tag-191 tag-bpc tag-pessoas-com-deficiencia-2\" data-id=\"11574\">\r\n\t\t<div class=\"w-grid-item-h\">\r\n\t\t\t\t\t\t<div class=\"w-post-elm post_image usg_post_image_1 stretched\"><a href=\"https:\/\/ampid.org.br\/site2020\/?p=11574\" aria-label=\"\u201cCarta ao Governo Lula\u201d pede a revers\u00e3o do PL 4614\/2024 sobre a altera\u00e7\u00e3o de BPC para pessoas com defici\u00eancia\"><img loading=\"lazy\" decoding=\"async\" width=\"600\" height=\"295\" src=\"https:\/\/ampid.org.br\/site2020\/wp-content\/uploads\/2024\/12\/Sem-titulologo-600x295.png\" class=\"attachment-us_600_337_crop size-us_600_337_crop wp-post-image\" alt=\"\" \/><\/a><\/div><h2 class=\"w-post-elm post_title usg_post_title_1 entry-title color_link_inherit\"><a href=\"https:\/\/ampid.org.br\/site2020\/?p=11574\">\u201cCarta ao Governo Lula\u201d pede a revers\u00e3o do PL 4614\/2024 sobre a altera\u00e7\u00e3o de BPC para pessoas com defici\u00eancia<\/a><\/h2><time class=\"w-post-elm post_date usg_post_date_1 has_text_color entry-date published\" datetime=\"2024-12-17T18:12:35-03:00\" title=\"17 dezembro 2024 \u00e0s 18:12:35 America\/Sao_Paulo\">1 ano atr\u00e1s<\/time>\t\t<\/div>\r\n\t\t\t<\/article>\r\n\t<article class=\"w-grid-item size_1x1 post-10925 post type-post status-publish format-standard has-post-thumbnail hentry category-175 category-notas category-noticias category-pessoas-com-deficiencia category-publicacoes-em-destaque tag-154 tag-ampid tag-avaliacao-biopsicossocial tag-direitos-das-pessoas-com-deficiencia\" data-id=\"10925\">\r\n\t\t<div class=\"w-grid-item-h\">\r\n\t\t\t\t\t\t<div class=\"w-post-elm post_image usg_post_image_1 stretched\"><a href=\"https:\/\/ampid.org.br\/site2020\/?p=10925\" aria-label=\"Nota de Preocupa\u00e7\u00e3o com Concurso P\u00fablico do INSS e Rep\u00fadio ao Manual\u00a0do\u00a0Cebraspe\"><img loading=\"lazy\" decoding=\"async\" width=\"600\" height=\"337\" src=\"https:\/\/ampid.org.br\/site2020\/wp-content\/uploads\/2020\/07\/rep-600x337.jpg\" class=\"attachment-us_600_337_crop size-us_600_337_crop wp-post-image\" alt=\"\" \/><\/a><\/div><h2 class=\"w-post-elm post_title usg_post_title_1 entry-title color_link_inherit\"><a href=\"https:\/\/ampid.org.br\/site2020\/?p=10925\">Nota de Preocupa\u00e7\u00e3o com Concurso P\u00fablico do INSS e Rep\u00fadio ao Manual\u00a0do\u00a0Cebraspe<\/a><\/h2><time class=\"w-post-elm post_date usg_post_date_1 has_text_color entry-date published\" datetime=\"2023-01-18T09:58:17-03:00\" title=\"18 janeiro 2023 \u00e0s 09:58:17 America\/Sao_Paulo\">3 anos atr\u00e1s<\/time>\t\t<\/div>\r\n\t\t\t<\/article>\r\n\t<article class=\"w-grid-item size_1x1 post-10918 post type-post status-publish format-standard has-post-thumbnail hentry category-175 category-notas category-noticias category-publicacoes-em-destaque tag-154 tag-capacitismo tag-direitos-das-pessoas-com-deficiencia tag-rede-in\" data-id=\"10918\">\r\n\t\t<div class=\"w-grid-item-h\">\r\n\t\t\t\t\t\t<div class=\"w-post-elm post_image usg_post_image_1 stretched\"><a href=\"https:\/\/ampid.org.br\/site2020\/?p=10918\" aria-label=\"Carta Aberta ao Presidente Lula sobre a redu\u00e7\u00e3o da estrutura de cargos da Secretaria Nacional dos Direitos da Pessoa com Defici\u00eancia\"><img loading=\"lazy\" decoding=\"async\" width=\"600\" height=\"337\" src=\"https:\/\/ampid.org.br\/site2020\/wp-content\/uploads\/2023\/01\/secretaria_das_cidades_df_widelg-600x337.jpg\" class=\"attachment-us_600_337_crop size-us_600_337_crop wp-post-image\" alt=\"\" srcset=\"https:\/\/ampid.org.br\/site2020\/wp-content\/uploads\/2023\/01\/secretaria_das_cidades_df_widelg-600x337.jpg 600w, https:\/\/ampid.org.br\/site2020\/wp-content\/uploads\/2023\/01\/secretaria_das_cidades_df_widelg-300x169.jpg 300w, https:\/\/ampid.org.br\/site2020\/wp-content\/uploads\/2023\/01\/secretaria_das_cidades_df_widelg-1024x576.jpg 1024w, https:\/\/ampid.org.br\/site2020\/wp-content\/uploads\/2023\/01\/secretaria_das_cidades_df_widelg.jpg 1200w\" sizes=\"auto, (max-width: 600px) 100vw, 600px\" \/><\/a><\/div><h2 class=\"w-post-elm post_title usg_post_title_1 entry-title color_link_inherit\"><a href=\"https:\/\/ampid.org.br\/site2020\/?p=10918\">Carta Aberta ao Presidente Lula sobre a redu\u00e7\u00e3o da estrutura de cargos da Secretaria Nacional dos Direitos da Pessoa com Defici\u00eancia<\/a><\/h2><time class=\"w-post-elm post_date usg_post_date_1 has_text_color entry-date published\" datetime=\"2023-01-13T18:28:58-03:00\" title=\"13 janeiro 2023 \u00e0s 18:28:58 America\/Sao_Paulo\">3 anos atr\u00e1s<\/time>\t\t<\/div>\r\n\t\t\t<\/article>\r\n<\/div><div class=\"w-grid-preloader\">\t<div class=\"g-preloader type_custom\">\r\n\t\t<div><img loading=\"lazy\" decoding=\"async\" width=\"300\" height=\"300\" src=\"https:\/\/ampid.org.br\/site2020\/wp-content\/uploads\/2020\/06\/icon-300x300.png\" class=\"attachment-medium size-medium\" alt=\"\" srcset=\"https:\/\/ampid.org.br\/site2020\/wp-content\/uploads\/2020\/06\/icon-300x300.png 300w, https:\/\/ampid.org.br\/site2020\/wp-content\/uploads\/2020\/06\/icon-150x150.png 150w, https:\/\/ampid.org.br\/site2020\/wp-content\/uploads\/2020\/06\/icon.png 512w\" sizes=\"auto, (max-width: 300px) 100vw, 300px\" \/><\/div>\r\n\t<\/div>\r\n\t<\/div>\t<div class=\"w-grid-json hidden\" onclick='return {&quot;action&quot;:&quot;us_ajax_grid&quot;,&quot;infinite_scroll&quot;:0,&quot;max_num_pages&quot;:9,&quot;pagination&quot;:&quot;none&quot;,&quot;template_vars&quot;:{&quot;columns&quot;:&quot;1&quot;,&quot;exclude_items&quot;:&quot;none&quot;,&quot;img_size&quot;:&quot;us_600_337_crop&quot;,&quot;ignore_items_size&quot;:0,&quot;items_layout&quot;:&quot;blog_4&quot;,&quot;items_offset&quot;:&quot;1&quot;,&quot;load_animation&quot;:&quot;none&quot;,&quot;overriding_link&quot;:&quot;{\\&quot;url\\&quot;:\\&quot;\\&quot;}&quot;,&quot;post_id&quot;:0,&quot;query_args&quot;:{&quot;post_type&quot;:[&quot;post&quot;],&quot;tax_query&quot;:[{&quot;taxonomy&quot;:&quot;category&quot;,&quot;field&quot;:&quot;slug&quot;,&quot;terms&quot;:[&quot;noticias&quot;]}],&quot;post_status&quot;:[&quot;publish&quot;,&quot;acf-disabled&quot;],&quot;ignore_sticky_posts&quot;:1,&quot;posts_per_page&quot;:&quot;3&quot;},&quot;orderby_query_args&quot;:{&quot;orderby&quot;:{&quot;date&quot;:&quot;DESC&quot;}},&quot;type&quot;:&quot;grid&quot;,&quot;us_grid_ajax_index&quot;:1,&quot;us_grid_filter_params&quot;:[],&quot;us_grid_index&quot;:1,&quot;_us_grid_post_type&quot;:&quot;post&quot;,&quot;page_args&quot;:[]}}'><\/div>\r\n\t<\/div><\/div><\/div><\/div><\/div><\/div><\/section>\n","protected":false},"excerpt":{"rendered":"&nbsp; 13 de janeiro de 2023 &nbsp; Carta Aberta ao Presidente Lula sobre a inaceit\u00e1vel redu\u00e7\u00e3o da estrutura de cargos da Secretaria Nac. dos Direitos da Pessoa com Defici\u00eancia A Rede-In (Rede Brasileira de Inclus\u00e3o da Pessoa com Defici\u00eancia) manifesta sua\u00a0preocupa\u00e7\u00e3o com a incompreens\u00edvel redu\u00e7\u00e3o da estrutura da Secretaria Nacional dos Direitos da Pessoa com...","protected":false},"author":1,"featured_media":0,"parent":0,"menu_order":0,"comment_status":"closed","ping_status":"open","template":"","meta":{"_acf_changed":false,"inline_featured_image":false,"footnotes":""},"class_list":["post-9183","page","type-page","status-publish","hentry"],"acf":[],"_links":{"self":[{"href":"https:\/\/ampid.org.br\/site2020\/index.php?rest_route=\/wp\/v2\/pages\/9183","targetHints":{"allow":["GET"]}}],"collection":[{"href":"https:\/\/ampid.org.br\/site2020\/index.php?rest_route=\/wp\/v2\/pages"}],"about":[{"href":"https:\/\/ampid.org.br\/site2020\/index.php?rest_route=\/wp\/v2\/types\/page"}],"author":[{"embeddable":true,"href":"https:\/\/ampid.org.br\/site2020\/index.php?rest_route=\/wp\/v2\/users\/1"}],"replies":[{"embeddable":true,"href":"https:\/\/ampid.org.br\/site2020\/index.php?rest_route=%2Fwp%2Fv2%2Fcomments&post=9183"}],"version-history":[{"count":7,"href":"https:\/\/ampid.org.br\/site2020\/index.php?rest_route=\/wp\/v2\/pages\/9183\/revisions"}],"predecessor-version":[{"id":9629,"href":"https:\/\/ampid.org.br\/site2020\/index.php?rest_route=\/wp\/v2\/pages\/9183\/revisions\/9629"}],"wp:attachment":[{"href":"https:\/\/ampid.org.br\/site2020\/index.php?rest_route=%2Fwp%2Fv2%2Fmedia&parent=9183"}],"curies":[{"name":"wp","href":"https:\/\/api.w.org\/{rel}","templated":true}]}}