{"id":9150,"date":"2020-07-14T08:56:25","date_gmt":"2020-07-14T11:56:25","guid":{"rendered":"https:\/\/ampid.org.br\/site2020\/?page_id=9150"},"modified":"2020-07-14T08:56:25","modified_gmt":"2020-07-14T11:56:25","slug":"constituicao-idoso","status":"publish","type":"page","link":"https:\/\/ampid.org.br\/site2020\/?page_id=9150","title":{"rendered":"Constitui\u00e7\u00e3o Idoso"},"content":{"rendered":"<section class=\"l-section wpb_row height_small\"><div class=\"l-section-h i-cf\"><div class=\"g-cols vc_row via_flex valign_top type_default stacking_default\"><div class=\"vc_col-sm-12 wpb_column vc_column_container\"><div class=\"vc_column-inner\"><div class=\"wpb_wrapper\"><div class=\"wpb_text_column\"><div class=\"wpb_wrapper\"><h1>Constitui\u00e7\u00e3o Federal de 1988<\/h1>\n<h3>Relativa ao Idoso<\/h3>\n<p>Art. 1\u00ba &#8211; A Rep\u00fablica Federativa do Brasil, formada pela uni\u00e3o indissol\u00favel dos Estados e Munic\u00edpios e do Distrito Federal, constitui-se em Estado Democr\u00e1tico de Direito e tem como fundamentos:<\/p>\n<p>II &#8211; a cidadania;<br \/>\nIII &#8211; a dignidade da pessoa humana;<\/p>\n<p>Art. 3\u00ba &#8211; Constituem objetivos fundamentais da Rep\u00fablica Federativa do Brasil:<\/p>\n<p>IV &#8211; promover o bem de todos, sem preconceitos de origem, ra\u00e7a, sexo, cor, idade e quaisquer outras formas de discrimina\u00e7\u00e3o.<\/p>\n<p>Art. 5\u00ba &#8211; Todos s\u00e3o iguais perante a lei, sem distin\u00e7\u00e3o de qualquer natureza, garantindo-se aos brasileiros e aos estrangeiros residentes no Pa\u00eds a inviolabilidade do direito \u00e0 vida, \u00e0 liberdade, \u00e0 igualdade, \u00e0 seguran\u00e7a e \u00e0 propriedade, nos termos seguintes:<\/p>\n<p>Art. 14 &#8211; A soberania popular ser\u00e1 exercida pelo sufr\u00e1gio universal e pelo voto direto e secreto, com valor igual para todos, e, nos termos da lei, mediante:<\/p>\n<p>\u00a7 1\u00ba &#8211; O alistamento eleitoral e o voto s\u00e3o:<br \/>\nI &#8211; obrigat\u00f3rios para os maiores de dezoito anos;<br \/>\nII &#8211; facultativos para:<br \/>\na) os analfabetos;<br \/>\nb) os maiores de setenta anos;<br \/>\nc) os maiores de dezesseis e menores de dezoito anos.<\/p>\n<p>Art. 203 &#8211; A assist\u00eancia social ser\u00e1 prestada a quem dela necessitar, independentemente de contribui\u00e7\u00e3o \u00e0 seguridade social, e tem por objetivos:<\/p>\n<p>I &#8211; a prote\u00e7\u00e3o \u00e0 fam\u00edlia, \u00e0 maternidade, \u00e0 inf\u00e2ncia, \u00e0 adolesc\u00eancia e \u00e0 velhice;<br \/>\nII &#8211; o amparo \u00e0s crian\u00e7as e adolescentes carentes;<br \/>\nIII &#8211; a promo\u00e7\u00e3o da integra\u00e7\u00e3o ao mercado de trabalho;<br \/>\nIV &#8211; a habilita\u00e7\u00e3o e reabilita\u00e7\u00e3o das pessoas portadoras de defici\u00eancia e a promo\u00e7\u00e3o de sua integra\u00e7\u00e3o \u00e0 vida comunit\u00e1ria;<br \/>\nV &#8211; a garantia de um sal\u00e1rio m\u00ednimo de benef\u00edcio mensal \u00e0 pessoa portadora de defici\u00eancia e ao idoso que comprovem n\u00e3o possuir meios de prover \u00e0 pr\u00f3pria manuten\u00e7\u00e3o ou de t\u00ea-la provida por sua fam\u00edlia, conforme dispuser a lei.<\/p>\n<p>Art. 226 &#8211; A fam\u00edlia, base da sociedade, tem especial prote\u00e7\u00e3o do Estado.<\/p>\n<p>\u00a7 4\u00ba &#8211; Entende-se, tamb\u00e9m, como entidade familiar a comunidade formada por qualquer dos pais e seus descendentes.<br \/>\n\u00a7 8\u00ba &#8211; O Estado assegurar\u00e1 a assist\u00eancia \u00e0 fam\u00edlia na pessoa de cada um dos que a integram, criando mecanismos para coibir a viol\u00eancia no \u00e2mbito de suas rela\u00e7\u00f5es.<\/p>\n<p>Art. 229 &#8211; Os pais t\u00eam o dever de assistir, criar e educar os filhos menores, e os filhos maiores t\u00eam o dever de ajudar e amparar os pais na velhice, car\u00eancia ou enfermidade.<\/p>\n<p>Art. 230 &#8211; A fam\u00edlia, a sociedade e o Estado t\u00eam o dever de amparar as pessoas idosas, assegurando sua participa\u00e7\u00e3o na comunidade, defendendo sua dignidade e bem-estar e garantindo-lhes o direito \u00e0 vida.<\/p>\n<p>\u00a7 1\u00ba &#8211; Os programas de amparo aos idosos ser\u00e3o executados preferencialmente em seus lares.<br \/>\n\u00a7 2\u00ba &#8211; Aos maiores de sessenta e cinco anos \u00e9 garantida a gratuidade dos transportes coletivos urbanos.<\/p>\n<p>Bras\u00edlia, 5 de outubro de 1988.<\/p>\n<p>Ulysses Guimar\u00e3es-Presidente<br \/>\nMauro Benevides -1\u00ba Vice-Presidente,<br \/>\nJorge Arbage -2\u00ba Vice-Presidente,<br \/>\nMarcelo Cordeiro -1\u00ba Secret\u00e1rio,<br \/>\nM\u00e1rio Maia -2\u00ba Secret\u00e1rio,<br \/>\nArnaldo Faria de S\u00e1 -3\u00ba Secret\u00e1rio,<br \/>\nBenedita da Silva -1\u00ba Suplente de Secret\u00e1rio,<br \/>\nLuiz Soyer -2\u00ba Suplente de Secret\u00e1rio,<br \/>\nSotero Cunha -3\u00ba Suplente de Secret\u00e1rio,<br \/>\nBernardo Cabral-Relator Geral,<br \/>\nAdolfo Oliveira-Relator Adjunto,<br \/>\nAnt\u00f4nio Carlos Konder Reis-Relator Adjunto,<br \/>\nJos\u00e9 Foga\u00e7a-Relator Adjunto.<\/p>\n<\/div><\/div><div class=\"w-separator size_medium\"><\/div><\/div><\/div><\/div><\/div><\/div><\/section>\n","protected":false},"excerpt":{"rendered":"Constitui\u00e7\u00e3o Federal de 1988 Relativa ao Idoso Art. 1\u00ba &#8211; A Rep\u00fablica Federativa do Brasil, formada pela uni\u00e3o indissol\u00favel dos Estados e Munic\u00edpios e do Distrito Federal, constitui-se em Estado Democr\u00e1tico de Direito e tem como fundamentos: II &#8211; a cidadania; III &#8211; a dignidade da pessoa humana; Art. 3\u00ba &#8211; Constituem objetivos fundamentais da...","protected":false},"author":1,"featured_media":0,"parent":0,"menu_order":0,"comment_status":"closed","ping_status":"open","template":"","meta":{"_acf_changed":false,"inline_featured_image":false,"footnotes":""},"class_list":["post-9150","page","type-page","status-publish","hentry"],"acf":[],"_links":{"self":[{"href":"https:\/\/ampid.org.br\/site2020\/index.php?rest_route=\/wp\/v2\/pages\/9150","targetHints":{"allow":["GET"]}}],"collection":[{"href":"https:\/\/ampid.org.br\/site2020\/index.php?rest_route=\/wp\/v2\/pages"}],"about":[{"href":"https:\/\/ampid.org.br\/site2020\/index.php?rest_route=\/wp\/v2\/types\/page"}],"author":[{"embeddable":true,"href":"https:\/\/ampid.org.br\/site2020\/index.php?rest_route=\/wp\/v2\/users\/1"}],"replies":[{"embeddable":true,"href":"https:\/\/ampid.org.br\/site2020\/index.php?rest_route=%2Fwp%2Fv2%2Fcomments&post=9150"}],"version-history":[{"count":0,"href":"https:\/\/ampid.org.br\/site2020\/index.php?rest_route=\/wp\/v2\/pages\/9150\/revisions"}],"wp:attachment":[{"href":"https:\/\/ampid.org.br\/site2020\/index.php?rest_route=%2Fwp%2Fv2%2Fmedia&parent=9150"}],"curies":[{"name":"wp","href":"https:\/\/api.w.org\/{rel}","templated":true}]}}