{"id":9267,"date":"2020-07-20T09:51:34","date_gmt":"2020-07-20T12:51:34","guid":{"rendered":"https:\/\/ampid.org.br\/site2020\/?page_id=9267"},"modified":"2025-04-23T16:39:04","modified_gmt":"2025-04-23T19:39:04","slug":"artigos-pessoa-com-deficiencia","status":"publish","type":"page","link":"http:\/\/ampid.org.br\/site2020\/?page_id=9267","title":{"rendered":"Artigos de Associados(as) sobre Pessoa com Defici\u00eancia"},"content":{"rendered":"<section class=\"l-section wpb_row height_small\"><div class=\"l-section-h i-cf\"><div class=\"g-cols vc_row via_flex valign_top type_default stacking_default\"><div class=\"vc_col-sm-8 wpb_column vc_column_container\"><div class=\"vc_column-inner\"><div class=\"wpb_wrapper\"><div class=\"w-separator size_small\"><\/div><div class=\"wpb_text_column\"><div class=\"wpb_wrapper\"><h1>Artigos de Associados(as) sobre Direitos da Pessoa com Defici\u00eancia<\/h1>\n<\/div><\/div><div class=\"w-separator size_small\"><\/div><div class=\"g-cols wpb_row us_custom_833bf36a via_flex valign_top type_boxes stacking_default\"><div class=\"vc_col-sm-12 wpb_column vc_column_container\"><div class=\"vc_column-inner\"><div class=\"wpb_wrapper\"><div class=\"wpb_text_column us_custom_6df4bc3a has_text_color\"><div class=\"wpb_wrapper\"><h3 style=\"text-align: left; color: #999999;\"><a href=\"http:\/\/ampid.org.br\/site2020\/wp-content\/uploads\/2024\/11\/GABURRI_o_CAPACITISMO_NAS_RELACOES_DE_FAMILIA.pdf\">O capacitismo nas rela\u00e7\u00f5es de fam\u00edlia<\/a> | Fernando Gaburri<\/h3>\n<h3 style=\"text-align: left; color: #999999;\">(artigo do Di\u00e1logos contempor\u00e2neos sobre fam\u00edlia e sucess\u00f5es: perspectivas e desafios, do IBDFAM\/RS, edi\u00e7\u00e3o 2024)<\/h3>\n<p>&nbsp;<\/p>\n<\/div><\/div><div class=\"wpb_text_column\"><div class=\"wpb_wrapper\"><p>11\/2024<\/p>\n<\/div><\/div><\/div><\/div><\/div><\/div><div class=\"w-separator size_small\"><\/div><div class=\"g-cols wpb_row us_custom_833bf36a via_flex valign_top type_boxes stacking_default\"><div class=\"vc_col-sm-12 wpb_column vc_column_container\"><div class=\"vc_column-inner\"><div class=\"wpb_wrapper\"><div class=\"wpb_text_column us_custom_6df4bc3a has_text_color\"><div class=\"wpb_wrapper\"><h3 style=\"text-align: left; color: #999999;\"><a href=\"http:\/\/ampid.org.br\/site2020\/wp-content\/uploads\/2023\/11\/265-Texto-do-Artigo-727-770-10-20231121.pdf\">Crian\u00e7as e adolescentes com defici\u00eancia: prote\u00e7\u00e3o integral e tutela do Minist\u00e9rio P\u00fablico<\/a> | Sandra L\u00facia Garcia Massud<\/h3>\n<h3 style=\"text-align: left; color: #999999;\"><\/h3>\n<\/div><\/div><div class=\"wpb_text_column\"><div class=\"wpb_wrapper\"><p>11\/2023<\/p>\n<\/div><\/div><\/div><\/div><\/div><\/div><div class=\"w-separator size_small\"><\/div><div class=\"g-cols wpb_row us_custom_833bf36a via_flex valign_top type_boxes stacking_default\"><div class=\"vc_col-sm-12 wpb_column vc_column_container\"><div class=\"vc_column-inner\"><div class=\"wpb_wrapper\"><div class=\"wpb_text_column us_custom_6df4bc3a has_text_color\"><div class=\"wpb_wrapper\"><h3 style=\"text-align: left; color: #999999;\"><a href=\"http:\/\/ampid.org.br\/site2020\/wp-content\/uploads\/2023\/09\/Ebook-Direitos-das-Pessoas-com-Defici\u00eancia.pdf\">Ebook Direitos das Pessoas com Defici\u00eancia<\/a> |Coord. Saulo Cerqueira de Aguiar Soares<br \/>\nFernando Melo Ferro Gomes Filho<br \/>\nJoaquim Santana Neto<br \/>\nNat\u00e1lia Maria dos Reis<\/h3>\n<h3 style=\"text-align: left; color: #999999;\">P\u00e1g. 31 &#8211; Artigo de Maria Aparecida Gugel<\/h3>\n<\/div><\/div><div class=\"wpb_text_column\"><div class=\"wpb_wrapper\"><p>09\/2023<\/p>\n<\/div><\/div><\/div><\/div><\/div><\/div><div class=\"w-separator size_small\"><\/div><div class=\"g-cols wpb_row us_custom_833bf36a via_flex valign_top type_boxes stacking_default\"><div class=\"vc_col-sm-12 wpb_column vc_column_container\"><div class=\"vc_column-inner\"><div class=\"wpb_wrapper\"><div class=\"wpb_text_column us_custom_6df4bc3a has_text_color\"><div class=\"wpb_wrapper\"><h3 style=\"text-align: left; color: #999999;\"><a href=\"http:\/\/ampid.org.br\/site2020\/wp-content\/uploads\/2021\/12\/Artigo-Tomada-de-decisa\u0303o-Apoiada-1-CORRIGIDO-1.pdf\">Implica\u00e7\u00f5es da Conven\u00e7\u00e3o Internacional sobre os Direitos das Pessoas com Defici\u00eancia na Curatela e Tomada de Decis\u00e3o Apoiada<\/a> |Lilian Viana Freire<\/h3>\n<\/div><\/div><div class=\"wpb_text_column\"><div class=\"wpb_wrapper\"><p>12\/2021<\/p>\n<\/div><\/div><\/div><\/div><\/div><\/div><div class=\"w-separator size_small\"><\/div><div class=\"g-cols wpb_row us_custom_833bf36a via_flex valign_top type_boxes stacking_default\"><div class=\"vc_col-sm-12 wpb_column vc_column_container\"><div class=\"vc_column-inner\"><div class=\"wpb_wrapper\"><div class=\"wpb_text_column us_custom_6df4bc3a has_text_color\"><div class=\"wpb_wrapper\"><h3 style=\"text-align: left; color: #999999;\"><a href=\"http:\/\/ampid.org.br\/site2020\/wp-content\/uploads\/2021\/10\/A-trajet\u00f3ria-das-Pol\u00edticas-P\u00fablicas-de-moradia-Renata-Scharfstein.pdf\">A trajet\u00f3ria das Pol\u00edticas P\u00fablicas de moradia<\/a>| Renata Scharfstein<\/h3>\n<\/div><\/div><div class=\"wpb_text_column\"><div class=\"wpb_wrapper\"><p>10\/2021<\/p>\n<\/div><\/div><\/div><\/div><\/div><\/div><div class=\"w-separator size_small\"><\/div><div class=\"g-cols wpb_row us_custom_833bf36a via_flex valign_top type_boxes stacking_default\"><div class=\"vc_col-sm-12 wpb_column vc_column_container\"><div class=\"vc_column-inner\"><div class=\"wpb_wrapper\"><div class=\"wpb_text_column us_custom_6df4bc3a has_text_color\"><div class=\"wpb_wrapper\"><h3 style=\"text-align: left; color: #999999;\"><a href=\"https:\/\/ampid.org.br\/site2020\/wp-content\/uploads\/2020\/12\/O-novo-sistema-de-capacidade-e-seus-reflexos-no-direito-civil-Fernando-Gaburri.pdf\">O novo sistema de capacidade e seus reflexos no Direito Civil <\/a>| Fernando Gaburri<\/h3>\n<\/div><\/div><div class=\"wpb_text_column\"><div class=\"wpb_wrapper\"><p>12\/2020<\/p>\n<\/div><\/div><\/div><\/div><\/div><\/div><div class=\"w-separator size_small\"><\/div><div class=\"g-cols wpb_row us_custom_833bf36a via_flex valign_top type_boxes stacking_default\"><div class=\"vc_col-sm-12 wpb_column vc_column_container\"><div class=\"vc_column-inner\"><div class=\"wpb_wrapper\"><div class=\"wpb_text_column us_custom_6df4bc3a has_text_color\"><div class=\"wpb_wrapper\"><h3 style=\"text-align: left; color: #999999;\"><a href=\"https:\/\/ampid.org.br\/site2020\/wp-content\/uploads\/2020\/12\/ArtigoPatriciaSiqueiraBrenoCruz_POSSIBILIDADES-DE-TRABALHO-PARA-PESSOAS-COM-ESQUIZOFRENIA.pdf\">Possibilidade de Trabalho para Pessoas com Esquizofrenia<\/a> | Breno Fiuza Cruz e Patricia Siqueira Silveira<\/h3>\n<\/div><\/div><div class=\"wpb_text_column\"><div class=\"wpb_wrapper\"><p>12\/2020<\/p>\n<\/div><\/div><\/div><\/div><\/div><\/div><div class=\"w-separator size_small\"><\/div><div class=\"g-cols wpb_row us_custom_833bf36a via_flex valign_top type_boxes stacking_default\"><div class=\"vc_col-sm-12 wpb_column vc_column_container\"><div class=\"vc_column-inner\"><div class=\"wpb_wrapper\"><div class=\"wpb_text_column us_custom_6df4bc3a has_text_color\"><div class=\"wpb_wrapper\"><h3 style=\"text-align: left; color: #999999;\"><a href=\"http:\/\/www.ampid.org.br\/v1\/wp-content\/uploads\/2020\/03\/ReservaCargosMaritimos_MGUGEL_2020-1.pdf\" target=\"_blank\" rel=\"noopener noreferrer\">Reserva de Cargos Mar\u00edtimos<\/a>\u00a0|\u00a0Maria Aparecida Gugel<\/h3>\n<\/div><\/div><div class=\"wpb_text_column\"><div class=\"wpb_wrapper\"><p>03\/2020<\/p>\n<\/div><\/div><\/div><\/div><\/div><\/div><div class=\"w-separator size_small\"><\/div><div class=\"g-cols wpb_row us_custom_833bf36a via_flex valign_top type_boxes stacking_default\"><div class=\"vc_col-sm-12 wpb_column vc_column_container\"><div class=\"vc_column-inner\"><div class=\"wpb_wrapper\"><div class=\"wpb_text_column us_custom_6df4bc3a has_text_color\"><div class=\"wpb_wrapper\"><h3 style=\"text-align: left; color: #999999;\"><a href=\"http:\/\/www.ampid.org.br\/v1\/wp-content\/uploads\/2020\/03\/LutianaLorentz_cotaEmpregoEduca%C3%A7%C3%A3o_2020.pdf\" target=\"_blank\" rel=\"noopener noreferrer\">O Trabalho das Pessoas com Defici\u00eancia: Converg\u00eancia das Leis n\u00ba. 8.213\/91 (Quota Emprego) com a Lei n\u00ba. 12.711\/12 (Quota Educa\u00e7\u00e3o)<\/a>\u00a0|\u00a0Lutiana Nacur Lorentz<\/h3>\n<\/div><\/div><div class=\"wpb_text_column\"><div class=\"wpb_wrapper\"><p>03\/2020<\/p>\n<\/div><\/div><\/div><\/div><\/div><\/div><div class=\"w-separator size_small\"><\/div><div class=\"g-cols wpb_row us_custom_833bf36a via_flex valign_top type_boxes stacking_default\"><div class=\"vc_col-sm-12 wpb_column vc_column_container\"><div class=\"vc_column-inner\"><div class=\"wpb_wrapper\"><div class=\"wpb_text_column us_custom_6df4bc3a has_text_color\"><div class=\"wpb_wrapper\"><h3 style=\"text-align: left; color: #999999;\"><a href=\"http:\/\/www.ampid.org.br\/v1\/wp-content\/uploads\/2018\/10\/Concurso-P%C3%BAblico-para-Pessoas-com-Defici%C3%AAncia-Anota%C3%A7%C3%B5es-Pr%C3%A9vias-sobre-o-Decreto-N.-9.508.2018.pdf\" target=\"_blank\" rel=\"noopener noreferrer\">Concurso P\u00fablico para Pessoas com Defici\u00eancia \u2013 Anota\u00e7\u00f5es Pr\u00e9vias sobre o Decreto N. 9.508.2018\u00a0\u00a0<\/a>|\u00a0Maria Aparecida Gugel<\/h3>\n<\/div><\/div><div class=\"wpb_text_column\"><div class=\"wpb_wrapper\"><p>10\/2018<\/p>\n<\/div><\/div><\/div><\/div><\/div><\/div><div class=\"w-separator size_small\"><\/div><div class=\"g-cols wpb_row us_custom_833bf36a via_flex valign_top type_boxes stacking_default\"><div class=\"vc_col-sm-12 wpb_column vc_column_container\"><div class=\"vc_column-inner\"><div class=\"wpb_wrapper\"><div class=\"wpb_text_column us_custom_6df4bc3a has_text_color\"><div class=\"wpb_wrapper\"><h3 style=\"text-align: left; color: #999999;\"><a href=\"http:\/\/www.ampid.org.br\/v1\/wp-content\/uploads\/2018\/01\/TomadaDecisaoCuratela_AnaisApaes_2017.pdf\" target=\"_blank\" rel=\"noopener noreferrer\">Tom<\/a><a href=\"http:\/\/www.ampid.org.br\/v1\/wp-content\/uploads\/2018\/01\/TomadaDecisaoCuratela_AnaisApaes_2017.pdf\">ada de Decis\u00e3o Apoiada e Curatela: Medidas de Apoio e Garantia para o Exerc\u00edcio dos Direitos das Pessoas com Defici\u00eancia Intelectual e Mental\u00a0<\/a>|\u00a0Maria Aparecida Gugel<\/h3>\n<\/div><\/div><div class=\"wpb_text_column\"><div class=\"wpb_wrapper\"><p>12\/2017<\/p>\n<\/div><\/div><\/div><\/div><\/div><\/div><div class=\"w-separator size_small\"><\/div><div class=\"g-cols wpb_row us_custom_833bf36a via_flex valign_top type_boxes stacking_default\"><div class=\"vc_col-sm-12 wpb_column vc_column_container\"><div class=\"vc_column-inner\"><div class=\"wpb_wrapper\"><div class=\"wpb_text_column us_custom_6df4bc3a has_text_color\"><div class=\"wpb_wrapper\"><h3 style=\"text-align: left; color: #999999;\"><a href=\"http:\/\/www.ampid.org.br\/v1\/wp-content\/uploads\/2014\/09\/trabalhoIntermitente_reservaCargosPessoaComDefici%C3%AAncia_MGugel_2017-1.pdf\" target=\"_blank\" rel=\"noopener noreferrer\">O contrato de Trabalho Intermitente \u00e9 incompat\u00edvel com a reserva de cargos para pessoas com defici\u00eancia em empresas com cem ou mais empregados\u00a0<\/a>|\u00a0Maria Aparecida Gugel<\/h3>\n<\/div><\/div><div class=\"wpb_text_column\"><div class=\"wpb_wrapper\"><p>10\/2017<\/p>\n<\/div><\/div><\/div><\/div><\/div><\/div><div class=\"w-separator size_small\"><\/div><div class=\"g-cols wpb_row us_custom_833bf36a via_flex valign_top type_boxes stacking_default\"><div class=\"vc_col-sm-12 wpb_column vc_column_container\"><div class=\"vc_column-inner\"><div class=\"wpb_wrapper\"><div class=\"wpb_text_column us_custom_6df4bc3a has_text_color\"><div class=\"wpb_wrapper\"><h3 style=\"text-align: left; color: #999999;\"><a href=\"http:\/\/www.ampid.org.br\/v1\/wp-content\/uploads\/2014\/09\/PENS%C3%83O_dependenteComDefici%C3%AAnica_Trabalho_2016.pdf\" target=\"_blank\" rel=\"noopener noreferrer\">Pens\u00e3o do Dependente com Defici\u00eancia Intelectual, Mental ou Grave \u2013 Direito de Trabalhar e Acumular a Pens\u00e3o com Remunera\u00e7\u00e3o\u00a0<\/a>|\u00a0Maria Aparecida Gugel<\/h3>\n<\/div><\/div><div class=\"wpb_text_column\"><div class=\"wpb_wrapper\"><p>05\/2016<\/p>\n<\/div><\/div><\/div><\/div><\/div><\/div><div class=\"w-separator size_small\"><\/div><div class=\"g-cols wpb_row us_custom_833bf36a via_flex valign_top type_boxes stacking_default\"><div class=\"vc_col-sm-12 wpb_column vc_column_container\"><div class=\"vc_column-inner\"><div class=\"wpb_wrapper\"><div class=\"wpb_text_column us_custom_6df4bc3a has_text_color\"><div class=\"wpb_wrapper\"><h3 style=\"text-align: left; color: #999999;\"><a href=\"http:\/\/www.ampid.org.br\/v1\/wp-content\/uploads\/2014\/09\/BPC_TRABALHO_2016.pdf\" target=\"_blank\" rel=\"noopener noreferrer\">Benef\u00edcio da Presta\u00e7\u00e3o Continuada, Trabalho e Aux\u00edlio-Inclus\u00e3o-Mudan\u00e7as da Lei Brasileira de Inclus\u00e3o da Pessoa com Defici\u00eancia (Estatuto da Pessoa com Defici\u00eancia, LEI N\u00ba 13.146\/2015<\/a>\u00a0|\u00a0Maria Aparecida Gugel<\/h3>\n<\/div><\/div><div class=\"wpb_text_column\"><div class=\"wpb_wrapper\"><p>05\/2016<\/p>\n<\/div><\/div><\/div><\/div><\/div><\/div><div class=\"w-separator size_small\"><\/div><div class=\"g-cols wpb_row us_custom_833bf36a via_flex valign_top type_boxes stacking_default\"><div class=\"vc_col-sm-12 wpb_column vc_column_container\"><div class=\"vc_column-inner\"><div class=\"wpb_wrapper\"><div class=\"wpb_text_column us_custom_6df4bc3a has_text_color\"><div class=\"wpb_wrapper\"><h3 style=\"text-align: left; color: #999999;\"><a href=\"http:\/\/www.ampid.org.br\/v1\/wp-content\/uploads\/2014\/09\/Ano-iberoamericano_2013_Mgugel.pdf\" target=\"_blank\" rel=\"noopener noreferrer\">Inclus\u00e3o de pessoas com defici\u00eancia no mundo do trabalho e o Ano Iberoamericanono\u00a0<\/a>|\u00a0Maria Aparecida Gugel<\/h3>\n<\/div><\/div><div class=\"wpb_text_column\"><div class=\"wpb_wrapper\"><p>04\/2013<\/p>\n<\/div><\/div><\/div><\/div><\/div><\/div><div class=\"w-separator size_small\"><\/div><div class=\"g-cols wpb_row us_custom_833bf36a via_flex valign_top type_boxes stacking_default\"><div class=\"vc_col-sm-12 wpb_column vc_column_container\"><div class=\"vc_column-inner\"><div class=\"wpb_wrapper\"><div class=\"wpb_text_column us_custom_6df4bc3a has_text_color\"><div class=\"wpb_wrapper\"><h3 style=\"text-align: left; color: #999999;\"><a href=\"http:\/\/www.ampid.org.br\/v1\/wp-content\/uploads\/2014\/09\/O-Benef%C3%ADcio-da-Presta%C3%A7%C3%A3o-Continuada-Frente-%C3%A0-Conven%C3%A7%C3%A3o-sobre-Direitos-da-Pessoa-com-Defici%C3%AAncia.pdf\" target=\"_blank\" rel=\"noopener noreferrer\">O Benef\u00edcio da Presta\u00e7\u00e3o Continuada Frente \u00e0 Conven\u00e7\u00e3o sobre Direitos da Pessoa com Defici\u00eancia<\/a>\u00a0|\u00a0Maria Aparecida Gugel<\/h3>\n<\/div><\/div><div class=\"wpb_text_column\"><div class=\"wpb_wrapper\"><p>06\/2011<\/p>\n<\/div><\/div><\/div><\/div><\/div><\/div><div class=\"w-separator size_small\"><\/div><div class=\"g-cols wpb_row us_custom_833bf36a via_flex valign_top type_boxes stacking_default\"><div class=\"vc_col-sm-12 wpb_column vc_column_container\"><div class=\"vc_column-inner\"><div class=\"wpb_wrapper\"><div class=\"wpb_text_column us_custom_6df4bc3a has_text_color\"><div class=\"wpb_wrapper\"><h3 style=\"text-align: left; color: #999999;\"><a href=\"http:\/\/www.ampid.org.br\/v1\/wp-content\/uploads\/2018\/04\/O-Benef%C3%ADcio-da-Presta%C3%A7%C3%A3o-Continuada-Frente-%C3%A0-Conven%C3%A7%C3%A3o-sobre-Direitos-da-Pessoa-com-Defici%C3%AAncia.pdf\" target=\"_blank\" rel=\"noopener noreferrer\">O Benef\u00edcio da Presta\u00e7\u00e3o Continuada Frente \u00e0 Conven\u00e7\u00e3o sobre Direitos da Pessoa com Defici\u00eancia\u00a0<\/a>\u00a0|\u00a0Maria Aparecida Gugel<\/h3>\n<\/div><\/div><div class=\"wpb_text_column\"><div class=\"wpb_wrapper\"><p>12\/2009<\/p>\n<\/div><\/div><\/div><\/div><\/div><\/div><div class=\"w-separator size_small\"><\/div><div class=\"g-cols wpb_row us_custom_833bf36a via_flex valign_top type_boxes stacking_default\"><div class=\"vc_col-sm-12 wpb_column vc_column_container\"><div class=\"vc_column-inner\"><div class=\"wpb_wrapper\"><div class=\"wpb_text_column us_custom_6df4bc3a has_text_color\"><div class=\"wpb_wrapper\"><h3 style=\"text-align: left; color: #999999;\"><a href=\"http:\/\/www.ampid.org.br\/v1\/wp-content\/uploads\/2014\/09\/D%C3%A9cada-das-Am%C3%A9ricas-pelos-Direitos-e-pela-Dignidade-das-Pessoas-com-Defici%C3%AAncia.pdf\" target=\"_blank\" rel=\"noopener noreferrer\">D\u00e9cada das Am\u00e9ricas pelos Direitos e pela Dignidade das Pessoas com Defici\u00eancia: O que o Minist\u00e9rio P\u00fablico tem a ver com isso?\u00a0<\/a>|\u00a0Judith\u00a0Pinheiro Silveira Borba)<\/h3>\n<\/div><\/div><div class=\"wpb_text_column\"><div class=\"wpb_wrapper\"><p>12\/2009<\/p>\n<\/div><\/div><\/div><\/div><\/div><\/div><div class=\"w-separator size_small\"><\/div><div class=\"g-cols wpb_row us_custom_833bf36a via_flex valign_top type_boxes stacking_default\"><div class=\"vc_col-sm-12 wpb_column vc_column_container\"><div class=\"vc_column-inner\"><div class=\"wpb_wrapper\"><div class=\"wpb_text_column us_custom_6df4bc3a has_text_color\"><div class=\"wpb_wrapper\"><h3 style=\"text-align: left; color: #999999;\"><a href=\"http:\/\/www.ampid.org.br\/v1\/wp-content\/uploads\/2018\/04\/A-Esteriliza%C3%A7%C3%A3o.pdf\" target=\"_blank\" rel=\"noopener noreferrer\">A Esteriliza\u00e7\u00e3o<\/a>\u00a0|\u00a0Rosana Beraldi Bevervan\u00e7o<\/h3>\n<\/div><\/div><div class=\"wpb_text_column\"><div class=\"wpb_wrapper\"><p>10\/2009<\/p>\n<\/div><\/div><\/div><\/div><\/div><\/div><div class=\"w-separator size_small\"><\/div><div class=\"g-cols wpb_row us_custom_833bf36a via_flex valign_top type_boxes stacking_default\"><div class=\"vc_col-sm-12 wpb_column vc_column_container\"><div class=\"vc_column-inner\"><div class=\"wpb_wrapper\"><div class=\"wpb_text_column us_custom_6df4bc3a has_text_color\"><div class=\"wpb_wrapper\"><h3 style=\"text-align: left; color: #999999;\"><a href=\"http:\/\/www.ampid.org.br\/v1\/wp-content\/uploads\/2018\/04\/Viol%C3%AAncia-contra-a-Pessoa-com-Defici%C3%AAncia-%C3%A9-o-Avesso-dos-Direitos-Consagrados-nas-Leis-e-na-Conven%C3%A7%C3%A3o-da-ONU.pdf\" target=\"_blank\" rel=\"noopener noreferrer\">Viol\u00eancia contra a Pessoa com Defici\u00eancia \u00e9 o Avesso dos Direitos Consagrados nas Leis e na Conven\u00e7\u00e3o da ONU\u00a0|<\/a>\u00a0\u00a0Iadya Gama Maio e\u00a0Maria Aparecida Gugel<\/h3>\n<\/div><\/div><div class=\"wpb_text_column\"><div class=\"wpb_wrapper\"><p>09\/2009<\/p>\n<\/div><\/div><\/div><\/div><\/div><\/div><div class=\"w-separator size_small\"><\/div><div class=\"g-cols wpb_row us_custom_833bf36a via_flex valign_top type_boxes stacking_default\"><div class=\"vc_col-sm-12 wpb_column vc_column_container\"><div class=\"vc_column-inner\"><div class=\"wpb_wrapper\"><div class=\"wpb_text_column us_custom_6df4bc3a has_text_color\"><div class=\"wpb_wrapper\"><h3 style=\"text-align: left; color: #999999;\"><a href=\"http:\/\/www.ampid.org.br\/v1\/wp-content\/uploads\/2018\/04\/A-Inclus%C3%A3o-da-Crian%C3%A7a-e-do-Adolescente-com-Defici%C3%AAncia-na-Educa%C3%A7%C3%A3o.pdf\" target=\"_blank\" rel=\"noopener noreferrer\">A Inclus\u00e3o da Crian\u00e7a e do Adolescente com Defici\u00eancia na Educa\u00e7\u00e3o<\/a>\u00a0\u00a0<strong>|\u00a0<\/strong>Luiz Antonio Miguel Ferreira<\/h3>\n<\/div><\/div><div class=\"wpb_text_column\"><div class=\"wpb_wrapper\"><p>09\/2009<\/p>\n<\/div><\/div><\/div><\/div><\/div><\/div><div class=\"w-separator size_small\"><\/div><div class=\"g-cols wpb_row us_custom_833bf36a via_flex valign_top type_boxes stacking_default\"><div class=\"vc_col-sm-12 wpb_column vc_column_container\"><div class=\"vc_column-inner\"><div class=\"wpb_wrapper\"><div class=\"wpb_text_column us_custom_6df4bc3a has_text_color\"><div class=\"wpb_wrapper\"><h3 style=\"text-align: left; color: #999999;\"><a href=\"http:\/\/www.ampid.org.br\/v1\/wp-content\/uploads\/2014\/09\/trabalho_em_ambientes_acessiveis.pdf\" target=\"_blank\" rel=\"noopener noreferrer\">Trabalho em Ambientes Acess\u00edveis, como construir esse caminho?\u00a0|<\/a>\u00a0Maria Aparecida Gugel<\/h3>\n<\/div><\/div><div class=\"wpb_text_column\"><div class=\"wpb_wrapper\"><p>05\/2009<\/p>\n<\/div><\/div><\/div><\/div><\/div><\/div><div class=\"w-separator size_small\"><\/div><div class=\"g-cols wpb_row us_custom_833bf36a via_flex valign_top type_boxes stacking_default\"><div class=\"vc_col-sm-12 wpb_column vc_column_container\"><div class=\"vc_column-inner\"><div class=\"wpb_wrapper\"><div class=\"wpb_text_column us_custom_6df4bc3a has_text_color\"><div class=\"wpb_wrapper\"><h3 style=\"text-align: left; color: #999999;\"><a href=\"http:\/\/www.ampid.org.br\/v1\/wp-content\/uploads\/2018\/04\/Pessoas-com-defici%C3%AAncia-e-HIV-aids-interfaces-e-perspectivas-uma-pesquisa-explorat%C3%B3ria.pdf\" target=\"_blank\" rel=\"noopener noreferrer\">Pessoas com defici\u00eancia e HIV aids interfaces e perspectivas uma pesquisa explorat\u00f3ria\u00a0<\/a><strong>|<\/strong>\u00a0Ana Rita de Paula, Fernanda Sodelli, Gl\u00e1ucia Farias, Marta Gil, Mina Regen, S\u00e9rgio Meresman<\/h3>\n<\/div><\/div><div class=\"wpb_text_column\"><div class=\"wpb_wrapper\"><p>02\/2009<\/p>\n<\/div><\/div><\/div><\/div><\/div><\/div><div class=\"w-separator size_small\"><\/div><div class=\"g-cols wpb_row us_custom_833bf36a via_flex valign_top type_boxes stacking_default\"><div class=\"vc_col-sm-12 wpb_column vc_column_container\"><div class=\"vc_column-inner\"><div class=\"wpb_wrapper\"><div class=\"wpb_text_column us_custom_6df4bc3a has_text_color\"><div class=\"wpb_wrapper\"><h3 style=\"text-align: left; color: #999999;\"><a href=\"http:\/\/www.ampid.org.br\/v1\/wp-content\/uploads\/2018\/04\/O-papel-do-Direito-como-indutor-de-pr%C3%A1ticas-empresariais-inclusivas.pdf\" target=\"_blank\" rel=\"noopener noreferrer\">O papel do Direito como indutor de pr\u00e1ticas empresariais inclusivas<\/a><strong>\u00a0|\u00a0<\/strong>Juliana Amaral Toledo e La\u00eds Vanessa de Figueir\u00eado Lopes<\/h3>\n<\/div><\/div><div class=\"wpb_text_column\"><div class=\"wpb_wrapper\"><p>08\/2008<\/p>\n<\/div><\/div><\/div><\/div><\/div><\/div><div class=\"w-separator size_small\"><\/div><div class=\"g-cols wpb_row us_custom_833bf36a via_flex valign_top type_boxes stacking_default\"><div class=\"vc_col-sm-12 wpb_column vc_column_container\"><div class=\"vc_column-inner\"><div class=\"wpb_wrapper\"><div class=\"wpb_text_column us_custom_6df4bc3a has_text_color\"><div class=\"wpb_wrapper\"><h3 style=\"text-align: left; color: #999999;\"><a href=\"http:\/\/www.ampid.org.br\/v1\/wp-content\/uploads\/2018\/04\/Crian%C3%A7a-e-Adolescente-com-Defici%C3%AAncia-Impossibilidade-de-Op%C3%A7%C3%A3o-pela-sua-educa%C3%A7%C3%A3o-exclusivamente-no-atendimento-educacional-especializado.pdf\" target=\"_blank\" rel=\"noopener noreferrer\">Crian\u00e7a e Adolescente com Defici\u00eancia Impossibilidade de Op\u00e7\u00e3o pela sua educa\u00e7\u00e3o exclusivamente no atendimento educacional especializado\u00a0<\/a><strong>|\u00a0<\/strong>Patr\u00edcia Albino Galv\u00e3o Pontes<\/h3>\n<\/div><\/div><div class=\"wpb_text_column\"><div class=\"wpb_wrapper\"><p>06\/2008<\/p>\n<\/div><\/div><\/div><\/div><\/div><\/div><div class=\"w-separator size_small\"><\/div><div class=\"g-cols wpb_row us_custom_833bf36a via_flex valign_top type_boxes stacking_default\"><div class=\"vc_col-sm-12 wpb_column vc_column_container\"><div class=\"vc_column-inner\"><div class=\"wpb_wrapper\"><div class=\"wpb_text_column us_custom_6df4bc3a has_text_color\"><div class=\"wpb_wrapper\"><h3 style=\"text-align: left; color: #999999;\"><a href=\"http:\/\/www.ampid.org.br\/v1\/wp-content\/uploads\/2018\/04\/Acessibilidade-Pessoa-com-Defici%C3%AAncia-e-Im%C3%B3veis-Adaptados.pdf\" target=\"_blank\" rel=\"noopener noreferrer\">Acessibilidade Pessoa com Defici\u00eancia e Im\u00f3veis Adaptados<\/a>\u00a0|\u00a0Luiz Antonio Miguel Ferreira<\/h3>\n<\/div><\/div><div class=\"wpb_text_column\"><div class=\"wpb_wrapper\"><p>06\/2008<\/p>\n<\/div><\/div><\/div><\/div><\/div><\/div><div class=\"w-separator size_small\"><\/div><div class=\"g-cols wpb_row us_custom_833bf36a via_flex valign_top type_boxes stacking_default\"><div class=\"vc_col-sm-12 wpb_column vc_column_container\"><div class=\"vc_column-inner\"><div class=\"wpb_wrapper\"><div class=\"wpb_text_column us_custom_6df4bc3a has_text_color\"><div class=\"wpb_wrapper\"><h3 style=\"text-align: left; color: #999999;\"><a href=\"http:\/\/www.ampid.org.br\/v1\/wp-content\/uploads\/2014\/09\/A-pessoa-com-defici%C3%AAncia-e-sua-rela%C3%A7%C3%A3o-com-a-hist%C3%B3ria-da-humanidade-1.pdf\" target=\"_blank\" rel=\"noopener noreferrer\">A pessoa com defici\u00eancia e sua rela\u00e7\u00e3o com a hist\u00f3ria da humanidade<\/a>\u00a0|\u00a0Maria Aparecida Gugel<\/h3>\n<\/div><\/div><div class=\"wpb_text_column\"><div class=\"wpb_wrapper\"><p>05\/2008<\/p>\n<\/div><\/div><\/div><\/div><\/div><\/div><div class=\"w-separator size_small\"><\/div><div class=\"g-cols wpb_row us_custom_833bf36a via_flex valign_top type_boxes stacking_default\"><div class=\"vc_col-sm-12 wpb_column vc_column_container\"><div class=\"vc_column-inner\"><div class=\"wpb_wrapper\"><div class=\"wpb_text_column us_custom_6df4bc3a has_text_color\"><div class=\"wpb_wrapper\"><h3 style=\"text-align: left; color: #999999;\"><a href=\"http:\/\/www.ampid.org.br\/v1\/wp-content\/uploads\/2019\/03\/A-pessoa-com-defici%C3%AAncia-e-sua-rela%C3%A7%C3%A3o-com-a-hist%C3%B3ria-da-humanidade.pdf\" target=\"_blank\" rel=\"noopener noreferrer\">A pessoa com defici\u00eancia e sua rela\u00e7\u00e3o com a hist\u00f3ria da humanidade<\/a>\u00a0|\u00a0Maria Aparecida Gugel<\/h3>\n<\/div><\/div><div class=\"wpb_text_column\"><div class=\"wpb_wrapper\"><p>05\/2008<\/p>\n<\/div><\/div><\/div><\/div><\/div><\/div><div class=\"w-separator size_small\"><\/div><div class=\"g-cols wpb_row us_custom_833bf36a via_flex valign_top type_boxes stacking_default\"><div class=\"vc_col-sm-12 wpb_column vc_column_container\"><div class=\"vc_column-inner\"><div class=\"wpb_wrapper\"><div class=\"wpb_text_column us_custom_6df4bc3a has_text_color\"><div class=\"wpb_wrapper\"><h3 style=\"text-align: left; color: #999999;\"><a href=\"http:\/\/www.ampid.org.br\/v1\/wp-content\/uploads\/2018\/04\/Devido-Processo-Legislativo-e-Aprova%C3%A7%C3%A3o-de-Tratados-Internacionais-sobre-Direitos-Humanos.pdf\" target=\"_blank\" rel=\"noopener noreferrer\">Devido Processo Legislativo e Aprova\u00e7\u00e3o de Tratados Internacionais sobre Direitos Humanos\u00a0<\/a>|\u00a0Manoel Jorge e Silva Neto<\/h3>\n<\/div><\/div><div class=\"wpb_text_column\"><div class=\"wpb_wrapper\"><p>04\/2008<\/p>\n<\/div><\/div><\/div><\/div><\/div><\/div><div class=\"w-separator size_small\"><\/div><div class=\"g-cols wpb_row us_custom_833bf36a via_flex valign_top type_boxes stacking_default\"><div class=\"vc_col-sm-12 wpb_column vc_column_container\"><div class=\"vc_column-inner\"><div class=\"wpb_wrapper\"><div class=\"wpb_text_column us_custom_6df4bc3a has_text_color\"><div class=\"wpb_wrapper\"><h3 style=\"text-align: left; color: #999999;\"><a href=\"http:\/\/www.ampid.org.br\/v1\/wp-content\/uploads\/2018\/04\/Estatuto-da-Pessoa-com-Defici%C3%AAncia-Audi%C3%AAncia-P%C3%BAblica-C%C3%A2mara-Deputados-17.10.07.pdf\" target=\"_blank\" rel=\"noopener noreferrer\">Estatuto da Pessoa com Defici\u00eancia \u2013 Audi\u00eancia P\u00fablica C\u00e2mara Deputados 17.10.07<\/a>\u00a0\u00a0|\u00a0Maria Aparecida Gugel<\/h3>\n<\/div><\/div><div class=\"wpb_text_column\"><div class=\"wpb_wrapper\"><p>10\/2007<\/p>\n<\/div><\/div><\/div><\/div><\/div><\/div><div class=\"w-separator size_small\"><\/div><div class=\"g-cols wpb_row us_custom_833bf36a via_flex valign_top type_boxes stacking_default\"><div class=\"vc_col-sm-12 wpb_column vc_column_container\"><div class=\"vc_column-inner\"><div class=\"wpb_wrapper\"><div class=\"wpb_text_column us_custom_6df4bc3a has_text_color\"><div class=\"wpb_wrapper\"><h3 style=\"text-align: left; color: #999999;\"><a href=\"http:\/\/www.ampid.org.br\/v1\/wp-content\/uploads\/2018\/04\/Acessibilidade-ao-meio-f%C3%ADsico-como-direito-fundamental.pdf\" target=\"_blank\" rel=\"noopener noreferrer\">Acessibilidade ao meio f\u00edsico como direito fundamental<\/a>\u00a0|\u00a0Pedro Berg\u00ea Cutrim Filho<\/h3>\n<\/div><\/div><div class=\"wpb_text_column\"><div class=\"wpb_wrapper\"><p>xx\/2007<\/p>\n<\/div><\/div><\/div><\/div><\/div><\/div><div class=\"w-separator size_small\"><\/div><div class=\"g-cols wpb_row us_custom_833bf36a via_flex valign_top type_boxes stacking_default\"><div class=\"vc_col-sm-12 wpb_column vc_column_container\"><div class=\"vc_column-inner\"><div class=\"wpb_wrapper\"><div class=\"wpb_text_column us_custom_6df4bc3a has_text_color\"><div class=\"wpb_wrapper\"><h3 style=\"text-align: left; color: #999999;\"><a href=\"http:\/\/www.ampid.org.br\/v1\/wp-content\/uploads\/2018\/04\/Conven%C3%A7%C3%A3o-sobre-os-Direitos-das-Pessoas-com-Defici%C3%AAncia.pdf\" target=\"_blank\" rel=\"noopener noreferrer\">Conven\u00e7\u00e3o sobre os Direitos das Pessoas com Defici\u00eancia<\/a>\u00a0|\u00a0Vandir da Silva Ferreia e Lilia Novais de Oliveira<\/h3>\n<\/div><\/div><div class=\"wpb_text_column\"><div class=\"wpb_wrapper\"><p>08\/2006<\/p>\n<\/div><\/div><\/div><\/div><\/div><\/div><div class=\"w-separator size_small\"><\/div><div class=\"g-cols wpb_row us_custom_833bf36a via_flex valign_top type_boxes stacking_default\"><div class=\"vc_col-sm-12 wpb_column vc_column_container\"><div class=\"vc_column-inner\"><div class=\"wpb_wrapper\"><div class=\"wpb_text_column us_custom_6df4bc3a has_text_color\"><div class=\"wpb_wrapper\"><h3 style=\"text-align: left; color: #999999;\"><a href=\"http:\/\/www.ampid.org.br\/v1\/wp-content\/uploads\/2018\/04\/Aprendizado-do-Adolescente-com-Defici%C3%AAncia.pdf\" target=\"_blank\" rel=\"noopener noreferrer\">Aprendizado do Adolescente com Defici\u00eancia<\/a>\u00a0|\u00a0Maria Aparecida Gugel<\/h3>\n<\/div><\/div><div class=\"wpb_text_column\"><div class=\"wpb_wrapper\"><p>02\/2006<\/p>\n<\/div><\/div><\/div><\/div><\/div><\/div><div class=\"w-separator size_small\"><\/div><div class=\"g-cols wpb_row us_custom_833bf36a via_flex valign_top type_boxes stacking_default\"><div class=\"vc_col-sm-12 wpb_column vc_column_container\"><div class=\"vc_column-inner\"><div class=\"wpb_wrapper\"><div class=\"wpb_text_column us_custom_6df4bc3a has_text_color\"><div class=\"wpb_wrapper\"><h3 style=\"text-align: left; color: #999999;\"><a href=\"http:\/\/www.ampid.org.br\/v1\/wp-content\/uploads\/2018\/04\/Desafios-para-a-Implementa%C3%A7%C3%A3o-das-Diretrizes-Nacionais-para-a-Educa%C3%A7%C3%A3o-Especial.pdf\" target=\"_blank\" rel=\"noopener noreferrer\">Desafios para a Implementa\u00e7\u00e3o das Diretrizes Nacionais para a Educa\u00e7\u00e3o Especial<\/a>\u00a0|\u00a0Maria Alice Rosmaninho Perez<\/h3>\n<\/div><\/div><div class=\"wpb_text_column\"><div class=\"wpb_wrapper\"><p>08\/2002<\/p>\n<\/div><\/div><\/div><\/div><\/div><\/div><div class=\"w-separator size_small\"><\/div><div class=\"g-cols wpb_row us_custom_833bf36a via_flex valign_top type_boxes stacking_default\"><div class=\"vc_col-sm-12 wpb_column vc_column_container\"><div class=\"vc_column-inner\"><div class=\"wpb_wrapper\"><div class=\"wpb_text_column us_custom_6df4bc3a has_text_color\"><div class=\"wpb_wrapper\"><h3 style=\"text-align: left; color: #999999;\"><a href=\"http:\/\/www.ampid.org.br\/v1\/wp-content\/uploads\/2018\/04\/Norma-de-Acessibilidade-para-Pessoa-com-Defici%C3%AAncia-Mental.pdf\" target=\"_blank\" rel=\"noopener noreferrer\">Norma de Acessibilidade para Pessoa com Defici\u00eancia Mental\u00a0<\/a>|\u00a0Maria Aparecida Gugel<\/h3>\n<\/div><\/div><div class=\"wpb_text_column\"><div class=\"wpb_wrapper\"><p>sem data<\/p>\n<\/div><\/div><\/div><\/div><\/div><\/div><div class=\"w-separator size_small\"><\/div><div class=\"g-cols wpb_row us_custom_833bf36a via_flex valign_top type_boxes stacking_default\"><div class=\"vc_col-sm-12 wpb_column vc_column_container\"><div class=\"vc_column-inner\"><div class=\"wpb_wrapper\"><div class=\"wpb_text_column us_custom_6df4bc3a has_text_color\"><div class=\"wpb_wrapper\"><h3 style=\"text-align: left; color: #999999;\"><a href=\"http:\/\/www.ampid.org.br\/v1\/wp-content\/uploads\/2018\/04\/Isen%C3%A7%C3%A3o-do-ICMS-na-Aquisi%C3%A7%C3%A3o-de-Ve%C3%ADculos-Automotores-Destinados-%C3%A0s-Pessoas-com-Defici%C3%AAncia-Uma-An%C3%A1lise-Cr%C3%ADtica-quanto-aos-Destinat%C3%A1rios-da-Norma.pdf\" target=\"_blank\" rel=\"noopener noreferrer\">Isen\u00e7\u00e3o do ICMS na Aquisi\u00e7\u00e3o de Ve\u00edculos Automotores Destinados \u00e0s Pessoas com Defici\u00eancia \u2013 Uma An\u00e1lise Cr\u00edtica quanto aos Destinat\u00e1rios da Norma<\/a>\u00a0|\u00a0Luiz Antonio Miguel Ferreira e Let\u00edcia Louren\u00e7o Pavani<\/h3>\n<\/div><\/div><div class=\"wpb_text_column\"><div class=\"wpb_wrapper\"><p>sem data<\/p>\n<\/div><\/div><\/div><\/div><\/div><\/div><div class=\"w-separator size_small\"><\/div><div class=\"g-cols wpb_row us_custom_833bf36a via_flex valign_top type_boxes stacking_default\"><div class=\"vc_col-sm-12 wpb_column vc_column_container\"><div class=\"vc_column-inner\"><div class=\"wpb_wrapper\"><div class=\"wpb_text_column us_custom_6df4bc3a has_text_color\"><div class=\"wpb_wrapper\"><h3 style=\"text-align: left; color: #999999;\"><a href=\"http:\/\/www.ampid.org.br\/v1\/wp-content\/uploads\/2018\/04\/Cooperativas-Sociais-e-as-Pessoas-com-Defici%C3%AAncia.pdf\" target=\"_blank\" rel=\"noopener noreferrer\">Cooperativas Sociais e as Pessoas com Defici\u00eancia<\/a>\u00a0|\u00a0Maria Aparecida Gugel<\/h3>\n<\/div><\/div><div class=\"wpb_text_column\"><div class=\"wpb_wrapper\"><p>sem data<\/p>\n<\/div><\/div><\/div><\/div><\/div><\/div><div class=\"w-separator size_small\"><\/div><div class=\"g-cols wpb_row us_custom_833bf36a via_flex valign_top type_boxes stacking_default\"><div class=\"vc_col-sm-12 wpb_column vc_column_container\"><div class=\"vc_column-inner\"><div class=\"wpb_wrapper\"><div class=\"wpb_text_column us_custom_6df4bc3a has_text_color\"><div class=\"wpb_wrapper\"><h3 style=\"text-align: left; color: #999999;\"><a href=\"http:\/\/www.ampid.org.br\/v1\/wp-content\/uploads\/2018\/04\/O-papel-dos-Conselhos-Estadual-e-Municipal-da-Educa%C3%A7%C3%A3o-na-garantia-do-direito-%C3%A0-educa%C3%A7%C3%A3o-aos-alunos-com-necessidades-educacionais-especiais.pdf\" target=\"_blank\" rel=\"noopener noreferrer\">O papel dos Conselhos Estadual e Municipal da Educa\u00e7\u00e3o na garantia do direito \u00e0 educa\u00e7\u00e3o aos alunos com necessidades educacionais especiais<\/a>\u00a0|\u00a0Jos\u00e9 Ribamar Bastos Ramos<\/h3>\n<\/div><\/div><div class=\"wpb_text_column\"><div class=\"wpb_wrapper\"><p>sem data<\/p>\n<\/div><\/div><\/div><\/div><\/div><\/div><div class=\"w-separator size_small\"><\/div><div class=\"g-cols wpb_row us_custom_833bf36a via_flex valign_top type_boxes stacking_default\"><div class=\"vc_col-sm-12 wpb_column vc_column_container\"><div class=\"vc_column-inner\"><div class=\"wpb_wrapper\"><div class=\"wpb_text_column us_custom_6df4bc3a has_text_color\"><div class=\"wpb_wrapper\"><h3 style=\"text-align: left; color: #999999;\"><a href=\"http:\/\/www.ampid.org.br\/v1\/wp-content\/uploads\/2018\/04\/Portador-de-Defici%C3%AAncia-direito-de-acesso-aos-espa%C3%A7os-culturais-e-art%C3%ADsticos.pdf\" target=\"_blank\" rel=\"noopener noreferrer\">Portador de Defici\u00eancia \u2013 direito de acesso aos espa\u00e7os culturais e art\u00edsticos<\/a>\u00a0|\u00a0Paulo Roberto Barbosa Ramos<\/h3>\n<\/div><\/div><div class=\"wpb_text_column\"><div class=\"wpb_wrapper\"><p>sem data<\/p>\n<\/div><\/div><\/div><\/div><\/div><\/div><div class=\"w-separator size_small\"><\/div><div class=\"g-cols wpb_row us_custom_833bf36a via_flex valign_top type_boxes stacking_default\"><div class=\"vc_col-sm-12 wpb_column vc_column_container\"><div class=\"vc_column-inner\"><div class=\"wpb_wrapper\"><div class=\"wpb_text_column us_custom_6df4bc3a has_text_color\"><div class=\"wpb_wrapper\"><h3 style=\"text-align: left; color: #999999;\"><a href=\"http:\/\/www.ampid.org.br\/v1\/wp-content\/uploads\/2018\/04\/A-Educa%C3%A7%C3%A3o-como-Direito-Fundamental.pdf\" target=\"_blank\" rel=\"noopener noreferrer\">A Educa\u00e7\u00e3o como Direito Fundamental\u00a0<\/a>|\u00a0Paulo Roberto Barbosa Ramos<\/h3>\n<\/div><\/div><div class=\"wpb_text_column\"><div class=\"wpb_wrapper\"><p>sem data<\/p>\n<\/div><\/div><\/div><\/div><\/div><\/div><div class=\"w-separator size_small\"><\/div><div class=\"g-cols wpb_row us_custom_833bf36a via_flex valign_top type_boxes stacking_default\"><div class=\"vc_col-sm-12 wpb_column vc_column_container\"><div class=\"vc_column-inner\"><div class=\"wpb_wrapper\"><div class=\"wpb_text_column us_custom_6df4bc3a has_text_color\"><div class=\"wpb_wrapper\"><h3 style=\"text-align: left; color: #999999;\"><a href=\"http:\/\/www.ampid.org.br\/v1\/wp-content\/uploads\/2018\/04\/Interdi%C3%A7%C3%A3o-da-Pessoa-com-Defici%C3%AAncia-Efeitos-no-Contrato-de-Trabalho.pdf\" target=\"_blank\" rel=\"noopener noreferrer\">Interdi\u00e7\u00e3o da Pessoa com Defici\u00eancia \u2013 Efeitos no Contrato de Trabalho<\/a>\u00a0|\u00a0Maria Aparecida Gugel<\/h3>\n<\/div><\/div><div class=\"wpb_text_column\"><div class=\"wpb_wrapper\"><p>sem data<\/p>\n<\/div><\/div><\/div><\/div><\/div><\/div><div class=\"w-separator size_small\"><\/div><div class=\"g-cols wpb_row us_custom_833bf36a via_flex valign_top type_boxes stacking_default\"><div class=\"vc_col-sm-12 wpb_column vc_column_container\"><div class=\"vc_column-inner\"><div class=\"wpb_wrapper\"><div class=\"wpb_text_column us_custom_6df4bc3a has_text_color\"><div class=\"wpb_wrapper\"><h3 style=\"text-align: left; color: #999999;\"><a href=\"http:\/\/www.ampid.org.br\/v1\/wp-content\/uploads\/2018\/04\/A-ONU-e-seu-Conceito-Revolucion%C3%A1rio-de-Pessoa-com-Defici%C3%AAncia.pdf\" target=\"_blank\" rel=\"noopener noreferrer\">A ONU e seu Conceito Revolucion\u00e1rio de Pessoa com Defici\u00eancia<\/a>\u00a0|\u00a0Ricardo Tadeu Marques da Fonseca<\/h3>\n<\/div><\/div><div class=\"wpb_text_column\"><div class=\"wpb_wrapper\"><p>sem data<\/p>\n<\/div><\/div><\/div><\/div><\/div><\/div><div class=\"w-separator size_small\"><\/div><\/div><\/div><\/div><div class=\"vc_col-sm-4 vc_hidden-xs wpb_column vc_column_container has_bg_color\"><div class=\"vc_column-inner us_custom_0d15be52 type_sticky\"><div class=\"wpb_wrapper\"><div class=\"w-image align_center\"><div class=\"w-image-h\"><img decoding=\"async\" width=\"960\" height=\"960\" src=\"http:\/\/ampid.org.br\/site2020\/wp-content\/uploads\/2020\/07\/deficiente.jpg\" class=\"attachment-full size-full\" alt=\"\" loading=\"lazy\" srcset=\"http:\/\/ampid.org.br\/site2020\/wp-content\/uploads\/2020\/07\/deficiente.jpg 960w, http:\/\/ampid.org.br\/site2020\/wp-content\/uploads\/2020\/07\/deficiente-300x300.jpg 300w, http:\/\/ampid.org.br\/site2020\/wp-content\/uploads\/2020\/07\/deficiente-150x150.jpg 150w, http:\/\/ampid.org.br\/site2020\/wp-content\/uploads\/2020\/07\/deficiente-600x600.jpg 600w\" sizes=\"auto, (max-width: 960px) 100vw, 960px\" \/><\/div><\/div><div class=\"w-separator size_medium\"><\/div><div class=\"wpb_text_column\"><div class=\"wpb_wrapper\"><h3>\u00daltimas Not\u00edcias<\/h3>\n<\/div><\/div><div class=\"w-separator size_small\"><\/div><div class=\"w-grid type_grid layout_blog_4\" id=\"us_grid_1\" style=\"--gap:1.5rem;\" data-filterable=\"true\"><style>@media (min-width:1024px){#us_grid_1 .w-post-elm.post_title{font-size:1rem!important}}.layout_blog_4 .w-grid-item-h{}.layout_blog_4 .usg_post_image_1{margin-bottom:0.6rem!important}.layout_blog_4 .usg_post_title_1{font-size:1.2rem!important;margin-bottom:0.3rem!important}.layout_blog_4 .usg_post_date_1{color:var(--color-content-faded)!important;font-size:0.8rem!important;line-height:1.6!important}<\/style><div class=\"w-grid-list\">\t<article class=\"w-grid-item size_1x1 post-11574 post type-post status-publish format-standard has-post-thumbnail hentry category-190 category-noticias category-pessoas-com-deficiencia category-publicacoes-em-destaque tag-191 tag-bpc tag-pessoas-com-deficiencia-2\" data-id=\"11574\">\r\n\t\t<div class=\"w-grid-item-h\">\r\n\t\t\t\t\t\t<div class=\"w-post-elm post_image usg_post_image_1 stretched\"><a href=\"http:\/\/ampid.org.br\/site2020\/?p=11574\" aria-label=\"\u201cCarta ao Governo Lula\u201d pede a revers\u00e3o do PL 4614\/2024 sobre a altera\u00e7\u00e3o de BPC para pessoas com defici\u00eancia\"><img loading=\"lazy\" decoding=\"async\" width=\"600\" height=\"295\" src=\"http:\/\/ampid.org.br\/site2020\/wp-content\/uploads\/2024\/12\/Sem-titulologo-600x295.png\" class=\"attachment-us_600_337_crop size-us_600_337_crop wp-post-image\" alt=\"\" \/><\/a><\/div><h2 class=\"w-post-elm post_title usg_post_title_1 entry-title color_link_inherit\"><a href=\"http:\/\/ampid.org.br\/site2020\/?p=11574\">\u201cCarta ao Governo Lula\u201d pede a revers\u00e3o do PL 4614\/2024 sobre a altera\u00e7\u00e3o de BPC para pessoas com defici\u00eancia<\/a><\/h2><time class=\"w-post-elm post_date usg_post_date_1 has_text_color entry-date published\" datetime=\"2024-12-17T18:12:35-03:00\" title=\"17 dezembro 2024 \u00e0s 18:12:35 America\/Sao_Paulo\">1 ano atr\u00e1s<\/time>\t\t<\/div>\r\n\t\t\t<\/article>\r\n\t<article class=\"w-grid-item size_1x1 post-10925 post type-post status-publish format-standard has-post-thumbnail hentry category-175 category-notas category-noticias category-pessoas-com-deficiencia category-publicacoes-em-destaque tag-154 tag-ampid tag-avaliacao-biopsicossocial tag-direitos-das-pessoas-com-deficiencia\" data-id=\"10925\">\r\n\t\t<div class=\"w-grid-item-h\">\r\n\t\t\t\t\t\t<div class=\"w-post-elm post_image usg_post_image_1 stretched\"><a href=\"http:\/\/ampid.org.br\/site2020\/?p=10925\" aria-label=\"Nota de Preocupa\u00e7\u00e3o com Concurso P\u00fablico do INSS e Rep\u00fadio ao Manual\u00a0do\u00a0Cebraspe\"><img loading=\"lazy\" decoding=\"async\" width=\"600\" height=\"337\" src=\"http:\/\/ampid.org.br\/site2020\/wp-content\/uploads\/2020\/07\/rep-600x337.jpg\" class=\"attachment-us_600_337_crop size-us_600_337_crop wp-post-image\" alt=\"\" \/><\/a><\/div><h2 class=\"w-post-elm post_title usg_post_title_1 entry-title color_link_inherit\"><a href=\"http:\/\/ampid.org.br\/site2020\/?p=10925\">Nota de Preocupa\u00e7\u00e3o com Concurso P\u00fablico do INSS e Rep\u00fadio ao Manual\u00a0do\u00a0Cebraspe<\/a><\/h2><time class=\"w-post-elm post_date usg_post_date_1 has_text_color entry-date published\" datetime=\"2023-01-18T09:58:17-03:00\" title=\"18 janeiro 2023 \u00e0s 09:58:17 America\/Sao_Paulo\">3 anos atr\u00e1s<\/time>\t\t<\/div>\r\n\t\t\t<\/article>\r\n\t<article class=\"w-grid-item size_1x1 post-10918 post type-post status-publish format-standard has-post-thumbnail hentry category-175 category-notas category-noticias category-publicacoes-em-destaque tag-154 tag-capacitismo tag-direitos-das-pessoas-com-deficiencia tag-rede-in\" data-id=\"10918\">\r\n\t\t<div class=\"w-grid-item-h\">\r\n\t\t\t\t\t\t<div class=\"w-post-elm post_image usg_post_image_1 stretched\"><a href=\"http:\/\/ampid.org.br\/site2020\/?p=10918\" aria-label=\"Carta Aberta ao Presidente Lula sobre a redu\u00e7\u00e3o da estrutura de cargos da Secretaria Nacional dos Direitos da Pessoa com Defici\u00eancia\"><img loading=\"lazy\" decoding=\"async\" width=\"600\" height=\"337\" src=\"http:\/\/ampid.org.br\/site2020\/wp-content\/uploads\/2023\/01\/secretaria_das_cidades_df_widelg-600x337.jpg\" class=\"attachment-us_600_337_crop size-us_600_337_crop wp-post-image\" alt=\"\" srcset=\"http:\/\/ampid.org.br\/site2020\/wp-content\/uploads\/2023\/01\/secretaria_das_cidades_df_widelg-600x337.jpg 600w, http:\/\/ampid.org.br\/site2020\/wp-content\/uploads\/2023\/01\/secretaria_das_cidades_df_widelg-300x169.jpg 300w, http:\/\/ampid.org.br\/site2020\/wp-content\/uploads\/2023\/01\/secretaria_das_cidades_df_widelg-1024x576.jpg 1024w, http:\/\/ampid.org.br\/site2020\/wp-content\/uploads\/2023\/01\/secretaria_das_cidades_df_widelg.jpg 1200w\" sizes=\"auto, (max-width: 600px) 100vw, 600px\" \/><\/a><\/div><h2 class=\"w-post-elm post_title usg_post_title_1 entry-title color_link_inherit\"><a href=\"http:\/\/ampid.org.br\/site2020\/?p=10918\">Carta Aberta ao Presidente Lula sobre a redu\u00e7\u00e3o da estrutura de cargos da Secretaria Nacional dos Direitos da Pessoa com Defici\u00eancia<\/a><\/h2><time class=\"w-post-elm post_date usg_post_date_1 has_text_color entry-date published\" datetime=\"2023-01-13T18:28:58-03:00\" title=\"13 janeiro 2023 \u00e0s 18:28:58 America\/Sao_Paulo\">3 anos atr\u00e1s<\/time>\t\t<\/div>\r\n\t\t\t<\/article>\r\n<\/div><div class=\"w-grid-preloader\">\t<div class=\"g-preloader type_custom\">\r\n\t\t<div><img loading=\"lazy\" decoding=\"async\" width=\"300\" height=\"300\" src=\"http:\/\/ampid.org.br\/site2020\/wp-content\/uploads\/2020\/06\/icon-300x300.png\" class=\"attachment-medium size-medium\" alt=\"\" srcset=\"http:\/\/ampid.org.br\/site2020\/wp-content\/uploads\/2020\/06\/icon-300x300.png 300w, http:\/\/ampid.org.br\/site2020\/wp-content\/uploads\/2020\/06\/icon-150x150.png 150w, http:\/\/ampid.org.br\/site2020\/wp-content\/uploads\/2020\/06\/icon.png 512w\" sizes=\"auto, (max-width: 300px) 100vw, 300px\" \/><\/div>\r\n\t<\/div>\r\n\t<\/div>\t<div class=\"w-grid-json hidden\" onclick='return {&quot;action&quot;:&quot;us_ajax_grid&quot;,&quot;infinite_scroll&quot;:0,&quot;max_num_pages&quot;:9,&quot;pagination&quot;:&quot;none&quot;,&quot;template_vars&quot;:{&quot;columns&quot;:&quot;1&quot;,&quot;exclude_items&quot;:&quot;none&quot;,&quot;img_size&quot;:&quot;us_600_337_crop&quot;,&quot;ignore_items_size&quot;:0,&quot;items_layout&quot;:&quot;blog_4&quot;,&quot;items_offset&quot;:&quot;1&quot;,&quot;load_animation&quot;:&quot;none&quot;,&quot;overriding_link&quot;:&quot;{\\&quot;url\\&quot;:\\&quot;\\&quot;}&quot;,&quot;post_id&quot;:0,&quot;query_args&quot;:{&quot;post_type&quot;:[&quot;post&quot;],&quot;tax_query&quot;:[{&quot;taxonomy&quot;:&quot;category&quot;,&quot;field&quot;:&quot;slug&quot;,&quot;terms&quot;:[&quot;noticias&quot;]}],&quot;post_status&quot;:[&quot;publish&quot;,&quot;acf-disabled&quot;],&quot;ignore_sticky_posts&quot;:1,&quot;posts_per_page&quot;:&quot;3&quot;},&quot;orderby_query_args&quot;:{&quot;orderby&quot;:{&quot;date&quot;:&quot;DESC&quot;}},&quot;type&quot;:&quot;grid&quot;,&quot;us_grid_ajax_index&quot;:1,&quot;us_grid_filter_params&quot;:[],&quot;us_grid_index&quot;:1,&quot;_us_grid_post_type&quot;:&quot;post&quot;,&quot;page_args&quot;:[]}}'><\/div>\r\n\t<\/div><\/div><\/div><\/div><\/div><\/div><\/section>\n","protected":false},"excerpt":{"rendered":"&nbsp; 13 de janeiro de 2023 &nbsp; Carta Aberta ao Presidente Lula sobre a inaceit\u00e1vel redu\u00e7\u00e3o da estrutura de cargos da Secretaria Nac. dos Direitos da Pessoa com Defici\u00eancia A Rede-In (Rede Brasileira de Inclus\u00e3o da Pessoa com Defici\u00eancia) manifesta sua\u00a0preocupa\u00e7\u00e3o com a incompreens\u00edvel redu\u00e7\u00e3o da estrutura da Secretaria Nacional dos Direitos da Pessoa com...","protected":false},"author":1,"featured_media":0,"parent":0,"menu_order":0,"comment_status":"closed","ping_status":"open","template":"","meta":{"_acf_changed":false,"inline_featured_image":false,"footnotes":""},"class_list":["post-9267","page","type-page","status-publish","hentry"],"acf":[],"_links":{"self":[{"href":"http:\/\/ampid.org.br\/site2020\/index.php?rest_route=\/wp\/v2\/pages\/9267","targetHints":{"allow":["GET"]}}],"collection":[{"href":"http:\/\/ampid.org.br\/site2020\/index.php?rest_route=\/wp\/v2\/pages"}],"about":[{"href":"http:\/\/ampid.org.br\/site2020\/index.php?rest_route=\/wp\/v2\/types\/page"}],"author":[{"embeddable":true,"href":"http:\/\/ampid.org.br\/site2020\/index.php?rest_route=\/wp\/v2\/users\/1"}],"replies":[{"embeddable":true,"href":"http:\/\/ampid.org.br\/site2020\/index.php?rest_route=%2Fwp%2Fv2%2Fcomments&post=9267"}],"version-history":[{"count":20,"href":"http:\/\/ampid.org.br\/site2020\/index.php?rest_route=\/wp\/v2\/pages\/9267\/revisions"}],"predecessor-version":[{"id":11639,"href":"http:\/\/ampid.org.br\/site2020\/index.php?rest_route=\/wp\/v2\/pages\/9267\/revisions\/11639"}],"wp:attachment":[{"href":"http:\/\/ampid.org.br\/site2020\/index.php?rest_route=%2Fwp%2Fv2%2Fmedia&parent=9267"}],"curies":[{"name":"wp","href":"https:\/\/api.w.org\/{rel}","templated":true}]}}