{"id":9219,"date":"2020-07-20T07:27:37","date_gmt":"2020-07-20T10:27:37","guid":{"rendered":"https:\/\/ampid.org.br\/site2020\/?page_id=9219"},"modified":"2020-09-11T09:31:18","modified_gmt":"2020-09-11T12:31:18","slug":"ampid-no-conselho-cndi","status":"publish","type":"page","link":"http:\/\/ampid.org.br\/site2020\/?page_id=9219","title":{"rendered":"AMPID no Conselho CNDI"},"content":{"rendered":"<section class=\"l-section wpb_row height_small\"><div class=\"l-section-h i-cf\"><div class=\"g-cols vc_row via_flex valign_top type_default stacking_default\"><div class=\"vc_col-sm-8 wpb_column vc_column_container\"><div class=\"vc_column-inner\"><div class=\"wpb_wrapper\"><div class=\"wpb_text_column\"><div class=\"wpb_wrapper\"><h1>O que \u00e9 o CNDI?<\/h1>\n<p>O Conselho Nacional dos Direitos do Idoso (CNDI) \u00e9 um \u00f3rg\u00e3o superior de natureza e delibera\u00e7\u00e3o colegiada, permanente, parit\u00e1rio e deliberativo, integrante da estrutura regimental da\u00a0Secretaria de Direitos Humanos da Presid\u00eancia da Rep\u00fablica\u00a0\u2013\u00a0SDH\/PR.<\/p>\n<p>Ao\u00a0CNDI\u00a0compete zelar pela aplica\u00e7\u00e3o da pol\u00edtica nacional de atendimento ao idoso. Tem por finalidade elaborar as diretrizes para a formula\u00e7\u00e3o e implementa\u00e7\u00e3o da Pol\u00edtica Nacional do Idoso, observadas as linhas de a\u00e7\u00e3o e as diretrizes conforme disp\u00f5e a Lei n\u00ba 10.741, de 1\u00ba de outubro de 2003 (Estatuto do Idoso), bem como acompanhar e avaliar a sua execu\u00e7\u00e3o.<\/p>\n<p><strong>AO CNDI COMPETE:<\/strong><\/p>\n<p>1- elaborar as diretrizes, instrumentos, normas e prioridades da pol\u00edtica nacional do idoso, bem como controlar e fiscalizar as a\u00e7\u00f5es de execu\u00e7\u00e3o;<\/p>\n<p>2 \u2013 zelar pela aplica\u00e7\u00e3o da pol\u00edtica nacional de atendimento ao idoso;<\/p>\n<p>3 \u2013 dar apoio aos Conselhos Estaduais, do Distrito Federal e Municipais dos Direitos do Idoso, aos \u00f3rg\u00e3os estaduais, municipais e entidades n\u00e3o-governamentais, para tornar efetivos os princ\u00edpios, as diretrizes e os direitos estabelecidos pelo Estatuto do Idoso;<\/p>\n<p>4 \u2013 avaliar a pol\u00edtica desenvolvida nas esferas estadual, distrital e municipal e a atua\u00e7\u00e3o dos conselhos do idoso institu\u00eddos nessas \u00e1reas de governo;<\/p>\n<p>5 \u2013 acompanhar o reordenamento institucional, propondo, sempre que necess\u00e1rio, as modifica\u00e7\u00f5es nas estruturas p\u00fablicas e privadas destinadas ao atendimento do idoso;<\/p>\n<p>6 \u2013 apoiar a promo\u00e7\u00e3o de campanhas educativas sobre os direitos do idoso, com a indica\u00e7\u00e3o das medidas a serem adotadas nos casos de atentados ou viola\u00e7\u00e3o desses direitos;<\/p>\n<p>7 \u2013 acompanhar a elabora\u00e7\u00e3o e a execu\u00e7\u00e3o da proposta or\u00e7ament\u00e1ria da Uni\u00e3o, indicando modifica\u00e7\u00f5es necess\u00e1rias \u00e0 consecu\u00e7\u00e3o da pol\u00edtica formulada para a promo\u00e7\u00e3o dos direitos do idoso; e<\/p>\n<p>8 \u2013 elaborar o regimento interno, que ser\u00e1 aprovado pelo voto de, no m\u00ednimo, dois ter\u00e7os de seus membros, nele definindo a forma de indica\u00e7\u00e3o do seu Presidente e Vice-Presidente.<\/p>\n<p>9 \u2013 acompanhar e avaliar a expedi\u00e7\u00e3o de orienta\u00e7\u00f5es e recomenda\u00e7\u00f5es sobre a aplica\u00e7\u00e3o da Lei n o 10.741, de 2003, e dos demais atos normativos relacionados ao atendimento do idoso;<\/p>\n<p>10\u00a0\u2013 promover a coopera\u00e7\u00e3o entre os governos da Uni\u00e3o, dos Estados, do Distrito Federal e dos Munic\u00edpios e a sociedade civil organizada na formula\u00e7\u00e3o e execu\u00e7\u00e3o da pol\u00edtica nacional de atendimento dos direitos do idoso;<\/p>\n<p>11 \u2013 promover, em parceria com organismos governamentais e n\u00e3o-governamentais, nacionais e internacionais, a identifica\u00e7\u00e3o de sistemas de indicadores, no sentido de estabelecer metas e procedimentos com base nesses \u00edndices, para monitorar a aplica\u00e7\u00e3o das atividades relacionadas com o atendimento ao idoso;<\/p>\n<p>12 \u2013 promover a realiza\u00e7\u00e3o de estudos, debates e pesquisas sobre a aplica\u00e7\u00e3o e os resultados estrat\u00e9gicos alcan\u00e7ados pelos programas e projetos de atendimento ao idoso, desenvolvidos pela Secretaria Especial dos Direitos Humanos da Presid\u00eancia da Rep\u00fablica; e<\/p>\n<p>13 \u2013 estimular a amplia\u00e7\u00e3o e o aperfei\u00e7oamento dos mecanismos de participa\u00e7\u00e3o e controle social, por interm\u00e9dio de rede nacional de \u00f3rg\u00e3os colegiados estaduais, regionais, territoriais e municipais, visando fortalecer o atendimento dos direitos do idoso.<\/p>\n<h3>A AMPID no CNDI<\/h3>\n<div class=\"coluna1\">\n<p><strong>Composi\u00e7\u00e3o 2019-2021<\/strong><\/p>\n<p><span style=\"font-weight: 400;\">Cristiane Branquinho Lucas (titular)<br \/>\n<\/span><span style=\"font-weight: 400;\">Luiz Claudio Carvalho de Almeida (suplente)<\/span><\/p>\n<p><span style=\"font-weight: 400;\">Obs: Gest\u00e3o foi interrompida pelo Decreto do Presidente da rep\u00fablica.<br \/>\n<a href=\"https:\/\/ampid.org.br\/site2020\/?p=4890\">Ver Nota de Protesto aqui<\/a><\/span><\/p>\n<p><strong>Composi\u00e7\u00e3o 2016-2018<\/strong><\/p>\n<p>Cl\u00e1udia Maria Ber\u00e9\u00a0(titular)<br \/>\nMarl\u00facia Gomes Evaristo Almeida\u00a0(suplente)<\/p>\n<p><strong>Composi\u00e7\u00e3o 2014-2016<\/strong><\/p>\n<p>Y\u00e9lena de F\u00e1tima Monteiro de Ara\u00fajo (titular)<br \/>\nAlexandre de Oliveira Alc\u00e2ntara (suplente)<\/p>\n<\/div>\n<\/div><\/div><div class=\"w-separator size_small\"><\/div><\/div><\/div><\/div><div class=\"vc_col-sm-4 vc_hidden-xs wpb_column vc_column_container has_bg_color\"><div class=\"vc_column-inner us_custom_0d15be52 type_sticky\"><div class=\"wpb_wrapper\"><div class=\"w-image align_center\"><div class=\"w-image-h\"><img decoding=\"async\" width=\"960\" height=\"960\" src=\"http:\/\/ampid.org.br\/site2020\/wp-content\/uploads\/2020\/07\/img-cndi.jpg\" class=\"attachment-full size-full\" alt=\"\" loading=\"lazy\" srcset=\"http:\/\/ampid.org.br\/site2020\/wp-content\/uploads\/2020\/07\/img-cndi.jpg 960w, http:\/\/ampid.org.br\/site2020\/wp-content\/uploads\/2020\/07\/img-cndi-300x300.jpg 300w, http:\/\/ampid.org.br\/site2020\/wp-content\/uploads\/2020\/07\/img-cndi-150x150.jpg 150w, http:\/\/ampid.org.br\/site2020\/wp-content\/uploads\/2020\/07\/img-cndi-600x600.jpg 600w\" sizes=\"auto, (max-width: 960px) 100vw, 960px\" \/><\/div><\/div><div class=\"w-separator size_medium\"><\/div><div class=\"wpb_text_column\"><div class=\"wpb_wrapper\"><h3>\u00daltimas Not\u00edcias<\/h3>\n<\/div><\/div><div class=\"w-separator size_small\"><\/div><div class=\"w-grid type_grid layout_blog_4\" id=\"us_grid_1\" style=\"--gap:1.5rem;\" data-filterable=\"true\"><style>@media (min-width:1024px){#us_grid_1 .w-post-elm.post_title{font-size:1rem!important}}.layout_blog_4 .w-grid-item-h{}.layout_blog_4 .usg_post_image_1{margin-bottom:0.6rem!important}.layout_blog_4 .usg_post_title_1{font-size:1.2rem!important;margin-bottom:0.3rem!important}.layout_blog_4 .usg_post_date_1{color:var(--color-content-faded)!important;font-size:0.8rem!important;line-height:1.6!important}<\/style><div class=\"w-grid-list\">\t<article class=\"w-grid-item size_1x1 post-11574 post type-post status-publish format-standard has-post-thumbnail hentry category-190 category-noticias category-pessoas-com-deficiencia category-publicacoes-em-destaque tag-191 tag-bpc tag-pessoas-com-deficiencia-2\" data-id=\"11574\">\r\n\t\t<div class=\"w-grid-item-h\">\r\n\t\t\t\t\t\t<div class=\"w-post-elm post_image usg_post_image_1 stretched\"><a href=\"http:\/\/ampid.org.br\/site2020\/?p=11574\" aria-label=\"\u201cCarta ao Governo Lula\u201d pede a revers\u00e3o do PL 4614\/2024 sobre a altera\u00e7\u00e3o de BPC para pessoas com defici\u00eancia\"><img loading=\"lazy\" decoding=\"async\" width=\"600\" height=\"295\" src=\"http:\/\/ampid.org.br\/site2020\/wp-content\/uploads\/2024\/12\/Sem-titulologo-600x295.png\" class=\"attachment-us_600_337_crop size-us_600_337_crop wp-post-image\" alt=\"\" \/><\/a><\/div><h2 class=\"w-post-elm post_title usg_post_title_1 entry-title color_link_inherit\"><a href=\"http:\/\/ampid.org.br\/site2020\/?p=11574\">\u201cCarta ao Governo Lula\u201d pede a revers\u00e3o do PL 4614\/2024 sobre a altera\u00e7\u00e3o de BPC para pessoas com defici\u00eancia<\/a><\/h2><time class=\"w-post-elm post_date usg_post_date_1 has_text_color entry-date published\" datetime=\"2024-12-17T18:12:35-03:00\" title=\"17 dezembro 2024 \u00e0s 18:12:35 America\/Sao_Paulo\">1 ano atr\u00e1s<\/time>\t\t<\/div>\r\n\t\t\t<\/article>\r\n\t<article class=\"w-grid-item size_1x1 post-10925 post type-post status-publish format-standard has-post-thumbnail hentry category-175 category-notas category-noticias category-pessoas-com-deficiencia category-publicacoes-em-destaque tag-154 tag-ampid tag-avaliacao-biopsicossocial tag-direitos-das-pessoas-com-deficiencia\" data-id=\"10925\">\r\n\t\t<div class=\"w-grid-item-h\">\r\n\t\t\t\t\t\t<div class=\"w-post-elm post_image usg_post_image_1 stretched\"><a href=\"http:\/\/ampid.org.br\/site2020\/?p=10925\" aria-label=\"Nota de Preocupa\u00e7\u00e3o com Concurso P\u00fablico do INSS e Rep\u00fadio ao Manual\u00a0do\u00a0Cebraspe\"><img loading=\"lazy\" decoding=\"async\" width=\"600\" height=\"337\" src=\"http:\/\/ampid.org.br\/site2020\/wp-content\/uploads\/2020\/07\/rep-600x337.jpg\" class=\"attachment-us_600_337_crop size-us_600_337_crop wp-post-image\" alt=\"\" \/><\/a><\/div><h2 class=\"w-post-elm post_title usg_post_title_1 entry-title color_link_inherit\"><a href=\"http:\/\/ampid.org.br\/site2020\/?p=10925\">Nota de Preocupa\u00e7\u00e3o com Concurso P\u00fablico do INSS e Rep\u00fadio ao Manual\u00a0do\u00a0Cebraspe<\/a><\/h2><time class=\"w-post-elm post_date usg_post_date_1 has_text_color entry-date published\" datetime=\"2023-01-18T09:58:17-03:00\" title=\"18 janeiro 2023 \u00e0s 09:58:17 America\/Sao_Paulo\">3 anos atr\u00e1s<\/time>\t\t<\/div>\r\n\t\t\t<\/article>\r\n\t<article class=\"w-grid-item size_1x1 post-10918 post type-post status-publish format-standard has-post-thumbnail hentry category-175 category-notas category-noticias category-publicacoes-em-destaque tag-154 tag-capacitismo tag-direitos-das-pessoas-com-deficiencia tag-rede-in\" data-id=\"10918\">\r\n\t\t<div class=\"w-grid-item-h\">\r\n\t\t\t\t\t\t<div class=\"w-post-elm post_image usg_post_image_1 stretched\"><a href=\"http:\/\/ampid.org.br\/site2020\/?p=10918\" aria-label=\"Carta Aberta ao Presidente Lula sobre a redu\u00e7\u00e3o da estrutura de cargos da Secretaria Nacional dos Direitos da Pessoa com Defici\u00eancia\"><img loading=\"lazy\" decoding=\"async\" width=\"600\" height=\"337\" src=\"http:\/\/ampid.org.br\/site2020\/wp-content\/uploads\/2023\/01\/secretaria_das_cidades_df_widelg-600x337.jpg\" class=\"attachment-us_600_337_crop size-us_600_337_crop wp-post-image\" alt=\"\" srcset=\"http:\/\/ampid.org.br\/site2020\/wp-content\/uploads\/2023\/01\/secretaria_das_cidades_df_widelg-600x337.jpg 600w, http:\/\/ampid.org.br\/site2020\/wp-content\/uploads\/2023\/01\/secretaria_das_cidades_df_widelg-300x169.jpg 300w, http:\/\/ampid.org.br\/site2020\/wp-content\/uploads\/2023\/01\/secretaria_das_cidades_df_widelg-1024x576.jpg 1024w, http:\/\/ampid.org.br\/site2020\/wp-content\/uploads\/2023\/01\/secretaria_das_cidades_df_widelg.jpg 1200w\" sizes=\"auto, (max-width: 600px) 100vw, 600px\" \/><\/a><\/div><h2 class=\"w-post-elm post_title usg_post_title_1 entry-title color_link_inherit\"><a href=\"http:\/\/ampid.org.br\/site2020\/?p=10918\">Carta Aberta ao Presidente Lula sobre a redu\u00e7\u00e3o da estrutura de cargos da Secretaria Nacional dos Direitos da Pessoa com Defici\u00eancia<\/a><\/h2><time class=\"w-post-elm post_date usg_post_date_1 has_text_color entry-date published\" datetime=\"2023-01-13T18:28:58-03:00\" title=\"13 janeiro 2023 \u00e0s 18:28:58 America\/Sao_Paulo\">3 anos atr\u00e1s<\/time>\t\t<\/div>\r\n\t\t\t<\/article>\r\n<\/div><div class=\"w-grid-preloader\">\t<div class=\"g-preloader type_custom\">\r\n\t\t<div><img loading=\"lazy\" decoding=\"async\" width=\"300\" height=\"300\" src=\"http:\/\/ampid.org.br\/site2020\/wp-content\/uploads\/2020\/06\/icon-300x300.png\" class=\"attachment-medium size-medium\" alt=\"\" srcset=\"http:\/\/ampid.org.br\/site2020\/wp-content\/uploads\/2020\/06\/icon-300x300.png 300w, http:\/\/ampid.org.br\/site2020\/wp-content\/uploads\/2020\/06\/icon-150x150.png 150w, http:\/\/ampid.org.br\/site2020\/wp-content\/uploads\/2020\/06\/icon.png 512w\" sizes=\"auto, (max-width: 300px) 100vw, 300px\" \/><\/div>\r\n\t<\/div>\r\n\t<\/div>\t<div class=\"w-grid-json hidden\" onclick='return {&quot;action&quot;:&quot;us_ajax_grid&quot;,&quot;infinite_scroll&quot;:0,&quot;max_num_pages&quot;:9,&quot;pagination&quot;:&quot;none&quot;,&quot;template_vars&quot;:{&quot;columns&quot;:&quot;1&quot;,&quot;exclude_items&quot;:&quot;none&quot;,&quot;img_size&quot;:&quot;us_600_337_crop&quot;,&quot;ignore_items_size&quot;:0,&quot;items_layout&quot;:&quot;blog_4&quot;,&quot;items_offset&quot;:&quot;1&quot;,&quot;load_animation&quot;:&quot;none&quot;,&quot;overriding_link&quot;:&quot;{\\&quot;url\\&quot;:\\&quot;\\&quot;}&quot;,&quot;post_id&quot;:0,&quot;query_args&quot;:{&quot;post_type&quot;:[&quot;post&quot;],&quot;tax_query&quot;:[{&quot;taxonomy&quot;:&quot;category&quot;,&quot;field&quot;:&quot;slug&quot;,&quot;terms&quot;:[&quot;noticias&quot;]}],&quot;post_status&quot;:[&quot;publish&quot;,&quot;acf-disabled&quot;],&quot;ignore_sticky_posts&quot;:1,&quot;posts_per_page&quot;:&quot;3&quot;},&quot;orderby_query_args&quot;:{&quot;orderby&quot;:{&quot;date&quot;:&quot;DESC&quot;}},&quot;type&quot;:&quot;grid&quot;,&quot;us_grid_ajax_index&quot;:1,&quot;us_grid_filter_params&quot;:[],&quot;us_grid_index&quot;:1,&quot;_us_grid_post_type&quot;:&quot;post&quot;,&quot;page_args&quot;:[]}}'><\/div>\r\n\t<\/div><\/div><\/div><\/div><\/div><\/div><\/section>\n","protected":false},"excerpt":{"rendered":"&nbsp; 13 de janeiro de 2023 &nbsp; Carta Aberta ao Presidente Lula sobre a inaceit\u00e1vel redu\u00e7\u00e3o da estrutura de cargos da Secretaria Nac. dos Direitos da Pessoa com Defici\u00eancia A Rede-In (Rede Brasileira de Inclus\u00e3o da Pessoa com Defici\u00eancia) manifesta sua\u00a0preocupa\u00e7\u00e3o com a incompreens\u00edvel redu\u00e7\u00e3o da estrutura da Secretaria Nacional dos Direitos da Pessoa com...","protected":false},"author":1,"featured_media":0,"parent":0,"menu_order":0,"comment_status":"closed","ping_status":"open","template":"","meta":{"_acf_changed":false,"inline_featured_image":false,"footnotes":""},"class_list":["post-9219","page","type-page","status-publish","hentry"],"acf":[],"_links":{"self":[{"href":"http:\/\/ampid.org.br\/site2020\/index.php?rest_route=\/wp\/v2\/pages\/9219","targetHints":{"allow":["GET"]}}],"collection":[{"href":"http:\/\/ampid.org.br\/site2020\/index.php?rest_route=\/wp\/v2\/pages"}],"about":[{"href":"http:\/\/ampid.org.br\/site2020\/index.php?rest_route=\/wp\/v2\/types\/page"}],"author":[{"embeddable":true,"href":"http:\/\/ampid.org.br\/site2020\/index.php?rest_route=\/wp\/v2\/users\/1"}],"replies":[{"embeddable":true,"href":"http:\/\/ampid.org.br\/site2020\/index.php?rest_route=%2Fwp%2Fv2%2Fcomments&post=9219"}],"version-history":[{"count":3,"href":"http:\/\/ampid.org.br\/site2020\/index.php?rest_route=\/wp\/v2\/pages\/9219\/revisions"}],"predecessor-version":[{"id":9623,"href":"http:\/\/ampid.org.br\/site2020\/index.php?rest_route=\/wp\/v2\/pages\/9219\/revisions\/9623"}],"wp:attachment":[{"href":"http:\/\/ampid.org.br\/site2020\/index.php?rest_route=%2Fwp%2Fv2%2Fmedia&parent=9219"}],"curies":[{"name":"wp","href":"https:\/\/api.w.org\/{rel}","templated":true}]}}