{"id":9072,"date":"2020-07-03T06:19:53","date_gmt":"2020-07-03T09:19:53","guid":{"rendered":"https:\/\/ampid.org.br\/site2020\/?page_id=9072"},"modified":"2020-08-27T15:57:30","modified_gmt":"2020-08-27T18:57:30","slug":"objetivos-e-metas","status":"publish","type":"page","link":"http:\/\/ampid.org.br\/site2020\/?page_id=9072","title":{"rendered":"Objetivos e Metas"},"content":{"rendered":"<section class=\"l-section wpb_row height_small\"><div class=\"l-section-h i-cf\"><div class=\"g-cols vc_row via_flex valign_top type_default stacking_default\"><div class=\"vc_col-sm-8 wpb_column vc_column_container\"><div class=\"vc_column-inner\"><div class=\"wpb_wrapper\"><div class=\"wpb_text_column\"><div class=\"wpb_wrapper\"><h1>Objetivos e Metas<\/h1>\n<p><strong>PROPOSTA DE PROJETOS PARA O BI\u00caNIO 2019-2021<\/strong><\/p>\n<p>A AMPID se consolida junto \u00e0 sociedade brasileira porque demonstra sua uniformidade de a\u00e7\u00e3o promocional nas \u00e1reas da pessoa com defici\u00eancia e pessoa idosa.<\/p>\n<p>A centralidade de cada gest\u00e3o tem sido manter esse car\u00e1ter.<\/p>\n<p>Assim, o foco da gest\u00e3o 2019-2021 ser\u00e1 o di\u00e1logo com os integrantes do Congresso Nacional e com os parceiros comuns aos nossos objetivos associativos, sem descurar da produ\u00e7\u00e3o jur\u00eddica-cient\u00edfica sobre temas voltados para os direitos das pessoas com defici\u00eancia e idosas, al\u00e9m de campanhas educativas sobre direitos respectivos.<\/p>\n<p>Manter a a\u00e7\u00e3o comum para os dois eixos espec\u00edficos que \u00e9 o desenvolvimento de campanha nacional sobre a necessidade de colaborarmos para viver em cidades amig\u00e1veis e acess\u00edveis.<\/p>\n<p>Manter a meta de realiza\u00e7\u00e3o de pelo menos um semin\u00e1rio anual com temas afetos \u00e0 nossas atividades.<\/p>\n<p>Manter a meta de fortalecimento do corpo associativo buscando novas ades\u00f5es.<\/p>\n<p>Envidar todos os esfor\u00e7os para apoiar o fortalecimento da Rede Nacional de Inclus\u00e3o da Pessoa com Defici\u00eancia.<\/p>\n<p><strong>PESSOA IDOSA<\/strong><\/p>\n<p><b>1. Conhecer o envelhecimento<\/b><\/p>\n<p><span style=\"font-weight: 400;\">Estabelecer parceria com institui\u00e7\u00f5es que tratem do envelhecimento, iniciando-se com a conceituada Sociedade Brasileira de Geriatria e Gerontologia (SBGG)<\/span><span style=\"font-weight: 400;\">. Projeto de curso \u00e0 dist\u00e2ncia, aberto a todos os(as) membros(as) do Minist\u00e9rio P\u00fablico, sobre no\u00e7\u00f5es de geriatria e gerontologia de forma a preparar os(as) interessados(as) sobre a complexidade e os impactos do fen\u00f4meno do envelhecimento.<\/span><\/p>\n<p><span style=\"font-weight: 400;\">\u00a0<strong>2.<\/strong> <\/span><b>A cultura do cuidado<\/b><\/p>\n<p><b>\u00a0<\/b><b>2.a\u00a0<\/b><span style=\"font-weight: 400;\">Institui\u00e7\u00f5es de Longa Perman\u00eancia para Idosos (ILPIs)<\/span><\/p>\n<p><span style=\"font-weight: 400;\">Considerado o comando constitucional e a realidade de que os cuidados com a pessoa idosa est\u00e3o recaindo quase que exclusivamente sobre a fam\u00edlia, estabelecer um projeto de campanha nacional junto ao Minist\u00e9rio P\u00fablico, aproveitando as articula\u00e7\u00f5es do Conselho Nacional de Procuradores Gerais (CNPG,\u00a0<\/span><a href=\"http:\/\/www.mppb.mp.br\/index.php\/noticias-android\/89-cidadao\/1826-comissao-do-conselho-nacional-dos-procuradores-gerais-adota-projeto-do-mppb-na-area-do-idoso-como-modelo-nacional\"><span style=\"font-weight: 400;\">www.mppb.mp.br\/index.php\/noticias-android\/89-cidadao\/1826-comissao-do-conselho-nacional-dos-procuradores-gerais-adota-projeto-do-mppb-na-area-do-idoso-como-modelo-nacional<\/span><\/a><span style=\"font-weight: 400;\">\u00a0) \u00a0e do Conselho Nacional do Minist\u00e9rio P\u00fablico (CNMP\u00a0<\/span><a href=\"http:\/\/www.cnmp.mp.br\/portal\/images\/normas\/RESOLUO_154.pdf\"><span style=\"font-weight: 400;\">www.cnmp.mp.br\/portal\/images\/normas\/RESOLUO_154.pdf<\/span><\/a><span style=\"font-weight: 400;\">\u00a0) em torno das ILPIs para saber:<\/span><\/p>\n<p><span style=\"font-weight: 400;\">Quantas ILPIs temos no Brasil, principalmente nas capitais dos Estados? Como est\u00e3o funcionando essas ILPIs?<\/span><\/p>\n<p><span style=\"font-weight: 400;\">Ser\u00e1 que o MP est\u00e1 fiscalizando a contento essas institui\u00e7\u00f5es?<\/span><\/p>\n<p><span style=\"font-weight: 400;\">O projeto consiste em obter dados sobre as ILPIS nas p\u00e1ginas dos Minist\u00e9rios P\u00fablicos Estaduais, a exemplo do que j\u00e1 ocorre nos MPs do Cear\u00e1 e de\u00a0 S\u00e3o Paulo (<\/span><a href=\"http:\/\/www.mpce.mp.br\/caocidadania\/idoso-e-deficiente\/ilpis-de-fortaleza\/\"><span style=\"font-weight: 400;\">www.mpce.mp.br\/caocidadania\/idoso-e-deficiente\/ilpis-de-fortaleza\/<\/span><\/a><span style=\"font-weight: 400;\">\u00a0e\u00a0<\/span><a href=\"http:\/\/www.mpsp.mp.br\/portal\/page\/portal\/CAO_Idoso\"><span style=\"font-weight: 400;\">www.mpsp.mp.br\/portal\/page\/portal\/CAO_Idoso<\/span><\/a><span style=\"font-weight: 400;\">\u00a0)<\/span><\/p>\n<p><b>\u00a02.b\u00a0<\/b><span style=\"font-weight: 400;\">Centros-dia<\/span><\/p>\n<p><span style=\"font-weight: 400;\">Promover campanha nacional para a cria\u00e7\u00e3o de Centros-dia, conforme a Pol\u00edtica Nacional do Idoso (PNI), at\u00e9 hoje pouco implementada nos Estados e Munic\u00edpios, junto \u00e0 conscientiza\u00e7\u00e3o da necessidade de capacita\u00e7\u00e3o dos profissionais da sa\u00fade para trabalhar com o envelhecimento.<\/span><\/p>\n<p><b>3. Atua\u00e7\u00e3o junto ao Congresso Nacional<\/b><\/p>\n<p><span style=\"font-weight: 400;\">Atuar junto ao Congresso Nacional para prevenir conte\u00fado de projetos de lei que indiquem retrocesso em direitos. Apresentar a AMPID por meio de of\u00edcio junto \u00e0 Frente Parlamentar de Defesa da Pessoa Idosa, colocando-a \u00e0 disposi\u00e7\u00e3o para o di\u00e1logo. Manifestar-se sobre os projetos de lei em andamento.<\/span><\/p>\n<p><b>PESSOA COM DEFICI\u00caNCIA<\/b><\/p>\n<p><strong>1. <\/strong><b>Promo\u00e7\u00e3o de Direitos<\/b><\/p>\n<p><b>1.a.<\/b><span style=\"font-weight: 400;\">\u00a0Atuar junto ao Congresso Nacional para prevenir conte\u00fado de projetos de lei que indiquem retrocesso em direitos. Apresentar a AMPID por meio de of\u00edcio junto \u00e0 Frente Parlamentar da Pessoa com Defici\u00eancia, colocando-a \u00e0 disposi\u00e7\u00e3o para o di\u00e1logo. Manifestar-se sobre os projetos de lei em andamento.<\/span><\/p>\n<p><b>1.b.<\/b><span style=\"font-weight: 400;\">\u00a0Estabelecer rotina de troca de informa\u00e7\u00f5es com o GT7 da pessoa com defici\u00eancia do CNMP, GNDH e CAOPs.<\/span><\/p>\n<p><b>1.c.<\/b><span style=\"font-weight: 400;\">\u00a0Fortalecer os la\u00e7os com o CONADE e CNDI por meio de seus representantes, obtendo sempre o relat\u00f3rio dos andamentos e decis\u00f5es dos Conselhos. Tornar obrigat\u00f3ria a resenha de cada reuni\u00e3o.<\/span><\/p>\n<p><strong>\u00a02. Parcerias<\/strong><\/p>\n<p><span style=\"font-weight: 400;\">\u00a0<\/span><b>2.a.<\/b><span style=\"font-weight: 400;\">\u00a0Estabelecer parceria com as universidades em cada localidade onde haja associado da AMPID para divulgar no\u00a0<\/span><i><span style=\"font-weight: 400;\">site<\/span><\/i><span style=\"font-weight: 400;\">\u00a0<\/span><a href=\"http:\/\/www.ampid.org.br\/\"><span style=\"font-weight: 400;\">www.ampid.org.br<\/span><\/a><span style=\"font-weight: 400;\">\u00a0as teses de alunos de gradua\u00e7\u00e3o \/ p\u00f3s-gradua\u00e7\u00e3o com temas espec\u00edficos da pessoa com defici\u00eancia e idoso. Todas as teses dever\u00e3o ser pr\u00e9-avaliadas pelo Conselho Cient\u00edfico no sentido de aferir a exist\u00eancia de alinhamento com os objetivos da AMPID e na preserva\u00e7\u00e3o de direitos e conquistas da pessoa com defici\u00eancia e idosos.<\/span><\/p>\n<p><b>2.b.<\/b><span style=\"font-weight: 400;\">\u00a0Estabelecer parceria cient\u00edfica com o CONFEA e o CAU\/BR para a divulga\u00e7\u00e3o de conhecimento nas respectivas \u00e1reas e a inser\u00e7\u00e3o em suas p\u00e1ginas eletr\u00f4nicas o\u00a0<\/span><i><span style=\"font-weight: 400;\">link<\/span><\/i><span style=\"font-weight: 400;\">\u00a0da AMPID e vice-versa.<\/span><\/p>\n<p><b>2.c.<\/b><span style=\"font-weight: 400;\">\u00a0Estabelecer parceria com o Minist\u00e9rio P\u00fablico de Contas nacional e nos estados relativamente \u00e0s normas de acessibilidade.<\/span><\/p>\n<p><b>2.d<\/b><span style=\"font-weight: 400;\">. Estabelecer novas parcerias com o movimento social de pessoas com defici\u00eancia. Manter parceria com a Federa\u00e7\u00e3o Nacional S\u00edndrome de Down.<\/span><\/p>\n<p><b>2.e.<\/b><span style=\"font-weight: 400;\">\u00a0Estabelecer parceria com o movimento sindical para a efetiva\u00e7\u00e3o dos direitos do trabalhador com defici\u00eancia e trabalhador idoso, especialmente quanto \u00e0 prepara\u00e7\u00e3o para a aposentadoria.<\/span><\/p>\n<p><b>2.f<\/b><span style=\"font-weight: 400;\">\u00a0Estabelecer conv\u00eanios com entidades cient\u00edficas nacionais e internacionais para a divulga\u00e7\u00e3o da produ\u00e7\u00e3o cient\u00edfica.<\/span><\/p>\n<p><b>PROJETO CONJUNTO PESSOA COM DEFICI\u00caNCIA\/IDOSO<\/b><\/p>\n<p><span style=\"font-weight: 400;\">Criar uma atividade \u00fanica em forma de campanha, semin\u00e1rios locais, entre outros,\u00a0 para as \u00e1reas da pessoa com defici\u00eancia e pessoa idosa:\u00a0<\/span><i><span style=\"font-weight: 400;\">cidade amiga e acess\u00edvel<\/span><\/i><span style=\"font-weight: 400;\">. Desenvolver projeto para apresenta\u00e7\u00e3o junto ao Fundo Nacional do Idoso (a pessoa com defici\u00eancia n\u00e3o tem fundo espec\u00edfico).<\/span><\/p>\n<p><b>PRODU\u00c7\u00c3O CIENT\u00cdFICA<\/b><\/p>\n<p><span style=\"font-weight: 400;\">Manter a lista autoral de associados(as) que queiram se comprometer com a produ\u00e7\u00e3o de\u00a0<\/span><i><span style=\"font-weight: 400;\">papers<\/span><\/i><span style=\"font-weight: 400;\">, artigos, resenhas com temas atuais da pessoa com defici\u00eancia e pessoa idosa. Preparar previamente a lista de publica\u00e7\u00e3o cient\u00edfica com o compromisso do associado para a data aprazada.<\/span><\/p>\n<p><span style=\"font-weight: 400;\">Com a pandemia do coronavirus Covid19 tem sido feitas reuni\u00f5es mensais Quintas Ampidianas com a participa\u00e7\u00e3o de associados e convidados(as) palestrantes nas \u00e1reas da pessoa idosa e com defici\u00eancia.<\/span><\/p>\n<p><span style=\"font-weight: 400;\">J\u00e1 efetivado.<\/span><\/p>\n<p><span style=\"font-weight: 400;\">Um abra\u00e7o,<\/span><\/p>\n<\/div><\/div><div class=\"w-separator size_medium\"><\/div><div class=\"g-cols wpb_row us_custom_32cd4954 has_text_color via_flex valign_top type_boxes stacking_default\"><div class=\"vc_col-sm-6 wpb_column vc_column_container\"><div class=\"vc_column-inner\"><div class=\"wpb_wrapper\"><div class=\"wpb_text_column\"><div class=\"wpb_wrapper\"><p style=\"text-align: center;\"><strong>Maria Aparecida Gugel<\/strong><br \/>\nPresidenta da AMPID<\/p>\n<\/div><\/div><\/div><\/div><\/div><div class=\"vc_col-sm-6 wpb_column vc_column_container\"><div class=\"vc_column-inner\"><div class=\"wpb_wrapper\"><div class=\"wpb_text_column\"><div class=\"wpb_wrapper\"><p style=\"text-align: center;\"><strong>Gabriela Gadelha<\/strong><br \/>\nVice-Presidenta da AMPID<\/p>\n<\/div><\/div><\/div><\/div><\/div><\/div><div class=\"w-separator size_huge\"><\/div><div class=\"wpb_text_column\"><div class=\"wpb_wrapper\"><p><strong>PROPOSTA DE PROJETOS PARA O BI\u00caNIO 2017-2019<\/strong><\/p>\n<p>Como \u00e9 do conhecimento de todos voc\u00eas,\u00a0a nova Diretoria da nossa AMPID tomou posse no \u00faltimo m\u00eas de setembro, e ent\u00e3o, resolvemos lan\u00e7ar uma proposta de trabalho para os pr\u00f3ximos dois anos. O sucesso de efetiva\u00e7\u00e3o dessa proposta vai depender, fundamentalmente, do engajamento de cada Promotor de Justi\u00e7a na vida social da AMPID.<\/p>\n<p>A ideia central da proposta de projetos para o pr\u00f3ximo bi\u00eanio \u00e9 consolidar a AMPID como refer\u00eancia na produ\u00e7\u00e3o t\u00e9cnico-cient\u00edfica sobre temas voltados para os direitos das pessoas com defici\u00eancia e idosas, al\u00e9m de potencializar a a\u00e7\u00e3o de parceiros comuns aos nossos objetivos associativos.<\/p>\n<p>Embora tenhamos eixos espec\u00edficos nas duas \u00e1reas, pretendemos implementar uma a\u00e7\u00e3o comum voltada para uma campanha nacional visando \u00e0s cidades amig\u00e1veis e acess\u00edveis.<\/p>\n<p>Objetivando a troca de informa\u00e7\u00f5es de maneira presencial e, sobretudo buscar capacitar o sistema e as garantias, propomos a realiza\u00e7\u00e3o desemin\u00e1rio no segundo semestre de 2019 em S\u00e3o Lu\u00eds\/MA.\u00a0Nessa ocasi\u00e3o comemoraremos os\u00a015 anos da funda\u00e7\u00e3o da AMPID\u00a0que, ali\u00e1s, ocorreu em\u00a0S\u00e3o Lu\u00eds em 2004.<\/p>\n<p><strong>PESSOA COM DEFICI\u00caNCIA<\/strong><\/p>\n<p><strong>1. Promo\u00e7\u00e3o de Direitos<\/strong><\/p>\n<p>1.a.\u00a0Atuar junto ao Congresso Nacional para prevenir conte\u00fado de projetos de lei que indiquem retrocesso em direitos. Apresentar a AMPID por meio de of\u00edcio junto \u00e0 Frente Parlamentar da Pessoa com Defici\u00eancia, colocando-a \u00e0 disposi\u00e7\u00e3o para o di\u00e1logo. Manifestar-se sobre os projetos de lei em andamento.<\/p>\n<p>1.b.\u00a0Estabelecer rotina de troca de informa\u00e7\u00f5es com o GT7 da pessoa com defici\u00eancia do CNMP, GNDH e CAOPs.<\/p>\n<p>1.c.\u00a0Fortalecer os la\u00e7os com o CONADE e CNDI por meio de seus representantes, obtendo sempre o relat\u00f3rio dos andamentos e decis\u00f5es dos Conselhos. Tornar obrigat\u00f3ria a resenha de cada reuni\u00e3o.<\/p>\n<p><strong>2. Parcerias<\/strong><\/p>\n<p>2.a.\u00a0Estabelecer parceria com as universidades em cada localidade onde haja associado da AMPID para divulgar no\u00a0<em>site<\/em>\u00a0<a href=\"http:\/\/www.ampid.org.br\/\" data-saferedirecturl=\"https:\/\/www.google.com\/url?hl=pt-BR&amp;q=http:\/\/www.ampid.org.br&amp;source=gmail&amp;ust=1522848393614000&amp;usg=AFQjCNHY_WZyjHejlY7jDBvYoIC01VdI2g\">www.ampid.org.br<\/a>\u00a0as teses de alunos de gradua\u00e7\u00e3o \/ p\u00f3s-gradua\u00e7\u00e3o com temas espec\u00edficos da pessoa com defici\u00eancia e idoso. Todas as teses dever\u00e3o ser pr\u00e9-avaliadas pelo Conselho Cient\u00edfico no sentido de aferir a exist\u00eancia de alinhamento com os objetivos da AMPID e na preserva\u00e7\u00e3o de direitos e conquistas da pessoa com defici\u00eancia e idosos.<\/p>\n<p>2.b.\u00a0Estabelecer parceria cient\u00edfica com o CONFEA e o CAU\/BR para a divulga\u00e7\u00e3o de conhecimento nas respectivas \u00e1reas e a inser\u00e7\u00e3o em suas p\u00e1ginas eletr\u00f4nicas o\u00a0<em>link<\/em>\u00a0da AMPID e vice-versa.<\/p>\n<p>2.c.\u00a0Estabelecer parceria com o Minist\u00e9rio P\u00fablico de Contas nacional e nos estados relativamente \u00e0s normas de acessibilidade.<\/p>\n<p>2.d. Estabelecer novas parcerias com o movimento social de pessoas com defici\u00eancia. Manter parceria com a Federa\u00e7\u00e3o Nacional S\u00edndrome de Down.<\/p>\n<p>2.e.\u00a0Estabelecer parceria com o movimento sindical para a efetiva\u00e7\u00e3o dos direitos do trabalhador com defici\u00eancia e trabalhador idoso, especialmente quanto \u00e0 prepara\u00e7\u00e3o para a aposentadoria.<\/p>\n<p><strong>3. Produ\u00e7\u00e3o Cient\u00edfica<\/strong><\/p>\n<p>3.a.\u00a0Criar lista autoral de associados que queiram se comprometer com a produ\u00e7\u00e3o de\u00a0<em>papers<\/em>, artigos, resenhas com temas atuais da pessoa com defici\u00eancia e pessoa idosa. Preparar previamente a lista de publica\u00e7\u00e3o cient\u00edfica com o compromisso do associado para a data aprazada.<\/p>\n<p>3.b.\u00a0\u00a0Abrir espa\u00e7o para a produ\u00e7\u00e3o jur\u00eddica de amigos e parceiros da AMPID com pr\u00e9via avalia\u00e7\u00e3o do Conselho Cient\u00edfico.<\/p>\n<p>3.c.\u00a0Obter autoriza\u00e7\u00e3o para inser\u00e7\u00e3o na p\u00e1gina da AMPID dos livros j\u00e1 produzidos pelo selo da Edi\u00e7\u00f5es Inclusivas.<\/p>\n<p><strong>PESSOA IDOSA<\/strong><\/p>\n<p><strong>1. Conhecer o envelhecimento<\/strong><\/p>\n<p>Estabelecer parceria com institui\u00e7\u00f5es que tratem do envelhecimento, iniciando-se com a conceituada\u00a0Sociedade Brasileira de Geriatria e Gerontologia (SBGG).\u00a0Projeto de curso \u00e0 dist\u00e2ncia, aberto a todos os membros do Minist\u00e9rio P\u00fablico, sobre no\u00e7\u00f5es de geriatria e gerontologia de forma a preparar os interessados sobre a complexidade e os impactos do fen\u00f4meno do envelhecimento.<\/p>\n<p><strong>2. A cultura do cuidado<\/strong><\/p>\n<p>2.a\u00a0Institui\u00e7\u00f5es de Longa Perman\u00eancia para Idosos (ILPIs)<\/p>\n<p>Considerado o comando constitucional e a realidade de que os cuidados com o idoso est\u00e3o recaindo quase que exclusivamente sobre a fam\u00edlia, estabelecer um projeto de campanha nacional junto ao Minist\u00e9rio P\u00fablico, aproveitando as articula\u00e7\u00f5es do Conselho Nacional de Procuradores Gerais (CNPG,\u00a0<a href=\"http:\/\/www.mppb.mp.br\/index.php\/noticias-android\/89-cidadao\/1826-comissao-do-conselho-nacional-dos-procuradores-gerais-adota-projeto-do-mppb-na-area-do-idoso-como-modelo-nacional\" data-saferedirecturl=\"https:\/\/www.google.com\/url?hl=pt-BR&amp;q=http:\/\/www.mppb.mp.br\/index.php\/noticias-android\/89-cidadao\/1826-comissao-do-conselho-nacional-dos-procuradores-gerais-adota-projeto-do-mppb-na-area-do-idoso-como-modelo-nacional&amp;source=gmail&amp;ust=1522848393615000&amp;usg=AFQjCNG9M6vabLLIkJIOvW4LtEQcKxl_Jg\">www.mppb.mp.br\/index.php\/noticias-android\/89-cidadao\/1826-comissao-do-conselho-nacional-dos-procuradores-gerais-adota-projeto-do-mppb-na-area-do-idoso-como-modelo-nacional<\/a> )\u00a0\u00a0e do Conselho Nacional do Minist\u00e9rio P\u00fablico (CNMP www.cnmp.mp.br\/portal\/images\/normas\/RESOLUO_154.pdf ) em torno das ILPIs para saber: Quantas ILPIs temos no Brasil, principalmente nas capitais dos Estados? Como est\u00e3o funcionando essas ILPIs? Ser\u00e1 que o MP est\u00e1 fiscalizando a contento essas institui\u00e7\u00f5es?<\/p>\n<p>O projeto consiste em obter dados sobre as ILPIS nas p\u00e1ginas dos Minist\u00e9rios P\u00fablicos Estaduais, a exemplo do que j\u00e1 ocorre nos MPs do Cear\u00e1 e de\u00a0\u00a0S\u00e3o Paulo (<a href=\"http:\/\/www.mpce.mp.br\/caocidadania\/idoso-e-deficiente\/ilpis-de-fortaleza\/\" data-saferedirecturl=\"https:\/\/www.google.com\/url?hl=pt-BR&amp;q=http:\/\/www.mpce.mp.br\/caocidadania\/idoso-e-deficiente\/ilpis-de-fortaleza\/&amp;source=gmail&amp;ust=1522848393615000&amp;usg=AFQjCNEmYoo6CfPkK9gV4hxnyoZ2rN3gkg\">www.mpce.mp.br\/caocidadania\/idoso-e-deficiente\/ilpis-de-fortaleza\/<\/a>\u00a0e\u00a0<a href=\"http:\/\/www.mpsp.mp.br\/portal\/page\/portal\/CAO_Idoso\" data-saferedirecturl=\"https:\/\/www.google.com\/url?hl=pt-BR&amp;q=http:\/\/www.mpsp.mp.br\/portal\/page\/portal\/CAO_Idoso&amp;source=gmail&amp;ust=1522848393615000&amp;usg=AFQjCNFj_TwJyyv52ilyXTGkMbHPeeVAaQ\">www.mpsp.mp.br\/portal\/page\/portal\/CAO_Idoso<\/a>\u00a0)<\/p>\n<p>2.b\u00a0Centros-dia<\/p>\n<p>Promover campanha nacional para a cria\u00e7\u00e3o de Centros-dia, conforme a Pol\u00edtica Nacional do Idoso (PNI), at\u00e9 hoje pouco implementada nos Estados e Munic\u00edpios, junto \u00e0 conscientiza\u00e7\u00e3o da necessidade de capacita\u00e7\u00e3o dos profissionais da sa\u00fade para trabalhar com o envelhecimento.<\/p>\n<p><strong>PROJETO CONJUNTO PESSOA COM DEFICI\u00caNCIA\/IDOSO<\/strong><\/p>\n<p>Criar uma atividade \u00fanica em forma de campanha, semin\u00e1rios locais, entre outros,\u00a0\u00a0para as \u00e1reas da pessoa com defici\u00eancia e pessoa idosa:\u00a0<em>cidade amiga e acess\u00edvel<\/em>. Desenvolver projeto para apresenta\u00e7\u00e3o junto ao Fundo Nacional do Idoso (a pessoa com defici\u00eancia n\u00e3o tem fundo espec\u00edfico).<\/p>\n<p>Contamos com a participa\u00e7\u00e3o de TODOS!!!<\/p>\n<p>Abra\u00e7o<\/p>\n<\/div><\/div><div class=\"w-separator size_medium\"><\/div><div class=\"g-cols wpb_row us_custom_32cd4954 has_text_color via_flex valign_top type_boxes stacking_default\"><div class=\"vc_col-sm-6 wpb_column vc_column_container\"><div class=\"vc_column-inner\"><div class=\"wpb_wrapper\"><div class=\"wpb_text_column\"><div class=\"wpb_wrapper\"><p style=\"text-align: center;\"><strong>Alexandre de Oliveira Alc\u00e2ntara<\/strong><br \/>\nPresidente da AMPID<\/p>\n<\/div><\/div><\/div><\/div><\/div><div class=\"vc_col-sm-6 wpb_column vc_column_container\"><div class=\"vc_column-inner\"><div class=\"wpb_wrapper\"><div class=\"wpb_text_column\"><div class=\"wpb_wrapper\"><p style=\"text-align: center;\"><strong>Maria Aparecida Gugel<\/strong><br \/>\nVice-Presidente da AMPID<\/p>\n<\/div><\/div><\/div><\/div><\/div><\/div><div class=\"w-separator size_huge\"><\/div><div class=\"wpb_text_column\"><div class=\"wpb_wrapper\"><p><strong>PLANO DE A\u00c7\u00c3O 2014<\/strong><\/p>\n<ul>\n<li>Realiza\u00e7\u00e3o de conv\u00eanios e de parcerias, a fim de estruturar melhor a nossa associa\u00e7\u00e3o, bem como, permitir a realiza\u00e7\u00e3o de cursos, oficinas, palestras e outras atividades fins;<\/li>\n<li>Atualiza\u00e7\u00e3o dos livros j\u00e1 publicados pela AMPID e est\u00edmulo para a publica\u00e7\u00e3o de novos;<\/li>\n<li>Atuar junto ao Congresso Nacional nas quest\u00f5es voltadas para a pessoa com defici\u00eancia e pessoa idosa, em audi\u00eancias com os parlamentares, em notas circunstanciadas sobre os projetos de lei em curso;<\/li>\n<li>Atuar junto a Organismos Internacionais (OEA, ONU) e acompanhar o processo de ado\u00e7\u00e3o de conven\u00e7\u00f5es internacionais na \u00e1rea da pessoa idosa;<\/li>\n<li>Dialogar permanentemente com os \u00f3rg\u00e3os institucionais (PGJS, PGR, PGT, CNPG, CNMP, Promotorias, Grupos de Trabalho e Coordenadorias), bem como, buscar o aumento do n\u00famero de associados e incentivar a participa\u00e7\u00e3o nas atividades dos j\u00e1 existentes;<\/li>\n<li>Intensificar a participa\u00e7\u00e3o representativa nos Conselhos Nacional de Direitos (CONADE, CNDI) e junto \u00e0 sociedade civil organizada e em geral, a fim de divulgar o trabalho da AMPID e refor\u00e7ar a sua identidade (marca); e<\/li>\n<li>Trocar informa\u00e7\u00f5es sobre not\u00edcias de interesse, atua\u00e7\u00e3o, jurisprud\u00eancia, cursos e eventos em andamento, por meio de boletim mensal eletr\u00f4nico, redes sociais e atrav\u00e9s do site da AMPID.<\/li>\n<\/ul>\n<p><strong>OBJETIVO 1<\/strong><\/p>\n<p>Estimular e apoiar a\u00e7\u00f5es voltadas ao aprimoramento e ao conhecimento cient\u00edfico, relacionados aos direitos das pessoas com defici\u00eancia e dos idosos.<\/p>\n<p><strong>ESTRAT\u00c9GIAS<\/strong><\/p>\n<p>Buscar atrav\u00e9s da articula\u00e7\u00e3o pol\u00edtica, o interc\u00e2mbio com outras Institui\u00e7\u00f5es na \u00e1rea de interesse comum.<\/p>\n<p><strong>METAS<\/strong><\/p>\n<ul>\n<li>Manifestar entendimento sobre temas que envolvam pessoas com defici\u00eancia e idosos por meio de Notas P\u00fablicas;<\/li>\n<li>Atuar junto ao Congresso Nacional nas quest\u00f5es voltadas para a pessoa com defici\u00eancia e pessoa idosa, em audi\u00eancias com os parlamentares, em notas circunstanciadas sobre os projetos de lei em curso;<\/li>\n<li>Atuar junto a Organismos Internacionais (OEA, ONU) e acompanhar o processo de ado\u00e7\u00e3o de conven\u00e7\u00f5es internacionais na \u00e1rea da pessoa idosa;<\/li>\n<li>Promover parcerias com associa\u00e7\u00f5es e entidades voltadas aos temas afetos, a fim de auxiliar na implementa\u00e7\u00e3o da Conven\u00e7\u00e3o da Pessoa com Defici\u00eancia;<\/li>\n<li>Dialogar permanentemente com os \u00f3rg\u00e3os institucionais (PGJS, PGR, PGT, CNPG, CNMP, Promotorias, Grupos de Trabalho e Coordenadorias);<\/li>\n<li>Intensificar a participa\u00e7\u00e3o representativa nos Conselhos Nacional de Direitos (CONADE, CNDI);<\/li>\n<li>Intensificar a participa\u00e7\u00e3o da AMPID em eventos realizados por outras entidades afins.<\/li>\n<\/ul>\n<p><strong>OBJETIVO 2<\/strong><\/p>\n<p>Promover o interc\u00e2mbio de atividades e experi\u00eancias entre seus associados<\/p>\n<p><strong>ESTRAT\u00c9GIA<\/strong><\/p>\n<p>Evidenciar as necessidades e dar apoio \u00e0 (in) forma\u00e7\u00e3o continuada dos Associados, apresentando experi\u00eancias vivenciadas em outros Estados.<\/p>\n<p><strong>METAS<\/strong><\/p>\n<ul>\n<li>Apoiar atrav\u00e9s do fornecimento de doutrina, pe\u00e7as jur\u00eddicas, pesquisas e legisla\u00e7\u00e3o sobre os assuntos de interesse comum;<\/li>\n<li>Divulgar os cursos, semin\u00e1rios, palestras que forem realizados no Brasil ou no exterior sobre assuntos de interesse comum, incentivando os associados a participar de cursos de aperfei\u00e7oamento, especializa\u00e7\u00e3o ou similares em interesses difusos e coletivos na \u00e1rea;<\/li>\n<li>Trocar informa\u00e7\u00f5es sobre atua\u00e7\u00e3o, cursos e eventos em andamento, por meio de lista de discuss\u00e3o atualizada e no site da AMPID e outros meios de comunica\u00e7\u00e3o;<\/li>\n<li>Estimular a produ\u00e7\u00e3o jur\u00eddica de artigos para a p\u00e1gina da Internet;<\/li>\n<li>Realizar, no m\u00ednimo, 2 reuni\u00f5es (assembleias gerais) ao ano para troca de experi\u00eancias e informa\u00e7\u00f5es entre os associados;<\/li>\n<li>Atualizar os livros j\u00e1 publicados pela AMPID e estimular a publica\u00e7\u00e3o de novos.<\/li>\n<\/ul>\n<p><strong>OBJETIVO 3<\/strong><\/p>\n<p>Promover e divulgar a miss\u00e3o da AMPID.<\/p>\n<p><strong>ESTRAT\u00c9GIA<\/strong><\/p>\n<p>Propor medidas que fortale\u00e7am a AMPID, atrav\u00e9s de seu reconhecimento junto \u00e0 sociedade e Institui\u00e7\u00f5es de interesse;<\/p>\n<p>Propor medidas administrativas que representem a melhoria dos processos e democratiza\u00e7\u00e3o das decis\u00f5es;<\/p>\n<p><strong>METAS<\/strong><\/p>\n<ul>\n<li>Divulgar a p\u00e1gina do site da AMPID, possibilitando o conhecimento de assuntos de interesse na \u00e1rea, legisla\u00e7\u00e3o, bibliografias, links nacionais e estrangeiros e rela\u00e7\u00e3o das Promotorias e Institui\u00e7\u00f5es correlatas;<\/li>\n<li>Intensificar a participa\u00e7\u00e3o junto \u00e0 sociedade civil organizada e em geral, a fim de divulgar o trabalho da AMPID e refor\u00e7ar a sua identidade (marca);<\/li>\n<li>Manter um boletim eletr\u00f4nico;<\/li>\n<li>Estimular a participa\u00e7\u00e3o associativa dos associados, intensificando a comunica\u00e7\u00e3o com o grupo;<\/li>\n<li>Buscar o aumento do quadro associativo em 20% at\u00e9 o final do ano, com equil\u00edbrio de associados em todas as regi\u00f5es do pa\u00eds;<\/li>\n<\/ul>\n<p><strong>OBJETIVO 4<\/strong><\/p>\n<p>Elevar os n\u00edveis de efici\u00eancia e efic\u00e1cia em atividades de natureza administrativa da AMPID.<\/p>\n<p><strong>ESTRAT\u00c9GIA<\/strong><\/p>\n<p>Propor medidas administrativas que representem a melhoria dos processos e democratiza\u00e7\u00e3o das decis\u00f5es.<\/p>\n<p><strong>METAS<\/strong><\/p>\n<ul>\n<li>Elaborar o planejamento estrat\u00e9gico 2014;<\/li>\n<li>Confeccionar e aprovar o Regimento Interno;<\/li>\n<li>Confeccionar folders, para divulgar a sua miss\u00e3o e objetivos, e cart\u00f5es de visitas;<\/li>\n<li>Atualizar constantemente os dados cadastrais dos associados e manter registro hist\u00f3rico dos atos realizados pela AMPID (confec\u00e7\u00e3o de relat\u00f3rios);<\/li>\n<li>Manter e atualizar, periodicamente, o site da AMPID, informando os novos eventos, informa\u00e7\u00f5es e not\u00edcias de interesse comum;<\/li>\n<li>Criar um boletim eletr\u00f4nico;<\/li>\n<li>Aperfei\u00e7oar o regulamento de escolha de representantes nos Conselhos de Direito(CONADE e CNDI);<\/li>\n<li>Organizar tr\u00eas propostas de cursos a serem oferecidos, buscando-se firmar parcerias para a realiza\u00e7\u00e3o dos mesmos;<\/li>\n<li>Realizar dois encontros anuais dos associados, em datas e locais a serem escolhidos.<\/li>\n<\/ul>\n<\/div><\/div><div class=\"w-separator size_medium\"><\/div><div class=\"g-cols wpb_row us_custom_32cd4954 has_text_color via_flex valign_top type_boxes stacking_default\"><div class=\"vc_col-sm-6 wpb_column vc_column_container\"><div class=\"vc_column-inner\"><div class=\"wpb_wrapper\"><div class=\"wpb_text_column\"><div class=\"wpb_wrapper\"><p style=\"text-align: center;\"><strong>Iadya Gama Maio<\/strong><br \/>\nPresidente da AMPID<\/p>\n<\/div><\/div><\/div><\/div><\/div><div class=\"vc_col-sm-6 wpb_column vc_column_container\"><div class=\"vc_column-inner\"><div class=\"wpb_wrapper\"><div class=\"wpb_text_column\"><div class=\"wpb_wrapper\"><p style=\"text-align: center;\"><strong>Waldir Macieira da Costa Filho<\/strong><br \/>\nVice-Presidente da AMPID<\/p>\n<\/div><\/div><\/div><\/div><\/div><\/div><\/div><\/div><\/div><div class=\"vc_col-sm-4 vc_hidden-xs wpb_column vc_column_container has_bg_color\"><div class=\"vc_column-inner us_custom_0d15be52 type_sticky\"><div class=\"wpb_wrapper\"><div class=\"w-image align_center\"><div class=\"w-image-h\"><img decoding=\"async\" width=\"960\" height=\"960\" src=\"http:\/\/ampid.org.br\/site2020\/wp-content\/uploads\/2020\/07\/img-objetivos.jpg\" class=\"attachment-full size-full\" alt=\"\" loading=\"lazy\" srcset=\"http:\/\/ampid.org.br\/site2020\/wp-content\/uploads\/2020\/07\/img-objetivos.jpg 960w, http:\/\/ampid.org.br\/site2020\/wp-content\/uploads\/2020\/07\/img-objetivos-300x300.jpg 300w, http:\/\/ampid.org.br\/site2020\/wp-content\/uploads\/2020\/07\/img-objetivos-150x150.jpg 150w, http:\/\/ampid.org.br\/site2020\/wp-content\/uploads\/2020\/07\/img-objetivos-600x600.jpg 600w\" sizes=\"auto, (max-width: 960px) 100vw, 960px\" \/><\/div><\/div><div class=\"w-separator size_medium\"><\/div><div class=\"wpb_text_column\"><div class=\"wpb_wrapper\"><h3>\u00daltimas Not\u00edcias<\/h3>\n<\/div><\/div><div class=\"w-separator size_small\"><\/div><div class=\"w-grid type_grid layout_blog_4\" id=\"us_grid_1\" style=\"--gap:1.5rem;\" data-filterable=\"true\"><style>@media (min-width:1024px){#us_grid_1 .w-post-elm.post_title{font-size:1rem!important}}.layout_blog_4 .w-grid-item-h{}.layout_blog_4 .usg_post_image_1{margin-bottom:0.6rem!important}.layout_blog_4 .usg_post_title_1{font-size:1.2rem!important;margin-bottom:0.3rem!important}.layout_blog_4 .usg_post_date_1{color:var(--color-content-faded)!important;font-size:0.8rem!important;line-height:1.6!important}<\/style><div class=\"w-grid-list\">\t<article class=\"w-grid-item size_1x1 post-11574 post type-post status-publish format-standard has-post-thumbnail hentry category-190 category-noticias category-pessoas-com-deficiencia category-publicacoes-em-destaque tag-191 tag-bpc tag-pessoas-com-deficiencia-2\" data-id=\"11574\">\r\n\t\t<div class=\"w-grid-item-h\">\r\n\t\t\t\t\t\t<div class=\"w-post-elm post_image usg_post_image_1 stretched\"><a href=\"http:\/\/ampid.org.br\/site2020\/?p=11574\" aria-label=\"\u201cCarta ao Governo Lula\u201d pede a revers\u00e3o do PL 4614\/2024 sobre a altera\u00e7\u00e3o de BPC para pessoas com defici\u00eancia\"><img loading=\"lazy\" decoding=\"async\" width=\"600\" height=\"295\" src=\"http:\/\/ampid.org.br\/site2020\/wp-content\/uploads\/2024\/12\/Sem-titulologo-600x295.png\" class=\"attachment-us_600_337_crop size-us_600_337_crop wp-post-image\" alt=\"\" \/><\/a><\/div><h2 class=\"w-post-elm post_title usg_post_title_1 entry-title color_link_inherit\"><a href=\"http:\/\/ampid.org.br\/site2020\/?p=11574\">\u201cCarta ao Governo Lula\u201d pede a revers\u00e3o do PL 4614\/2024 sobre a altera\u00e7\u00e3o de BPC para pessoas com defici\u00eancia<\/a><\/h2><time class=\"w-post-elm post_date usg_post_date_1 has_text_color entry-date published\" datetime=\"2024-12-17T18:12:35-03:00\" title=\"17 dezembro 2024 \u00e0s 18:12:35 America\/Sao_Paulo\">1 ano atr\u00e1s<\/time>\t\t<\/div>\r\n\t\t\t<\/article>\r\n\t<article class=\"w-grid-item size_1x1 post-10925 post type-post status-publish format-standard has-post-thumbnail hentry category-175 category-notas category-noticias category-pessoas-com-deficiencia category-publicacoes-em-destaque tag-154 tag-ampid tag-avaliacao-biopsicossocial tag-direitos-das-pessoas-com-deficiencia\" data-id=\"10925\">\r\n\t\t<div class=\"w-grid-item-h\">\r\n\t\t\t\t\t\t<div class=\"w-post-elm post_image usg_post_image_1 stretched\"><a href=\"http:\/\/ampid.org.br\/site2020\/?p=10925\" aria-label=\"Nota de Preocupa\u00e7\u00e3o com Concurso P\u00fablico do INSS e Rep\u00fadio ao Manual\u00a0do\u00a0Cebraspe\"><img loading=\"lazy\" decoding=\"async\" width=\"600\" height=\"337\" src=\"http:\/\/ampid.org.br\/site2020\/wp-content\/uploads\/2020\/07\/rep-600x337.jpg\" class=\"attachment-us_600_337_crop size-us_600_337_crop wp-post-image\" alt=\"\" \/><\/a><\/div><h2 class=\"w-post-elm post_title usg_post_title_1 entry-title color_link_inherit\"><a href=\"http:\/\/ampid.org.br\/site2020\/?p=10925\">Nota de Preocupa\u00e7\u00e3o com Concurso P\u00fablico do INSS e Rep\u00fadio ao Manual\u00a0do\u00a0Cebraspe<\/a><\/h2><time class=\"w-post-elm post_date usg_post_date_1 has_text_color entry-date published\" datetime=\"2023-01-18T09:58:17-03:00\" title=\"18 janeiro 2023 \u00e0s 09:58:17 America\/Sao_Paulo\">3 anos atr\u00e1s<\/time>\t\t<\/div>\r\n\t\t\t<\/article>\r\n\t<article class=\"w-grid-item size_1x1 post-10918 post type-post status-publish format-standard has-post-thumbnail hentry category-175 category-notas category-noticias category-publicacoes-em-destaque tag-154 tag-capacitismo tag-direitos-das-pessoas-com-deficiencia tag-rede-in\" data-id=\"10918\">\r\n\t\t<div class=\"w-grid-item-h\">\r\n\t\t\t\t\t\t<div class=\"w-post-elm post_image usg_post_image_1 stretched\"><a href=\"http:\/\/ampid.org.br\/site2020\/?p=10918\" aria-label=\"Carta Aberta ao Presidente Lula sobre a redu\u00e7\u00e3o da estrutura de cargos da Secretaria Nacional dos Direitos da Pessoa com Defici\u00eancia\"><img loading=\"lazy\" decoding=\"async\" width=\"600\" height=\"337\" src=\"http:\/\/ampid.org.br\/site2020\/wp-content\/uploads\/2023\/01\/secretaria_das_cidades_df_widelg-600x337.jpg\" class=\"attachment-us_600_337_crop size-us_600_337_crop wp-post-image\" alt=\"\" srcset=\"http:\/\/ampid.org.br\/site2020\/wp-content\/uploads\/2023\/01\/secretaria_das_cidades_df_widelg-600x337.jpg 600w, http:\/\/ampid.org.br\/site2020\/wp-content\/uploads\/2023\/01\/secretaria_das_cidades_df_widelg-300x169.jpg 300w, http:\/\/ampid.org.br\/site2020\/wp-content\/uploads\/2023\/01\/secretaria_das_cidades_df_widelg-1024x576.jpg 1024w, http:\/\/ampid.org.br\/site2020\/wp-content\/uploads\/2023\/01\/secretaria_das_cidades_df_widelg.jpg 1200w\" sizes=\"auto, (max-width: 600px) 100vw, 600px\" \/><\/a><\/div><h2 class=\"w-post-elm post_title usg_post_title_1 entry-title color_link_inherit\"><a href=\"http:\/\/ampid.org.br\/site2020\/?p=10918\">Carta Aberta ao Presidente Lula sobre a redu\u00e7\u00e3o da estrutura de cargos da Secretaria Nacional dos Direitos da Pessoa com Defici\u00eancia<\/a><\/h2><time class=\"w-post-elm post_date usg_post_date_1 has_text_color entry-date published\" datetime=\"2023-01-13T18:28:58-03:00\" title=\"13 janeiro 2023 \u00e0s 18:28:58 America\/Sao_Paulo\">3 anos atr\u00e1s<\/time>\t\t<\/div>\r\n\t\t\t<\/article>\r\n<\/div><div class=\"w-grid-preloader\">\t<div class=\"g-preloader type_custom\">\r\n\t\t<div><img loading=\"lazy\" decoding=\"async\" width=\"300\" height=\"300\" src=\"http:\/\/ampid.org.br\/site2020\/wp-content\/uploads\/2020\/06\/icon-300x300.png\" class=\"attachment-medium size-medium\" alt=\"\" srcset=\"http:\/\/ampid.org.br\/site2020\/wp-content\/uploads\/2020\/06\/icon-300x300.png 300w, http:\/\/ampid.org.br\/site2020\/wp-content\/uploads\/2020\/06\/icon-150x150.png 150w, http:\/\/ampid.org.br\/site2020\/wp-content\/uploads\/2020\/06\/icon.png 512w\" sizes=\"auto, (max-width: 300px) 100vw, 300px\" \/><\/div>\r\n\t<\/div>\r\n\t<\/div>\t<div class=\"w-grid-json hidden\" onclick='return {&quot;action&quot;:&quot;us_ajax_grid&quot;,&quot;infinite_scroll&quot;:0,&quot;max_num_pages&quot;:9,&quot;pagination&quot;:&quot;none&quot;,&quot;template_vars&quot;:{&quot;columns&quot;:&quot;1&quot;,&quot;exclude_items&quot;:&quot;none&quot;,&quot;img_size&quot;:&quot;us_600_337_crop&quot;,&quot;ignore_items_size&quot;:0,&quot;items_layout&quot;:&quot;blog_4&quot;,&quot;items_offset&quot;:&quot;1&quot;,&quot;load_animation&quot;:&quot;none&quot;,&quot;overriding_link&quot;:&quot;{\\&quot;url\\&quot;:\\&quot;\\&quot;}&quot;,&quot;post_id&quot;:0,&quot;query_args&quot;:{&quot;post_type&quot;:[&quot;post&quot;],&quot;tax_query&quot;:[{&quot;taxonomy&quot;:&quot;category&quot;,&quot;field&quot;:&quot;slug&quot;,&quot;terms&quot;:[&quot;noticias&quot;]}],&quot;post_status&quot;:[&quot;publish&quot;,&quot;acf-disabled&quot;],&quot;ignore_sticky_posts&quot;:1,&quot;posts_per_page&quot;:&quot;3&quot;},&quot;orderby_query_args&quot;:{&quot;orderby&quot;:{&quot;date&quot;:&quot;DESC&quot;}},&quot;type&quot;:&quot;grid&quot;,&quot;us_grid_ajax_index&quot;:1,&quot;us_grid_filter_params&quot;:[],&quot;us_grid_index&quot;:1,&quot;_us_grid_post_type&quot;:&quot;post&quot;,&quot;page_args&quot;:[]}}'><\/div>\r\n\t<\/div><\/div><\/div><\/div><\/div><\/div><\/section>\n","protected":false},"excerpt":{"rendered":"&nbsp; 13 de janeiro de 2023 &nbsp; Carta Aberta ao Presidente Lula sobre a inaceit\u00e1vel redu\u00e7\u00e3o da estrutura de cargos da Secretaria Nac. dos Direitos da Pessoa com Defici\u00eancia A Rede-In (Rede Brasileira de Inclus\u00e3o da Pessoa com Defici\u00eancia) manifesta sua\u00a0preocupa\u00e7\u00e3o com a incompreens\u00edvel redu\u00e7\u00e3o da estrutura da Secretaria Nacional dos Direitos da Pessoa com...","protected":false},"author":1,"featured_media":0,"parent":0,"menu_order":0,"comment_status":"closed","ping_status":"open","template":"","meta":{"_acf_changed":false,"inline_featured_image":false,"footnotes":""},"class_list":["post-9072","page","type-page","status-publish","hentry"],"acf":[],"_links":{"self":[{"href":"http:\/\/ampid.org.br\/site2020\/index.php?rest_route=\/wp\/v2\/pages\/9072","targetHints":{"allow":["GET"]}}],"collection":[{"href":"http:\/\/ampid.org.br\/site2020\/index.php?rest_route=\/wp\/v2\/pages"}],"about":[{"href":"http:\/\/ampid.org.br\/site2020\/index.php?rest_route=\/wp\/v2\/types\/page"}],"author":[{"embeddable":true,"href":"http:\/\/ampid.org.br\/site2020\/index.php?rest_route=\/wp\/v2\/users\/1"}],"replies":[{"embeddable":true,"href":"http:\/\/ampid.org.br\/site2020\/index.php?rest_route=%2Fwp%2Fv2%2Fcomments&post=9072"}],"version-history":[{"count":2,"href":"http:\/\/ampid.org.br\/site2020\/index.php?rest_route=\/wp\/v2\/pages\/9072\/revisions"}],"predecessor-version":[{"id":9606,"href":"http:\/\/ampid.org.br\/site2020\/index.php?rest_route=\/wp\/v2\/pages\/9072\/revisions\/9606"}],"wp:attachment":[{"href":"http:\/\/ampid.org.br\/site2020\/index.php?rest_route=%2Fwp%2Fv2%2Fmedia&parent=9072"}],"curies":[{"name":"wp","href":"https:\/\/api.w.org\/{rel}","templated":true}]}}