{"id":10697,"date":"2022-08-16T12:02:52","date_gmt":"2022-08-16T15:02:52","guid":{"rendered":"http:\/\/ampid.org.br\/site2020\/?page_id=10697"},"modified":"2024-10-11T11:58:38","modified_gmt":"2024-10-11T14:58:38","slug":"outros","status":"publish","type":"page","link":"http:\/\/ampid.org.br\/site2020\/?page_id=10697","title":{"rendered":"Outros"},"content":{"rendered":"<section class=\"l-section wpb_row height_small\"><div class=\"l-section-h i-cf\"><div class=\"g-cols vc_row via_flex valign_top type_default stacking_default\"><div class=\"vc_col-sm-8 wpb_column vc_column_container\"><div class=\"vc_column-inner\"><div class=\"wpb_wrapper\"><div class=\"wpb_text_column\"><div class=\"wpb_wrapper\"><h1>Outros<\/h1>\n<\/div><\/div><div class=\"w-separator size_small\"><\/div><div class=\"g-cols wpb_row us_custom_833bf36a via_flex valign_top type_boxes stacking_default\"><div class=\"vc_col-sm-12 wpb_column vc_column_container\"><div class=\"vc_column-inner\"><div class=\"wpb_wrapper\"><div class=\"w-separator size_small\"><\/div><div class=\"wpb_text_column us_custom_6df4bc3a has_text_color\"><div class=\"wpb_wrapper\"><h3 style=\"text-align: left; color: #999999;\"><a href=\"http:\/\/ampid.org.br\/site2020\/wp-content\/uploads\/2024\/10\/carta-de-brasilia-encontro-pessoas-deficiencia.pdf\">Carta de Bras\u00edlia &#8211; I Encontro Nacional do Comit\u00ea dos Direitos de Pessoas com Defici\u00eancia no \u00c2mbito Judicial <\/a><\/h3>\n<\/div><\/div><div class=\"wpb_text_column\"><div class=\"wpb_wrapper\"><p>10\/2024<\/p>\n<\/div><\/div><\/div><\/div><\/div><\/div><div class=\"w-separator size_small\"><\/div><div class=\"g-cols wpb_row us_custom_833bf36a via_flex valign_top type_boxes stacking_default\"><div class=\"vc_col-sm-12 wpb_column vc_column_container\"><div class=\"vc_column-inner\"><div class=\"wpb_wrapper\"><div class=\"w-separator size_small\"><\/div><div class=\"wpb_text_column us_custom_6df4bc3a has_text_color\"><div class=\"wpb_wrapper\"><h3 style=\"text-align: left; color: #999999;\"><a href=\"http:\/\/ampid.org.br\/site2020\/wp-content\/uploads\/2024\/07\/RelatorioVersao12deJulhoCasaCivil.pdf\">Relatorio Final do GT sobre a Avalia\u00e7\u00e3o Biopscicossocial Unifcada da Defici\u00eancia<\/a><\/h3>\n<\/div><\/div><div class=\"wpb_text_column\"><div class=\"wpb_wrapper\"><p>07\/2024<\/p>\n<\/div><\/div><\/div><\/div><\/div><\/div><div class=\"w-separator size_small\"><\/div><div class=\"g-cols wpb_row us_custom_833bf36a via_flex valign_top type_boxes stacking_default\"><div class=\"vc_col-sm-12 wpb_column vc_column_container\"><div class=\"vc_column-inner\"><div class=\"wpb_wrapper\"><div class=\"w-separator size_small\"><\/div><div class=\"wpb_text_column us_custom_6df4bc3a has_text_color\"><div class=\"wpb_wrapper\"><h3 style=\"text-align: left; color: #999999;\"><a href=\"http:\/\/www.ampid.org.br\/v1\/wp-content\/uploads\/2019\/09\/Deficie%CC%82ncia-no-Brasil-.pdf\" target=\"_blank\" rel=\"noopener noreferrer\">Deficie\u0302ncia no Brasil<\/a><\/h3>\n<\/div><\/div><div class=\"wpb_text_column\"><div class=\"wpb_wrapper\"><p>09\/2019<\/p>\n<\/div><\/div><\/div><\/div><\/div><\/div><div class=\"w-separator size_small\"><\/div><div class=\"g-cols wpb_row us_custom_833bf36a via_flex valign_top type_boxes stacking_default\"><div class=\"vc_col-sm-12 wpb_column vc_column_container\"><div class=\"vc_column-inner\"><div class=\"wpb_wrapper\"><div class=\"w-separator size_small\"><\/div><div class=\"wpb_text_column us_custom_6df4bc3a has_text_color\"><div class=\"wpb_wrapper\"><h3 style=\"text-align: left; color: #999999;\"><a href=\"https:\/\/ampid.org.br\/site2020\/wp-content\/uploads\/2020\/11\/Brasil-Carta_-Educacao-Inclusiva_-Rede-In-10-11-2020.pdf\">Resposta do Alto Comissariado das Na\u00e7\u00f5es Unidas para os Direitos Humanos \u00e0 solicitacao da Rede &#8211; In<\/a><\/h3>\n<\/div><\/div><div class=\"wpb_text_column\"><div class=\"wpb_wrapper\"><p>11\/2020<\/p>\n<\/div><\/div><\/div><\/div><\/div><\/div><div class=\"w-separator size_small\"><\/div><div class=\"g-cols wpb_row us_custom_833bf36a via_flex valign_top type_boxes stacking_default\"><div class=\"vc_col-sm-12 wpb_column vc_column_container\"><div class=\"vc_column-inner\"><div class=\"wpb_wrapper\"><div class=\"w-separator size_small\"><\/div><div class=\"wpb_text_column us_custom_6df4bc3a has_text_color\"><div class=\"wpb_wrapper\"><h3 style=\"text-align: left; color: #999999;\"><a href=\"https:\/\/ampid.org.br\/site2020\/wp-content\/uploads\/2020\/11\/An\u00e1lise-do-Alto-Comissariado-das-Na\u00e7\u00f5es-Unidas-para-os-Direitos-Humanos-sobre-a-educa\u00e7\u00e3o-para-pessoas-com-defici\u00eancia.pdf\">An\u00e1lise do Alto Comissariado das Na\u00e7\u00f5es Unidas para os Direitos Humanos sobre a educa\u00e7\u00e3o para pessoas com defici\u00eancia<\/a><\/h3>\n<\/div><\/div><div class=\"wpb_text_column\"><div class=\"wpb_wrapper\"><p>11\/2020<\/p>\n<\/div><\/div><\/div><\/div><\/div><\/div><div class=\"w-separator size_small\"><\/div><div class=\"w-separator size_small\"><\/div><\/div><\/div><\/div><div class=\"vc_col-sm-4 vc_hidden-xs wpb_column vc_column_container has_bg_color\"><div class=\"vc_column-inner us_custom_0d15be52 type_sticky\"><div class=\"wpb_wrapper\"><div class=\"w-image align_center\"><div class=\"w-image-h\"><img decoding=\"async\" width=\"638\" height=\"725\" src=\"http:\/\/ampid.org.br\/site2020\/wp-content\/uploads\/2020\/06\/PHOTO-2019-10-17-23-10-07.jpg\" class=\"attachment-full size-full\" alt=\"\" loading=\"lazy\" srcset=\"http:\/\/ampid.org.br\/site2020\/wp-content\/uploads\/2020\/06\/PHOTO-2019-10-17-23-10-07.jpg 638w, http:\/\/ampid.org.br\/site2020\/wp-content\/uploads\/2020\/06\/PHOTO-2019-10-17-23-10-07-264x300.jpg 264w\" sizes=\"auto, (max-width: 638px) 100vw, 638px\" \/><\/div><\/div><div class=\"w-separator size_medium\"><\/div><div class=\"wpb_text_column\"><div class=\"wpb_wrapper\"><h3>\u00daltimas Not\u00edcias<\/h3>\n<\/div><\/div><div class=\"w-separator size_small\"><\/div><div class=\"w-grid type_grid layout_blog_4\" id=\"us_grid_1\" style=\"--gap:1.5rem;\" data-filterable=\"true\"><style>@media (min-width:1024px){#us_grid_1 .w-post-elm.post_title{font-size:1rem!important}}.layout_blog_4 .w-grid-item-h{}.layout_blog_4 .usg_post_image_1{margin-bottom:0.6rem!important}.layout_blog_4 .usg_post_title_1{font-size:1.2rem!important;margin-bottom:0.3rem!important}.layout_blog_4 .usg_post_date_1{color:var(--color-content-faded)!important;font-size:0.8rem!important;line-height:1.6!important}<\/style><div class=\"w-grid-list\">\t<article class=\"w-grid-item size_1x1 post-11574 post type-post status-publish format-standard has-post-thumbnail hentry category-190 category-noticias category-pessoas-com-deficiencia category-publicacoes-em-destaque tag-191 tag-bpc tag-pessoas-com-deficiencia-2\" data-id=\"11574\">\r\n\t\t<div class=\"w-grid-item-h\">\r\n\t\t\t\t\t\t<div class=\"w-post-elm post_image usg_post_image_1 stretched\"><a href=\"http:\/\/ampid.org.br\/site2020\/?p=11574\" aria-label=\"\u201cCarta ao Governo Lula\u201d pede a revers\u00e3o do PL 4614\/2024 sobre a altera\u00e7\u00e3o de BPC para pessoas com defici\u00eancia\"><img loading=\"lazy\" decoding=\"async\" width=\"600\" height=\"295\" src=\"http:\/\/ampid.org.br\/site2020\/wp-content\/uploads\/2024\/12\/Sem-titulologo-600x295.png\" class=\"attachment-us_600_337_crop size-us_600_337_crop wp-post-image\" alt=\"\" \/><\/a><\/div><h2 class=\"w-post-elm post_title usg_post_title_1 entry-title color_link_inherit\"><a href=\"http:\/\/ampid.org.br\/site2020\/?p=11574\">\u201cCarta ao Governo Lula\u201d pede a revers\u00e3o do PL 4614\/2024 sobre a altera\u00e7\u00e3o de BPC para pessoas com defici\u00eancia<\/a><\/h2><time class=\"w-post-elm post_date usg_post_date_1 has_text_color entry-date published\" datetime=\"2024-12-17T18:12:35-03:00\" title=\"17 dezembro 2024 \u00e0s 18:12:35 America\/Sao_Paulo\">1 ano atr\u00e1s<\/time>\t\t<\/div>\r\n\t\t\t<\/article>\r\n\t<article class=\"w-grid-item size_1x1 post-10925 post type-post status-publish format-standard has-post-thumbnail hentry category-175 category-notas category-noticias category-pessoas-com-deficiencia category-publicacoes-em-destaque tag-154 tag-ampid tag-avaliacao-biopsicossocial tag-direitos-das-pessoas-com-deficiencia\" data-id=\"10925\">\r\n\t\t<div class=\"w-grid-item-h\">\r\n\t\t\t\t\t\t<div class=\"w-post-elm post_image usg_post_image_1 stretched\"><a href=\"http:\/\/ampid.org.br\/site2020\/?p=10925\" aria-label=\"Nota de Preocupa\u00e7\u00e3o com Concurso P\u00fablico do INSS e Rep\u00fadio ao Manual\u00a0do\u00a0Cebraspe\"><img loading=\"lazy\" decoding=\"async\" width=\"600\" height=\"337\" src=\"http:\/\/ampid.org.br\/site2020\/wp-content\/uploads\/2020\/07\/rep-600x337.jpg\" class=\"attachment-us_600_337_crop size-us_600_337_crop wp-post-image\" alt=\"\" \/><\/a><\/div><h2 class=\"w-post-elm post_title usg_post_title_1 entry-title color_link_inherit\"><a href=\"http:\/\/ampid.org.br\/site2020\/?p=10925\">Nota de Preocupa\u00e7\u00e3o com Concurso P\u00fablico do INSS e Rep\u00fadio ao Manual\u00a0do\u00a0Cebraspe<\/a><\/h2><time class=\"w-post-elm post_date usg_post_date_1 has_text_color entry-date published\" datetime=\"2023-01-18T09:58:17-03:00\" title=\"18 janeiro 2023 \u00e0s 09:58:17 America\/Sao_Paulo\">3 anos atr\u00e1s<\/time>\t\t<\/div>\r\n\t\t\t<\/article>\r\n\t<article class=\"w-grid-item size_1x1 post-10918 post type-post status-publish format-standard has-post-thumbnail hentry category-175 category-notas category-noticias category-publicacoes-em-destaque tag-154 tag-capacitismo tag-direitos-das-pessoas-com-deficiencia tag-rede-in\" data-id=\"10918\">\r\n\t\t<div class=\"w-grid-item-h\">\r\n\t\t\t\t\t\t<div class=\"w-post-elm post_image usg_post_image_1 stretched\"><a href=\"http:\/\/ampid.org.br\/site2020\/?p=10918\" aria-label=\"Carta Aberta ao Presidente Lula sobre a redu\u00e7\u00e3o da estrutura de cargos da Secretaria Nacional dos Direitos da Pessoa com Defici\u00eancia\"><img loading=\"lazy\" decoding=\"async\" width=\"600\" height=\"337\" src=\"http:\/\/ampid.org.br\/site2020\/wp-content\/uploads\/2023\/01\/secretaria_das_cidades_df_widelg-600x337.jpg\" class=\"attachment-us_600_337_crop size-us_600_337_crop wp-post-image\" alt=\"\" srcset=\"http:\/\/ampid.org.br\/site2020\/wp-content\/uploads\/2023\/01\/secretaria_das_cidades_df_widelg-600x337.jpg 600w, http:\/\/ampid.org.br\/site2020\/wp-content\/uploads\/2023\/01\/secretaria_das_cidades_df_widelg-300x169.jpg 300w, http:\/\/ampid.org.br\/site2020\/wp-content\/uploads\/2023\/01\/secretaria_das_cidades_df_widelg-1024x576.jpg 1024w, http:\/\/ampid.org.br\/site2020\/wp-content\/uploads\/2023\/01\/secretaria_das_cidades_df_widelg.jpg 1200w\" sizes=\"auto, (max-width: 600px) 100vw, 600px\" \/><\/a><\/div><h2 class=\"w-post-elm post_title usg_post_title_1 entry-title color_link_inherit\"><a href=\"http:\/\/ampid.org.br\/site2020\/?p=10918\">Carta Aberta ao Presidente Lula sobre a redu\u00e7\u00e3o da estrutura de cargos da Secretaria Nacional dos Direitos da Pessoa com Defici\u00eancia<\/a><\/h2><time class=\"w-post-elm post_date usg_post_date_1 has_text_color entry-date published\" datetime=\"2023-01-13T18:28:58-03:00\" title=\"13 janeiro 2023 \u00e0s 18:28:58 America\/Sao_Paulo\">3 anos atr\u00e1s<\/time>\t\t<\/div>\r\n\t\t\t<\/article>\r\n<\/div><div class=\"w-grid-preloader\">\t<div class=\"g-preloader type_custom\">\r\n\t\t<div><img loading=\"lazy\" decoding=\"async\" width=\"300\" height=\"300\" src=\"http:\/\/ampid.org.br\/site2020\/wp-content\/uploads\/2020\/06\/icon-300x300.png\" class=\"attachment-medium size-medium\" alt=\"\" srcset=\"http:\/\/ampid.org.br\/site2020\/wp-content\/uploads\/2020\/06\/icon-300x300.png 300w, http:\/\/ampid.org.br\/site2020\/wp-content\/uploads\/2020\/06\/icon-150x150.png 150w, http:\/\/ampid.org.br\/site2020\/wp-content\/uploads\/2020\/06\/icon.png 512w\" sizes=\"auto, (max-width: 300px) 100vw, 300px\" \/><\/div>\r\n\t<\/div>\r\n\t<\/div>\t<div class=\"w-grid-json hidden\" onclick='return {&quot;action&quot;:&quot;us_ajax_grid&quot;,&quot;infinite_scroll&quot;:0,&quot;max_num_pages&quot;:9,&quot;pagination&quot;:&quot;none&quot;,&quot;template_vars&quot;:{&quot;columns&quot;:&quot;1&quot;,&quot;exclude_items&quot;:&quot;none&quot;,&quot;img_size&quot;:&quot;us_600_337_crop&quot;,&quot;ignore_items_size&quot;:0,&quot;items_layout&quot;:&quot;blog_4&quot;,&quot;items_offset&quot;:&quot;1&quot;,&quot;load_animation&quot;:&quot;none&quot;,&quot;overriding_link&quot;:&quot;{\\&quot;url\\&quot;:\\&quot;\\&quot;}&quot;,&quot;post_id&quot;:0,&quot;query_args&quot;:{&quot;post_type&quot;:[&quot;post&quot;],&quot;tax_query&quot;:[{&quot;taxonomy&quot;:&quot;category&quot;,&quot;field&quot;:&quot;slug&quot;,&quot;terms&quot;:[&quot;noticias&quot;]}],&quot;post_status&quot;:[&quot;publish&quot;,&quot;acf-disabled&quot;],&quot;ignore_sticky_posts&quot;:1,&quot;posts_per_page&quot;:&quot;3&quot;},&quot;orderby_query_args&quot;:{&quot;orderby&quot;:{&quot;date&quot;:&quot;DESC&quot;}},&quot;type&quot;:&quot;grid&quot;,&quot;us_grid_ajax_index&quot;:1,&quot;us_grid_filter_params&quot;:[],&quot;us_grid_index&quot;:1,&quot;_us_grid_post_type&quot;:&quot;post&quot;,&quot;page_args&quot;:[]}}'><\/div>\r\n\t<\/div><\/div><\/div><\/div><\/div><\/div><\/section>\n","protected":false},"excerpt":{"rendered":"&nbsp; 13 de janeiro de 2023 &nbsp; Carta Aberta ao Presidente Lula sobre a inaceit\u00e1vel redu\u00e7\u00e3o da estrutura de cargos da Secretaria Nac. dos Direitos da Pessoa com Defici\u00eancia A Rede-In (Rede Brasileira de Inclus\u00e3o da Pessoa com Defici\u00eancia) manifesta sua\u00a0preocupa\u00e7\u00e3o com a incompreens\u00edvel redu\u00e7\u00e3o da estrutura da Secretaria Nacional dos Direitos da Pessoa com...","protected":false},"author":2,"featured_media":0,"parent":0,"menu_order":0,"comment_status":"closed","ping_status":"closed","template":"","meta":{"_acf_changed":false,"inline_featured_image":false,"footnotes":""},"class_list":["post-10697","page","type-page","status-publish","hentry"],"acf":[],"_links":{"self":[{"href":"http:\/\/ampid.org.br\/site2020\/index.php?rest_route=\/wp\/v2\/pages\/10697","targetHints":{"allow":["GET"]}}],"collection":[{"href":"http:\/\/ampid.org.br\/site2020\/index.php?rest_route=\/wp\/v2\/pages"}],"about":[{"href":"http:\/\/ampid.org.br\/site2020\/index.php?rest_route=\/wp\/v2\/types\/page"}],"author":[{"embeddable":true,"href":"http:\/\/ampid.org.br\/site2020\/index.php?rest_route=\/wp\/v2\/users\/2"}],"replies":[{"embeddable":true,"href":"http:\/\/ampid.org.br\/site2020\/index.php?rest_route=%2Fwp%2Fv2%2Fcomments&post=10697"}],"version-history":[{"count":27,"href":"http:\/\/ampid.org.br\/site2020\/index.php?rest_route=\/wp\/v2\/pages\/10697\/revisions"}],"predecessor-version":[{"id":11499,"href":"http:\/\/ampid.org.br\/site2020\/index.php?rest_route=\/wp\/v2\/pages\/10697\/revisions\/11499"}],"wp:attachment":[{"href":"http:\/\/ampid.org.br\/site2020\/index.php?rest_route=%2Fwp%2Fv2%2Fmedia&parent=10697"}],"curies":[{"name":"wp","href":"https:\/\/api.w.org\/{rel}","templated":true}]}}