{"id":10113,"date":"2021-05-05T10:58:49","date_gmt":"2021-05-05T13:58:49","guid":{"rendered":"http:\/\/ampid.org.br\/site2020\/?page_id=10113"},"modified":"2022-03-21T17:19:31","modified_gmt":"2022-03-21T20:19:31","slug":"2021-notas-e-mocoes","status":"publish","type":"page","link":"http:\/\/ampid.org.br\/site2020\/?page_id=10113","title":{"rendered":"2021 &#8211; Notas e Mo\u00e7\u00f5es"},"content":{"rendered":"<section class=\"l-section wpb_row height_small\"><div class=\"l-section-h i-cf\"><div class=\"g-cols vc_row via_flex valign_top type_default stacking_default\"><div class=\"vc_col-sm-12 wpb_column vc_column_container\"><div class=\"vc_column-inner\"><div class=\"wpb_wrapper\"><div class=\"wpb_text_column\"><div class=\"wpb_wrapper\"><h1>Notas e Mo\u00e7\u00f5es<\/h1>\n<\/div><\/div><div class=\"wpb_text_column\"><div class=\"wpb_wrapper\"><h3>2021<\/h3>\n<\/div><\/div><div class=\"w-separator size_large\"><\/div><div class=\"w-grid type_grid layout_blog_14\" id=\"us_grid_1\" style=\"--gap:1.5rem;\" data-filterable=\"true\"><style>.layout_blog_14 .w-grid-item-h{}@media(max-width:479px){.layout_blog_14 .usg_post_image_1{display:none!important}}.layout_blog_14 .usg_hwrapper_1{color:var(--color-content-text)!important;margin-left:10%!important;padding-top:6%!important;padding-bottom:6%!important;background:var(--color-content-bg-alt)!important}.layout_blog_14 .usg_post_image_1{width:50%!important;margin-left:-11%!important;margin-right:0!important}.layout_blog_14 .usg_vwrapper_1{width:48%!important;margin-left:7%!important}.layout_blog_14 .usg_post_date_1{font-size:0.9rem!important}.layout_blog_14 .usg_post_title_1{font-weight:700!important;line-height:1.2!important}.layout_blog_14 .usg_post_content_1{font-size:0.9rem!important}@media (max-width:600px){.layout_blog_14 .usg_hwrapper_1{margin-left:0!important;margin-right:0!important;padding-top:0!important;padding-bottom:0!important}.layout_blog_14 .usg_post_image_1{width:100%!important;margin-left:0!important;margin-right:0!important}.layout_blog_14 .usg_vwrapper_1{width:86%!important;margin:5% 7% 7% 7%!important}}<\/style><div class=\"w-grid-list\">\t<article class=\"w-grid-item size_1x1 post-10467 post type-post status-publish format-standard has-post-thumbnail hentry category-idosos category-notas category-publicacoes-em-destaque tag-109 tag-ampid tag-cid-11 tag-direitos-dos-idosos tag-idosos-2 tag-ilpi tag-pessoa-idosa\" data-id=\"10467\">\r\n\t\t<div class=\"w-grid-item-h\">\r\n\t\t\t\t\t\t<div class=\"w-hwrapper usg_hwrapper_1 has_text_color align_none valign_center wrap\"><div class=\"w-post-elm post_image usg_post_image_1 has_width stretched\"><a href=\"http:\/\/ampid.org.br\/site2020\/?p=10467\" aria-label=\"Nota P\u00fablica sobre reconhecimento da OMS em retirar do CID 11 a velhice, deixando de reconhec\u00ea-la como doen\u00e7a\"><img loading=\"lazy\" decoding=\"async\" width=\"1024\" height=\"427\" src=\"http:\/\/ampid.org.br\/site2020\/wp-content\/uploads\/2020\/07\/pub-1-1024x427.jpg\" class=\"attachment-large size-large wp-post-image\" alt=\"\" srcset=\"http:\/\/ampid.org.br\/site2020\/wp-content\/uploads\/2020\/07\/pub-1-1024x427.jpg 1024w, http:\/\/ampid.org.br\/site2020\/wp-content\/uploads\/2020\/07\/pub-1-300x125.jpg 300w, http:\/\/ampid.org.br\/site2020\/wp-content\/uploads\/2020\/07\/pub-1.jpg 1920w\" sizes=\"auto, (max-width: 1024px) 100vw, 1024px\" \/><\/a><\/div><div class=\"w-vwrapper usg_vwrapper_1 align_none valign_top\"><time class=\"w-post-elm post_date usg_post_date_1 entry-date published\" datetime=\"2021-12-28T20:00:15-03:00\" title=\"28 dezembro 2021 \u00e0s 20:00:15 America\/Sao_Paulo\">4 anos atr\u00e1s<\/time><h2 class=\"w-post-elm post_title usg_post_title_1 entry-title color_link_inherit\"><a href=\"http:\/\/ampid.org.br\/site2020\/?p=10467\">Nota P\u00fablica sobre reconhecimento da OMS em retirar do CID 11 a velhice, deixando de reconhec\u00ea-la como doen\u00e7a<\/a><\/h2><div class=\"w-post-elm post_content usg_post_content_1\">&nbsp; &nbsp; Nota P\u00fablica sobre reconhecimento da OMS em retirar do CID 11 a velhice, deixando de reconhec\u00ea-la como doen\u00e7a No m\u00eas de junho de 2021 a Associa\u00e7\u00e3o Nacional dos&hellip;<\/div><\/div><\/div>\t\t<\/div>\r\n\t\t\t<\/article>\r\n\t<article class=\"w-grid-item size_1x1 post-10464 post type-post status-publish format-standard has-post-thumbnail hentry category-idosos category-notas category-publicacoes-em-destaque tag-109 tag-ampid tag-direitos-dos-idosos tag-idosos-2 tag-ilpi tag-pessoa-idosa\" data-id=\"10464\">\r\n\t\t<div class=\"w-grid-item-h\">\r\n\t\t\t\t\t\t<div class=\"w-hwrapper usg_hwrapper_1 has_text_color align_none valign_center wrap\"><div class=\"w-post-elm post_image usg_post_image_1 has_width stretched\"><a href=\"http:\/\/ampid.org.br\/site2020\/?p=10464\" aria-label=\"Nota P\u00fablica de Esclarecimento sobre o PL 134\/2019 que trata do limite de participa\u00e7\u00e3o da pessoa idosa no custeio de ILPI filantr\u00f3pica\"><img loading=\"lazy\" decoding=\"async\" width=\"1024\" height=\"427\" src=\"http:\/\/ampid.org.br\/site2020\/wp-content\/uploads\/2020\/07\/esc-1024x427.jpg\" class=\"attachment-large size-large wp-post-image\" alt=\"\" srcset=\"http:\/\/ampid.org.br\/site2020\/wp-content\/uploads\/2020\/07\/esc-1024x427.jpg 1024w, http:\/\/ampid.org.br\/site2020\/wp-content\/uploads\/2020\/07\/esc-300x125.jpg 300w, http:\/\/ampid.org.br\/site2020\/wp-content\/uploads\/2020\/07\/esc.jpg 1920w\" sizes=\"auto, (max-width: 1024px) 100vw, 1024px\" \/><\/a><\/div><div class=\"w-vwrapper usg_vwrapper_1 align_none valign_top\"><time class=\"w-post-elm post_date usg_post_date_1 entry-date published\" datetime=\"2021-12-28T19:44:17-03:00\" title=\"28 dezembro 2021 \u00e0s 19:44:17 America\/Sao_Paulo\">4 anos atr\u00e1s<\/time><h2 class=\"w-post-elm post_title usg_post_title_1 entry-title color_link_inherit\"><a href=\"http:\/\/ampid.org.br\/site2020\/?p=10464\">Nota P\u00fablica de Esclarecimento sobre o PL 134\/2019 que trata do limite de participa\u00e7\u00e3o da pessoa idosa no custeio de ILPI filantr\u00f3pica<\/a><\/h2><div class=\"w-post-elm post_content usg_post_content_1\">&nbsp; &nbsp; NOTA P\u00daBLICA DE ESCLARECIMENTOS SOBRE O PL 134\/2019 QUE PROP\u00d5E A ALTERA\u00c7\u00c3O DO \u00a7 2\u00ba, DO ARTIGO 35, DO ESTATUTO DO IDOSO, QUE TRATA DO LIMITE DE PARTICIPA\u00c7\u00c3O&hellip;<\/div><\/div><\/div>\t\t<\/div>\r\n\t\t\t<\/article>\r\n\t<article class=\"w-grid-item size_1x1 post-10430 post type-post status-publish format-standard has-post-thumbnail hentry category-idosos category-notas category-publicacoes-em-destaque tag-109 tag-ampid tag-direitos-dos-idosos tag-idosos-2 tag-ilpi tag-pessoa-idosa\" data-id=\"10430\">\r\n\t\t<div class=\"w-grid-item-h\">\r\n\t\t\t\t\t\t<div class=\"w-hwrapper usg_hwrapper_1 has_text_color align_none valign_center wrap\"><div class=\"w-post-elm post_image usg_post_image_1 has_width stretched\"><a href=\"http:\/\/ampid.org.br\/site2020\/?p=10430\" aria-label=\"Nota P\u00fablica de Rep\u00fadio ao PL 134\/2019 que trata do limite de participa\u00e7\u00e3o da pessoa idosa no custeio de ILPI filantr\u00f3pica\"><img loading=\"lazy\" decoding=\"async\" width=\"1024\" height=\"427\" src=\"http:\/\/ampid.org.br\/site2020\/wp-content\/uploads\/2020\/07\/rep-1024x427.jpg\" class=\"attachment-large size-large wp-post-image\" alt=\"\" srcset=\"http:\/\/ampid.org.br\/site2020\/wp-content\/uploads\/2020\/07\/rep-1024x427.jpg 1024w, http:\/\/ampid.org.br\/site2020\/wp-content\/uploads\/2020\/07\/rep-300x125.jpg 300w, http:\/\/ampid.org.br\/site2020\/wp-content\/uploads\/2020\/07\/rep.jpg 1920w\" sizes=\"auto, (max-width: 1024px) 100vw, 1024px\" \/><\/a><\/div><div class=\"w-vwrapper usg_vwrapper_1 align_none valign_top\"><time class=\"w-post-elm post_date usg_post_date_1 entry-date published\" datetime=\"2021-12-14T16:33:34-03:00\" title=\"14 dezembro 2021 \u00e0s 16:33:34 America\/Sao_Paulo\">4 anos atr\u00e1s<\/time><h2 class=\"w-post-elm post_title usg_post_title_1 entry-title color_link_inherit\"><a href=\"http:\/\/ampid.org.br\/site2020\/?p=10430\">Nota P\u00fablica de Rep\u00fadio ao PL 134\/2019 que trata do limite de participa\u00e7\u00e3o da pessoa idosa no custeio de ILPI filantr\u00f3pica<\/a><\/h2><div class=\"w-post-elm post_content usg_post_content_1\">&nbsp; \u00a0 &nbsp; NOTA P\u00daBLICA DE REP\u00daDIO AO PL 134\/2019, QUE PROP\u00d5E A ALTERA\u00c7\u00c3O DO \u00a7 2\u00ba, DO ARTIGO 35, DO ESTATUTO DO IDOSO, QUE TRATA DO LIMITE DE PARTICIPA\u00c7\u00c3O&hellip;<\/div><\/div><\/div>\t\t<\/div>\r\n\t\t\t<\/article>\r\n\t<article class=\"w-grid-item size_1x1 post-10422 post type-post status-publish format-standard has-post-thumbnail hentry category-idosos category-notas category-publicacoes-em-destaque tag-109 tag-ampid tag-idosos-2 tag-pessoa-com-deficiencia tag-pessoa-idosa tag-pessoas-com-deficiencia-2 tag-quinta-conferencia-nacional-dos-direitos-da-pessoa-com-deficiencia tag-vacina\" data-id=\"10422\">\r\n\t\t<div class=\"w-grid-item-h\">\r\n\t\t\t\t\t\t<div class=\"w-hwrapper usg_hwrapper_1 has_text_color align_none valign_center wrap\"><div class=\"w-post-elm post_image usg_post_image_1 has_width stretched\"><a href=\"http:\/\/ampid.org.br\/site2020\/?p=10422\" aria-label=\"Nota p\u00fablica de rep\u00fadio: altera\u00e7\u00e3o do Estatuto do Idoso para aumento de planos de sa\u00fade\"><img loading=\"lazy\" decoding=\"async\" width=\"1024\" height=\"427\" src=\"http:\/\/ampid.org.br\/site2020\/wp-content\/uploads\/2020\/07\/rep-1024x427.jpg\" class=\"attachment-large size-large wp-post-image\" alt=\"\" srcset=\"http:\/\/ampid.org.br\/site2020\/wp-content\/uploads\/2020\/07\/rep-1024x427.jpg 1024w, http:\/\/ampid.org.br\/site2020\/wp-content\/uploads\/2020\/07\/rep-300x125.jpg 300w, http:\/\/ampid.org.br\/site2020\/wp-content\/uploads\/2020\/07\/rep.jpg 1920w\" sizes=\"auto, (max-width: 1024px) 100vw, 1024px\" \/><\/a><\/div><div class=\"w-vwrapper usg_vwrapper_1 align_none valign_top\"><time class=\"w-post-elm post_date usg_post_date_1 entry-date published\" datetime=\"2021-12-07T00:27:22-03:00\" title=\"7 dezembro 2021 \u00e0s 00:27:22 America\/Sao_Paulo\">4 anos atr\u00e1s<\/time><h2 class=\"w-post-elm post_title usg_post_title_1 entry-title color_link_inherit\"><a href=\"http:\/\/ampid.org.br\/site2020\/?p=10422\">Nota p\u00fablica de rep\u00fadio: altera\u00e7\u00e3o do Estatuto do Idoso para aumento de planos de sa\u00fade<\/a><\/h2><div class=\"w-post-elm post_content usg_post_content_1\">Nota p\u00fablica de rep\u00fadio: altera\u00e7\u00e3o do Estatuto do Idoso para aumento de planos de sa\u00fade Iniciativa legislativa expressa o descompromisso e a falta de sensibilidade de setores do parlamento com&hellip;<\/div><\/div><\/div>\t\t<\/div>\r\n\t\t\t<\/article>\r\n\t<article class=\"w-grid-item size_1x1 post-10415 post type-post status-publish format-standard has-post-thumbnail hentry category-notas category-pessoas-com-deficiencia category-publicacoes-em-destaque tag-109 tag-ampid tag-idosos-2 tag-pessoa-com-deficiencia tag-pessoa-idosa tag-pessoas-com-deficiencia-2 tag-quinta-conferencia-nacional-dos-direitos-da-pessoa-com-deficiencia tag-vacina\" data-id=\"10415\">\r\n\t\t<div class=\"w-grid-item-h\">\r\n\t\t\t\t\t\t<div class=\"w-hwrapper usg_hwrapper_1 has_text_color align_none valign_center wrap\"><div class=\"w-post-elm post_image usg_post_image_1 has_width stretched\"><a href=\"http:\/\/ampid.org.br\/site2020\/?p=10415\" aria-label=\"Nota de Rep\u00fadio ao Decreto 10.879\/2021 que convoca a Quinta Confer\u00eancia Nacional dos Direitos da Pessoa com Defici\u00eancia\"><img loading=\"lazy\" decoding=\"async\" width=\"1024\" height=\"427\" src=\"http:\/\/ampid.org.br\/site2020\/wp-content\/uploads\/2020\/07\/rep-1024x427.jpg\" class=\"attachment-large size-large wp-post-image\" alt=\"\" srcset=\"http:\/\/ampid.org.br\/site2020\/wp-content\/uploads\/2020\/07\/rep-1024x427.jpg 1024w, http:\/\/ampid.org.br\/site2020\/wp-content\/uploads\/2020\/07\/rep-300x125.jpg 300w, http:\/\/ampid.org.br\/site2020\/wp-content\/uploads\/2020\/07\/rep.jpg 1920w\" sizes=\"auto, (max-width: 1024px) 100vw, 1024px\" \/><\/a><\/div><div class=\"w-vwrapper usg_vwrapper_1 align_none valign_top\"><time class=\"w-post-elm post_date usg_post_date_1 entry-date published\" datetime=\"2021-12-02T13:59:05-03:00\" title=\"2 dezembro 2021 \u00e0s 13:59:05 America\/Sao_Paulo\">4 anos atr\u00e1s<\/time><h2 class=\"w-post-elm post_title usg_post_title_1 entry-title color_link_inherit\"><a href=\"http:\/\/ampid.org.br\/site2020\/?p=10415\">Nota de Rep\u00fadio ao Decreto 10.879\/2021 que convoca a Quinta Confer\u00eancia Nacional dos Direitos da Pessoa com Defici\u00eancia<\/a><\/h2><div class=\"w-post-elm post_content usg_post_content_1\">Nota de Rep\u00fadio ao Decreto 10.879\/2021 que convoca a Quinta Confer\u00eancia Nacional dos Direitos da Pessoa com Defici\u00eancia \u00a0A Associa\u00e7\u00e3o Nacional dos Membros do Minist\u00e9rio P\u00fablico de Defesa dos Direitos&hellip;<\/div><\/div><\/div>\t\t<\/div>\r\n\t\t\t<\/article>\r\n\t<article class=\"w-grid-item size_1x1 post-10406 post type-post status-publish format-standard has-post-thumbnail hentry category-idosos category-notas category-pessoas-com-deficiencia category-publicacoes-em-destaque tag-109 tag-ampid tag-idosos-2 tag-pessoa-com-deficiencia tag-pessoa-idosa tag-pessoas-com-deficiencia-2 tag-vacina\" data-id=\"10406\">\r\n\t\t<div class=\"w-grid-item-h\">\r\n\t\t\t\t\t\t<div class=\"w-hwrapper usg_hwrapper_1 has_text_color align_none valign_center wrap\"><div class=\"w-post-elm post_image usg_post_image_1 has_width stretched\"><a href=\"http:\/\/ampid.org.br\/site2020\/?p=10406\" aria-label=\"Nota de Rep\u00fadio \u00e0 Portaria MTP N\u00ba 620\/2021 do Minist\u00e9rio do Trabalho e Previd\u00eancia que pro\u00edbe a exig\u00eancia de comprovante de vacina\u00e7\u00e3o\"><img loading=\"lazy\" decoding=\"async\" width=\"1024\" height=\"427\" src=\"http:\/\/ampid.org.br\/site2020\/wp-content\/uploads\/2020\/07\/rep-1024x427.jpg\" class=\"attachment-large size-large wp-post-image\" alt=\"\" srcset=\"http:\/\/ampid.org.br\/site2020\/wp-content\/uploads\/2020\/07\/rep-1024x427.jpg 1024w, http:\/\/ampid.org.br\/site2020\/wp-content\/uploads\/2020\/07\/rep-300x125.jpg 300w, http:\/\/ampid.org.br\/site2020\/wp-content\/uploads\/2020\/07\/rep.jpg 1920w\" sizes=\"auto, (max-width: 1024px) 100vw, 1024px\" \/><\/a><\/div><div class=\"w-vwrapper usg_vwrapper_1 align_none valign_top\"><time class=\"w-post-elm post_date usg_post_date_1 entry-date published\" datetime=\"2021-11-11T18:24:13-03:00\" title=\"11 novembro 2021 \u00e0s 18:24:13 America\/Sao_Paulo\">4 anos atr\u00e1s<\/time><h2 class=\"w-post-elm post_title usg_post_title_1 entry-title color_link_inherit\"><a href=\"http:\/\/ampid.org.br\/site2020\/?p=10406\">Nota de Rep\u00fadio \u00e0 Portaria MTP N\u00ba 620\/2021 do Minist\u00e9rio do Trabalho e Previd\u00eancia que pro\u00edbe a exig\u00eancia de comprovante de vacina\u00e7\u00e3o<\/a><\/h2><div class=\"w-post-elm post_content usg_post_content_1\">NOTA DE REP\u00daDIO \u00c0 PORTARIA MTP N\u00ba 620\/2021 DO MINIST\u00c9RIO DO TRABALHO E PREVID\u00caNCIA QUE PRO\u00cdBE A EXIG\u00caNCIA DE COMPROVANTE DE VACINA\u00c7\u00c3O A Associa\u00e7\u00e3o Nacional dos Membros do Minist\u00e9rio P\u00fablico&hellip;<\/div><\/div><\/div>\t\t<\/div>\r\n\t\t\t<\/article>\r\n\t<article class=\"w-grid-item size_1x1 post-10401 post type-post status-publish format-standard has-post-thumbnail hentry category-notas category-pessoas-com-deficiencia category-publicacoes-em-destaque tag-109 tag-ampid tag-idosos-2 tag-pessoa-idosa tag-pessoas-com-deficiencia-2\" data-id=\"10401\">\r\n\t\t<div class=\"w-grid-item-h\">\r\n\t\t\t\t\t\t<div class=\"w-hwrapper usg_hwrapper_1 has_text_color align_none valign_center wrap\"><div class=\"w-post-elm post_image usg_post_image_1 has_width stretched\"><a href=\"http:\/\/ampid.org.br\/site2020\/?p=10401\" aria-label=\"Nota P\u00fablica de Rep\u00fadio de altera\u00e7\u00e3o de reserva de cargos (cota) do PL n\u00b0 626\/2021\"><img loading=\"lazy\" decoding=\"async\" width=\"1024\" height=\"427\" src=\"http:\/\/ampid.org.br\/site2020\/wp-content\/uploads\/2020\/07\/rep-1024x427.jpg\" class=\"attachment-large size-large wp-post-image\" alt=\"\" srcset=\"http:\/\/ampid.org.br\/site2020\/wp-content\/uploads\/2020\/07\/rep-1024x427.jpg 1024w, http:\/\/ampid.org.br\/site2020\/wp-content\/uploads\/2020\/07\/rep-300x125.jpg 300w, http:\/\/ampid.org.br\/site2020\/wp-content\/uploads\/2020\/07\/rep.jpg 1920w\" sizes=\"auto, (max-width: 1024px) 100vw, 1024px\" \/><\/a><\/div><div class=\"w-vwrapper usg_vwrapper_1 align_none valign_top\"><time class=\"w-post-elm post_date usg_post_date_1 entry-date published\" datetime=\"2021-10-04T22:56:01-03:00\" title=\"4 outubro 2021 \u00e0s 22:56:01 America\/Sao_Paulo\">5 anos atr\u00e1s<\/time><h2 class=\"w-post-elm post_title usg_post_title_1 entry-title color_link_inherit\"><a href=\"http:\/\/ampid.org.br\/site2020\/?p=10401\">Nota P\u00fablica de Rep\u00fadio de altera\u00e7\u00e3o de reserva de cargos (cota) do PL n\u00b0 626\/2021<\/a><\/h2><div class=\"w-post-elm post_content usg_post_content_1\">NOTA P\u00daBLICA DE REP\u00daDIO DE ALTERA\u00c7\u00c3O DE RESERVA DE CARGOS (COTA) DO PROJETO DE LEI N\u00b0 626\/2021 A Associa\u00e7\u00e3o Nacional dos Membros do Minist\u00e9rio P\u00fablico de Defesa dos Direitos das&hellip;<\/div><\/div><\/div>\t\t<\/div>\r\n\t\t\t<\/article>\r\n\t<article class=\"w-grid-item size_1x1 post-10378 post type-post status-publish format-standard has-post-thumbnail hentry category-notas category-pessoas-com-deficiencia category-publicacoes-em-destaque tag-109 tag-pessoas-com-deficiencia-2 tag-rede-brasileira-de-inclusao-da-pessoa-com-deficiencia\" data-id=\"10378\">\r\n\t\t<div class=\"w-grid-item-h\">\r\n\t\t\t\t\t\t<div class=\"w-hwrapper usg_hwrapper_1 has_text_color align_none valign_center wrap\"><div class=\"w-post-elm post_image usg_post_image_1 has_width stretched\"><a href=\"http:\/\/ampid.org.br\/site2020\/?p=10378\" aria-label=\"Nota sobre o Projeto de Lei n\u00ba 2.505\/2021\"><img loading=\"lazy\" decoding=\"async\" width=\"900\" height=\"572\" src=\"http:\/\/ampid.org.br\/site2020\/wp-content\/uploads\/2021\/10\/27e7bd57eb75c30b31187bc1ee6beaed_L.jpg\" class=\"attachment-large size-large wp-post-image\" alt=\"\" srcset=\"http:\/\/ampid.org.br\/site2020\/wp-content\/uploads\/2021\/10\/27e7bd57eb75c30b31187bc1ee6beaed_L.jpg 900w, http:\/\/ampid.org.br\/site2020\/wp-content\/uploads\/2021\/10\/27e7bd57eb75c30b31187bc1ee6beaed_L-300x191.jpg 300w\" sizes=\"auto, (max-width: 900px) 100vw, 900px\" \/><\/a><\/div><div class=\"w-vwrapper usg_vwrapper_1 align_none valign_top\"><time class=\"w-post-elm post_date usg_post_date_1 entry-date published\" datetime=\"2021-10-04T11:24:22-03:00\" title=\"4 outubro 2021 \u00e0s 11:24:22 America\/Sao_Paulo\">5 anos atr\u00e1s<\/time><h2 class=\"w-post-elm post_title usg_post_title_1 entry-title color_link_inherit\"><a href=\"http:\/\/ampid.org.br\/site2020\/?p=10378\">Nota sobre o Projeto de Lei n\u00ba 2.505\/2021<\/a><\/h2><div class=\"w-post-elm post_content usg_post_content_1\">A Rede Brasileira de Inclus\u00e3o da Pessoa com Defici\u00eancia (Rede-In), que atua nacionalmente em defesa dos direitos das pessoas com defici\u00eancia e congrega 16 organiza\u00e7\u00f5es da sociedade civil, vem a&hellip;<\/div><\/div><\/div>\t\t<\/div>\r\n\t\t\t<\/article>\r\n\t<article class=\"w-grid-item size_1x1 post-10358 post type-post status-publish format-standard has-post-thumbnail hentry category-notas category-pessoas-com-deficiencia category-publicacoes-em-destaque tag-109 tag-ampid tag-idosos-2 tag-lei-maria-da-penha tag-notas tag-pessoa-idosa tag-pessoas-com-deficiencia-2\" data-id=\"10358\">\r\n\t\t<div class=\"w-grid-item-h\">\r\n\t\t\t\t\t\t<div class=\"w-hwrapper usg_hwrapper_1 has_text_color align_none valign_center wrap\"><div class=\"w-post-elm post_image usg_post_image_1 has_width stretched\"><a href=\"http:\/\/ampid.org.br\/site2020\/?p=10358\" aria-label=\"Nota P\u00fablica de Rep\u00fadio a atitude do Deputado Estadual Jesse Lopes (PSL)\"><img loading=\"lazy\" decoding=\"async\" width=\"1024\" height=\"427\" src=\"http:\/\/ampid.org.br\/site2020\/wp-content\/uploads\/2020\/07\/rep-1024x427.jpg\" class=\"attachment-large size-large wp-post-image\" alt=\"\" srcset=\"http:\/\/ampid.org.br\/site2020\/wp-content\/uploads\/2020\/07\/rep-1024x427.jpg 1024w, http:\/\/ampid.org.br\/site2020\/wp-content\/uploads\/2020\/07\/rep-300x125.jpg 300w, http:\/\/ampid.org.br\/site2020\/wp-content\/uploads\/2020\/07\/rep.jpg 1920w\" sizes=\"auto, (max-width: 1024px) 100vw, 1024px\" \/><\/a><\/div><div class=\"w-vwrapper usg_vwrapper_1 align_none valign_top\"><time class=\"w-post-elm post_date usg_post_date_1 entry-date published\" datetime=\"2021-09-07T08:34:41-03:00\" title=\"7 setembro 2021 \u00e0s 08:34:41 America\/Sao_Paulo\">5 anos atr\u00e1s<\/time><h2 class=\"w-post-elm post_title usg_post_title_1 entry-title color_link_inherit\"><a href=\"http:\/\/ampid.org.br\/site2020\/?p=10358\">Nota P\u00fablica de Rep\u00fadio a atitude do Deputado Estadual Jesse Lopes (PSL)<\/a><\/h2><div class=\"w-post-elm post_content usg_post_content_1\">07 de setembro de 2021 NOTA P\u00daBLICA DE REP\u00daDIO A ATITUDE DO DEPUTADO ESTADUAL JESSE LOPES (PSL) A Associa\u00e7\u00e3o Nacional dos Membros do Minist\u00e9rio P\u00fablico de Defesa dos Direitos das&hellip;<\/div><\/div><\/div>\t\t<\/div>\r\n\t\t\t<\/article>\r\n\t<article class=\"w-grid-item size_1x1 post-10312 post type-post status-publish format-standard has-post-thumbnail hentry category-notas category-noticias category-pessoas-com-deficiencia category-publicacoes-em-destaque tag-109 tag-ampid tag-ensino-domiciliar tag-notas tag-pessoa-com-deficiencia tag-slider\" data-id=\"10312\">\r\n\t\t<div class=\"w-grid-item-h\">\r\n\t\t\t\t\t\t<div class=\"w-hwrapper usg_hwrapper_1 has_text_color align_none valign_center wrap\"><div class=\"w-post-elm post_image usg_post_image_1 has_width stretched\"><a href=\"http:\/\/ampid.org.br\/site2020\/?p=10312\" aria-label=\"Nota P\u00fablica de Rep\u00fadio ao Projeto de Lei e Substitutos que prop\u00f5em o ensino domiciliar (homeschooling)\"><img loading=\"lazy\" decoding=\"async\" width=\"1024\" height=\"427\" src=\"http:\/\/ampid.org.br\/site2020\/wp-content\/uploads\/2020\/07\/rep-1024x427.jpg\" class=\"attachment-large size-large wp-post-image\" alt=\"\" srcset=\"http:\/\/ampid.org.br\/site2020\/wp-content\/uploads\/2020\/07\/rep-1024x427.jpg 1024w, http:\/\/ampid.org.br\/site2020\/wp-content\/uploads\/2020\/07\/rep-300x125.jpg 300w, http:\/\/ampid.org.br\/site2020\/wp-content\/uploads\/2020\/07\/rep.jpg 1920w\" sizes=\"auto, (max-width: 1024px) 100vw, 1024px\" \/><\/a><\/div><div class=\"w-vwrapper usg_vwrapper_1 align_none valign_top\"><time class=\"w-post-elm post_date usg_post_date_1 entry-date published\" datetime=\"2021-07-22T17:33:51-03:00\" title=\"22 julho 2021 \u00e0s 17:33:51 America\/Sao_Paulo\">5 anos atr\u00e1s<\/time><h2 class=\"w-post-elm post_title usg_post_title_1 entry-title color_link_inherit\"><a href=\"http:\/\/ampid.org.br\/site2020\/?p=10312\">Nota P\u00fablica de Rep\u00fadio ao Projeto de Lei e Substitutos que prop\u00f5em o ensino domiciliar (homeschooling)<\/a><\/h2><div class=\"w-post-elm post_content usg_post_content_1\">\u00a0 &nbsp; 22 de julho de 2021 NOTA P\u00daBLICA DE REP\u00daDIO AO PROJETO DE LEI N\u00b0 3.179\/2012 e seus anexos N\u00b0 3.261\/2015, N\u00b0 10.185\/2018, N\u00b0 2401\/2019, N\u00b0 5.852\/2019, N\u00b0 6.188\/2019&hellip;<\/div><\/div><\/div>\t\t<\/div>\r\n\t\t\t<\/article>\r\n\t<article class=\"w-grid-item size_1x1 post-10302 post type-post status-publish format-standard has-post-thumbnail hentry category-notas category-noticias category-pessoas-com-deficiencia category-publicacoes-em-destaque tag-109 tag-direitos-da-pessoa-idosa tag-libras tag-notas tag-pessoa-com-deficiencia tag-slider\" data-id=\"10302\">\r\n\t\t<div class=\"w-grid-item-h\">\r\n\t\t\t\t\t\t<div class=\"w-hwrapper usg_hwrapper_1 has_text_color align_none valign_center wrap\"><div class=\"w-post-elm post_image usg_post_image_1 has_width stretched\"><a href=\"http:\/\/ampid.org.br\/site2020\/?p=10302\" aria-label=\"A AMPID adere \u00e0  CARTA ABERTA \u00c0 UFRJ para disponibilizar recursos de acessibilidade ao estudante de medicina MATHEUS, que \u00e9 uma pessoa surda\"><img loading=\"lazy\" decoding=\"async\" width=\"1024\" height=\"683\" src=\"http:\/\/ampid.org.br\/site2020\/wp-content\/uploads\/2021\/07\/carta-demissao-escrevendo-e1605127501725-1024x683.jpg\" class=\"attachment-large size-large wp-post-image\" alt=\"\" srcset=\"http:\/\/ampid.org.br\/site2020\/wp-content\/uploads\/2021\/07\/carta-demissao-escrevendo-e1605127501725-1024x683.jpg 1024w, http:\/\/ampid.org.br\/site2020\/wp-content\/uploads\/2021\/07\/carta-demissao-escrevendo-e1605127501725-300x200.jpg 300w, http:\/\/ampid.org.br\/site2020\/wp-content\/uploads\/2021\/07\/carta-demissao-escrevendo-e1605127501725.jpg 1280w\" sizes=\"auto, (max-width: 1024px) 100vw, 1024px\" \/><\/a><\/div><div class=\"w-vwrapper usg_vwrapper_1 align_none valign_top\"><time class=\"w-post-elm post_date usg_post_date_1 entry-date published\" datetime=\"2021-07-14T18:37:57-03:00\" title=\"14 julho 2021 \u00e0s 18:37:57 America\/Sao_Paulo\">5 anos atr\u00e1s<\/time><h2 class=\"w-post-elm post_title usg_post_title_1 entry-title color_link_inherit\"><a href=\"http:\/\/ampid.org.br\/site2020\/?p=10302\">A AMPID adere \u00e0  CARTA ABERTA \u00c0 UFRJ para disponibilizar recursos de acessibilidade ao estudante de medicina MATHEUS, que \u00e9 uma pessoa surda<\/a><\/h2><div class=\"w-post-elm post_content usg_post_content_1\">\u00a0\u00a0 14 de julho de 2021 A AMPID adere \u00e0 CARTA ABERTA \u00c0 UFRJ para disponibilizar todos os recursos de acessibilidade ao estudante de medicina MATHEUS, que \u00e9 uma pessoa&hellip;<\/div><\/div><\/div>\t\t<\/div>\r\n\t\t\t<\/article>\r\n\t<article class=\"w-grid-item size_1x1 post-10297 post type-post status-publish format-standard has-post-thumbnail hentry category-notas category-noticias category-pessoas-com-deficiencia category-publicacoes-em-destaque tag-109 tag-direitos-da-pessoa-idosa tag-pessoa-com-deficiencia tag-rede-in tag-slider\" data-id=\"10297\">\r\n\t\t<div class=\"w-grid-item-h\">\r\n\t\t\t\t\t\t<div class=\"w-hwrapper usg_hwrapper_1 has_text_color align_none valign_center wrap\"><div class=\"w-post-elm post_image usg_post_image_1 has_width stretched\"><a href=\"http:\/\/ampid.org.br\/site2020\/?p=10297\" aria-label=\"A AMPID apoia a a\u00e7\u00e3o do CFESS sobre as dificuldades de acesso ao BPC trazidas pela  Lei n\u00ba 14.176\/2021\"><img loading=\"lazy\" decoding=\"async\" width=\"1024\" height=\"1024\" src=\"http:\/\/ampid.org.br\/site2020\/wp-content\/uploads\/2021\/07\/Cfess-CarrosselBPCparte1-01-1024x1024.jpg\" class=\"attachment-large size-large wp-post-image\" alt=\"\" srcset=\"http:\/\/ampid.org.br\/site2020\/wp-content\/uploads\/2021\/07\/Cfess-CarrosselBPCparte1-01-1024x1024.jpg 1024w, http:\/\/ampid.org.br\/site2020\/wp-content\/uploads\/2021\/07\/Cfess-CarrosselBPCparte1-01-300x300.jpg 300w, http:\/\/ampid.org.br\/site2020\/wp-content\/uploads\/2021\/07\/Cfess-CarrosselBPCparte1-01-150x150.jpg 150w, http:\/\/ampid.org.br\/site2020\/wp-content\/uploads\/2021\/07\/Cfess-CarrosselBPCparte1-01-600x600.jpg 600w, http:\/\/ampid.org.br\/site2020\/wp-content\/uploads\/2021\/07\/Cfess-CarrosselBPCparte1-01.jpg 1080w\" sizes=\"auto, (max-width: 1024px) 100vw, 1024px\" \/><\/a><\/div><div class=\"w-vwrapper usg_vwrapper_1 align_none valign_top\"><time class=\"w-post-elm post_date usg_post_date_1 entry-date published\" datetime=\"2021-07-14T15:50:15-03:00\" title=\"14 julho 2021 \u00e0s 15:50:15 America\/Sao_Paulo\">5 anos atr\u00e1s<\/time><h2 class=\"w-post-elm post_title usg_post_title_1 entry-title color_link_inherit\"><a href=\"http:\/\/ampid.org.br\/site2020\/?p=10297\">A AMPID apoia a a\u00e7\u00e3o do CFESS sobre as dificuldades de acesso ao BPC trazidas pela  Lei n\u00ba 14.176\/2021<\/a><\/h2><div class=\"w-post-elm post_content usg_post_content_1\">\u00a0\u00a0 14 de julho de 2021 A AMPID apoia a a\u00e7\u00e3o do CFESS para esclarecer sobre as dificuldades de acesso ao BPC trazidas pela Lei n\u00ba 14.176\/2021 conforme se pode&hellip;<\/div><\/div><\/div>\t\t<\/div>\r\n\t\t\t<\/article>\r\n\t<article class=\"w-grid-item size_1x1 post-10287 post type-post status-publish format-standard has-post-thumbnail hentry category-notas category-noticias category-pessoas-com-deficiencia category-publicacoes-em-destaque tag-109 tag-direitos-da-pessoa-idosa tag-pessoa-com-deficiencia tag-rede-in tag-slider\" data-id=\"10287\">\r\n\t\t<div class=\"w-grid-item-h\">\r\n\t\t\t\t\t\t<div class=\"w-hwrapper usg_hwrapper_1 has_text_color align_none valign_center wrap\"><div class=\"w-post-elm post_image usg_post_image_1 has_width stretched\"><a href=\"http:\/\/ampid.org.br\/site2020\/?p=10287\" aria-label=\"A AMPID adere a nota da Rede-In sobre a Lei n\u00ba 14.176\/2021 que aponta retrocessos nos crit\u00e9rios de acesso ao BPC e concess\u00e3o do aux\u00edlio inclus\u00e3o\"><img loading=\"lazy\" decoding=\"async\" width=\"820\" height=\"312\" src=\"http:\/\/ampid.org.br\/site2020\/wp-content\/uploads\/2021\/07\/cc3a2mara-aprova-projeto-que-cria-o-estatuto-da-pessoa-com-deficic3aanci1.jpg\" class=\"attachment-large size-large wp-post-image\" alt=\"\" srcset=\"http:\/\/ampid.org.br\/site2020\/wp-content\/uploads\/2021\/07\/cc3a2mara-aprova-projeto-que-cria-o-estatuto-da-pessoa-com-deficic3aanci1.jpg 820w, http:\/\/ampid.org.br\/site2020\/wp-content\/uploads\/2021\/07\/cc3a2mara-aprova-projeto-que-cria-o-estatuto-da-pessoa-com-deficic3aanci1-300x114.jpg 300w\" sizes=\"auto, (max-width: 820px) 100vw, 820px\" \/><\/a><\/div><div class=\"w-vwrapper usg_vwrapper_1 align_none valign_top\"><time class=\"w-post-elm post_date usg_post_date_1 entry-date published\" datetime=\"2021-07-14T14:41:08-03:00\" title=\"14 julho 2021 \u00e0s 14:41:08 America\/Sao_Paulo\">5 anos atr\u00e1s<\/time><h2 class=\"w-post-elm post_title usg_post_title_1 entry-title color_link_inherit\"><a href=\"http:\/\/ampid.org.br\/site2020\/?p=10287\">A AMPID adere a nota da Rede-In sobre a Lei n\u00ba 14.176\/2021 que aponta retrocessos nos crit\u00e9rios de acesso ao BPC e concess\u00e3o do aux\u00edlio inclus\u00e3o<\/a><\/h2><div class=\"w-post-elm post_content usg_post_content_1\">\u00a0\u00a0 14 de julho de 2021 A AMPID adere a nota da Rede-In sobre a Lei n\u00ba 14.176\/2021 que aponta retrocessos nos crit\u00e9rios de acesso ao BPC e concess\u00e3o do&hellip;<\/div><\/div><\/div>\t\t<\/div>\r\n\t\t\t<\/article>\r\n\t<article class=\"w-grid-item size_1x1 post-10277 post type-post status-publish format-standard has-post-thumbnail hentry category-notas category-noticias category-pessoas-com-deficiencia category-publicacoes-em-destaque tag-109 tag-ampid tag-concurso-publico-banco-do-brasil tag-direitos-da-pessoa-idosa tag-pessoa-com-deficiencia tag-slider\" data-id=\"10277\">\r\n\t\t<div class=\"w-grid-item-h\">\r\n\t\t\t\t\t\t<div class=\"w-hwrapper usg_hwrapper_1 has_text_color align_none valign_center wrap\"><div class=\"w-post-elm post_image usg_post_image_1 has_width stretched\"><a href=\"http:\/\/ampid.org.br\/site2020\/?p=10277\" aria-label=\"Nota P\u00fablica de Rep\u00fadio ao Edital de Concurso P\u00fablico do Banco do Brasil\"><img loading=\"lazy\" decoding=\"async\" width=\"1024\" height=\"427\" src=\"http:\/\/ampid.org.br\/site2020\/wp-content\/uploads\/2020\/07\/rep-1024x427.jpg\" class=\"attachment-large size-large wp-post-image\" alt=\"\" srcset=\"http:\/\/ampid.org.br\/site2020\/wp-content\/uploads\/2020\/07\/rep-1024x427.jpg 1024w, http:\/\/ampid.org.br\/site2020\/wp-content\/uploads\/2020\/07\/rep-300x125.jpg 300w, http:\/\/ampid.org.br\/site2020\/wp-content\/uploads\/2020\/07\/rep.jpg 1920w\" sizes=\"auto, (max-width: 1024px) 100vw, 1024px\" \/><\/a><\/div><div class=\"w-vwrapper usg_vwrapper_1 align_none valign_top\"><time class=\"w-post-elm post_date usg_post_date_1 entry-date published\" datetime=\"2021-07-06T17:16:11-03:00\" title=\"6 julho 2021 \u00e0s 17:16:11 America\/Sao_Paulo\">5 anos atr\u00e1s<\/time><h2 class=\"w-post-elm post_title usg_post_title_1 entry-title color_link_inherit\"><a href=\"http:\/\/ampid.org.br\/site2020\/?p=10277\">Nota P\u00fablica de Rep\u00fadio ao Edital de Concurso P\u00fablico do Banco do Brasil<\/a><\/h2><div class=\"w-post-elm post_content usg_post_content_1\">\u00a0\u00a0 06 de julho de 2021 A Ampid\u00a0preocupada com o teor do Edital de concurso p\u00fablico do Banco do Brasil para a carreira administrativa de escritur\u00e1rio lan\u00e7a nota com esclarecimentos&hellip;<\/div><\/div><\/div>\t\t<\/div>\r\n\t\t\t<\/article>\r\n\t<article class=\"w-grid-item size_1x1 post-10259 post type-post status-publish format-standard has-post-thumbnail hentry category-idosos category-notas category-noticias category-pessoas-com-deficiencia category-publicacoes-em-destaque tag-109 tag-ampid tag-direitos-da-pessoa-idosa tag-libras tag-pessoa-com-deficiencia tag-redein tag-slider\" data-id=\"10259\">\r\n\t\t<div class=\"w-grid-item-h\">\r\n\t\t\t\t\t\t<div class=\"w-hwrapper usg_hwrapper_1 has_text_color align_none valign_center wrap\"><div class=\"w-post-elm post_image usg_post_image_1 has_width stretched\"><a href=\"http:\/\/ampid.org.br\/site2020\/?p=10259\" aria-label=\"Nota P\u00fablica de Rep\u00fadio \u00e0 realiza\u00e7\u00e3o da 5\u00aa Confer\u00eancia de Direitos da Pessoa Idosa\"><img loading=\"lazy\" decoding=\"async\" width=\"1024\" height=\"427\" src=\"http:\/\/ampid.org.br\/site2020\/wp-content\/uploads\/2020\/07\/rep-1024x427.jpg\" class=\"attachment-large size-large wp-post-image\" alt=\"\" srcset=\"http:\/\/ampid.org.br\/site2020\/wp-content\/uploads\/2020\/07\/rep-1024x427.jpg 1024w, http:\/\/ampid.org.br\/site2020\/wp-content\/uploads\/2020\/07\/rep-300x125.jpg 300w, http:\/\/ampid.org.br\/site2020\/wp-content\/uploads\/2020\/07\/rep.jpg 1920w\" sizes=\"auto, (max-width: 1024px) 100vw, 1024px\" \/><\/a><\/div><div class=\"w-vwrapper usg_vwrapper_1 align_none valign_top\"><time class=\"w-post-elm post_date usg_post_date_1 entry-date published\" datetime=\"2021-07-01T13:09:29-03:00\" title=\"1 julho 2021 \u00e0s 13:09:29 America\/Sao_Paulo\">5 anos atr\u00e1s<\/time><h2 class=\"w-post-elm post_title usg_post_title_1 entry-title color_link_inherit\"><a href=\"http:\/\/ampid.org.br\/site2020\/?p=10259\">Nota P\u00fablica de Rep\u00fadio \u00e0 realiza\u00e7\u00e3o da 5\u00aa Confer\u00eancia de Direitos da Pessoa Idosa<\/a><\/h2><div class=\"w-post-elm post_content usg_post_content_1\">\u00a0\u00a0 02 de julho de 2021 NOTA P\u00daBLICA DE REP\u00daDIO \u00c0 REALIZA\u00c7\u00c3O DA 5\u00aa CONFER\u00caNCIA NACIONAL DE DIREITOS DA PESSOA IDOSA \u00a0 A Associa\u00e7\u00e3o Nacional dos Membros do Minist\u00e9rio P\u00fablico&hellip;<\/div><\/div><\/div>\t\t<\/div>\r\n\t\t\t<\/article>\r\n\t<article class=\"w-grid-item size_1x1 post-10254 post type-post status-publish format-standard has-post-thumbnail hentry category-notas category-noticias category-pessoas-com-deficiencia category-publicacoes-em-destaque tag-109 tag-libras tag-pessoa-com-deficiencia tag-redein tag-slider\" data-id=\"10254\">\r\n\t\t<div class=\"w-grid-item-h\">\r\n\t\t\t\t\t\t<div class=\"w-hwrapper usg_hwrapper_1 has_text_color align_none valign_center wrap\"><div class=\"w-post-elm post_image usg_post_image_1 has_width stretched\"><a href=\"http:\/\/ampid.org.br\/site2020\/?p=10254\" aria-label=\"Em defesa da escola bil\u00edngue inclusiva: posicionamento sobre o PL 4.909\/20 e convite para o di\u00e1logo\"><img loading=\"lazy\" decoding=\"async\" width=\"1024\" height=\"576\" src=\"http:\/\/ampid.org.br\/site2020\/wp-content\/uploads\/2021\/06\/como-cultivar-uma-comunidade-amorosa-na-escola-portal-lunetas-1024x576.webp\" class=\"attachment-large size-large wp-post-image\" alt=\"\" srcset=\"http:\/\/ampid.org.br\/site2020\/wp-content\/uploads\/2021\/06\/como-cultivar-uma-comunidade-amorosa-na-escola-portal-lunetas-1024x576.webp 1024w, http:\/\/ampid.org.br\/site2020\/wp-content\/uploads\/2021\/06\/como-cultivar-uma-comunidade-amorosa-na-escola-portal-lunetas-300x169.webp 300w, http:\/\/ampid.org.br\/site2020\/wp-content\/uploads\/2021\/06\/como-cultivar-uma-comunidade-amorosa-na-escola-portal-lunetas-600x337.webp 600w, http:\/\/ampid.org.br\/site2020\/wp-content\/uploads\/2021\/06\/como-cultivar-uma-comunidade-amorosa-na-escola-portal-lunetas.webp 1920w\" sizes=\"auto, (max-width: 1024px) 100vw, 1024px\" \/><\/a><\/div><div class=\"w-vwrapper usg_vwrapper_1 align_none valign_top\"><time class=\"w-post-elm post_date usg_post_date_1 entry-date published\" datetime=\"2021-06-30T14:40:39-03:00\" title=\"30 junho 2021 \u00e0s 14:40:39 America\/Sao_Paulo\">5 anos atr\u00e1s<\/time><h2 class=\"w-post-elm post_title usg_post_title_1 entry-title color_link_inherit\"><a href=\"http:\/\/ampid.org.br\/site2020\/?p=10254\">Em defesa da escola bil\u00edngue inclusiva: posicionamento sobre o PL 4.909\/20 e convite para o di\u00e1logo<\/a><\/h2><div class=\"w-post-elm post_content usg_post_content_1\">\u00a0\u00a0 30 de junho de 2021 Em defesa da escola bil\u00edngue inclusiva: posicionamento sobre o PL 4.909\/20 e convite para o di\u00e1logo A Rede Brasileira de Inclus\u00e3o da Pessoa com&hellip;<\/div><\/div><\/div>\t\t<\/div>\r\n\t\t\t<\/article>\r\n\t<article class=\"w-grid-item size_1x1 post-10227 post type-post status-publish format-standard has-post-thumbnail hentry category-notas category-noticias category-pessoas-com-deficiencia category-publicacoes-em-destaque tag-109 tag-ampid tag-cid11 tag-conade tag-covid-19 tag-decreto10-177 tag-idosos-2 tag-pessoa-com-deficiencia tag-redein tag-slider\" data-id=\"10227\">\r\n\t\t<div class=\"w-grid-item-h\">\r\n\t\t\t\t\t\t<div class=\"w-hwrapper usg_hwrapper_1 has_text_color align_none valign_center wrap\"><div class=\"w-post-elm post_image usg_post_image_1 has_width stretched\"><a href=\"http:\/\/ampid.org.br\/site2020\/?p=10227\" aria-label=\"A suspens\u00e3o das atividades do CONADE e as consequ\u00eancias para toda a sociedade\"><img loading=\"lazy\" decoding=\"async\" width=\"1024\" height=\"427\" src=\"http:\/\/ampid.org.br\/site2020\/wp-content\/uploads\/2021\/06\/Design-sem-nome-8-1-1024x427.png\" class=\"attachment-large size-large wp-post-image\" alt=\"\" srcset=\"http:\/\/ampid.org.br\/site2020\/wp-content\/uploads\/2021\/06\/Design-sem-nome-8-1-1024x427.png 1024w, http:\/\/ampid.org.br\/site2020\/wp-content\/uploads\/2021\/06\/Design-sem-nome-8-1-300x125.png 300w, http:\/\/ampid.org.br\/site2020\/wp-content\/uploads\/2021\/06\/Design-sem-nome-8-1.png 1920w\" sizes=\"auto, (max-width: 1024px) 100vw, 1024px\" \/><\/a><\/div><div class=\"w-vwrapper usg_vwrapper_1 align_none valign_top\"><time class=\"w-post-elm post_date usg_post_date_1 entry-date published\" datetime=\"2021-06-29T12:19:20-03:00\" title=\"29 junho 2021 \u00e0s 12:19:20 America\/Sao_Paulo\">5 anos atr\u00e1s<\/time><h2 class=\"w-post-elm post_title usg_post_title_1 entry-title color_link_inherit\"><a href=\"http:\/\/ampid.org.br\/site2020\/?p=10227\">A suspens\u00e3o das atividades do CONADE e as consequ\u00eancias para toda a sociedade<\/a><\/h2><div class=\"w-post-elm post_content usg_post_content_1\">\u00a0\u00a0 Dr. Hugo Porto Neto (Foto: Arquivo Pessoal) &nbsp; 29 de junho de 2021 A suspens\u00e3o das atividades do CONADE e as consequ\u00eancias para toda a sociedade Veja abaixo a&hellip;<\/div><\/div><\/div>\t\t<\/div>\r\n\t\t\t<\/article>\r\n\t<article class=\"w-grid-item size_1x1 post-10217 post type-post status-publish format-standard has-post-thumbnail hentry category-notas category-noticias category-pessoas-com-deficiencia category-publicacoes-em-destaque tag-109 tag-ampid tag-ampid-conade tag-cid11 tag-conade tag-covid-19 tag-decreto10-177 tag-homeschooling tag-idosos-2 tag-pessoa-com-deficiencia tag-pessoas-com-defici tag-pessoas-com-deficiencia-2 tag-redein tag-slider\" data-id=\"10217\">\r\n\t\t<div class=\"w-grid-item-h\">\r\n\t\t\t\t\t\t<div class=\"w-hwrapper usg_hwrapper_1 has_text_color align_none valign_center wrap\"><div class=\"w-post-elm post_image usg_post_image_1 has_width stretched\"><a href=\"http:\/\/ampid.org.br\/site2020\/?p=10217\" aria-label=\"Organiza\u00e7\u00f5es alertam sobre os preju\u00edzos para as pessoas com defici\u00eancia e para o pa\u00eds com a decis\u00e3o do governo de suspender as atividades do CONADE\"><img loading=\"lazy\" decoding=\"async\" width=\"1024\" height=\"427\" src=\"http:\/\/ampid.org.br\/site2020\/wp-content\/uploads\/2020\/07\/pub-1-1024x427.jpg\" class=\"attachment-large size-large wp-post-image\" alt=\"\" srcset=\"http:\/\/ampid.org.br\/site2020\/wp-content\/uploads\/2020\/07\/pub-1-1024x427.jpg 1024w, http:\/\/ampid.org.br\/site2020\/wp-content\/uploads\/2020\/07\/pub-1-300x125.jpg 300w, http:\/\/ampid.org.br\/site2020\/wp-content\/uploads\/2020\/07\/pub-1.jpg 1920w\" sizes=\"auto, (max-width: 1024px) 100vw, 1024px\" \/><\/a><\/div><div class=\"w-vwrapper usg_vwrapper_1 align_none valign_top\"><time class=\"w-post-elm post_date usg_post_date_1 entry-date published\" datetime=\"2021-06-26T15:15:57-03:00\" title=\"26 junho 2021 \u00e0s 15:15:57 America\/Sao_Paulo\">5 anos atr\u00e1s<\/time><h2 class=\"w-post-elm post_title usg_post_title_1 entry-title color_link_inherit\"><a href=\"http:\/\/ampid.org.br\/site2020\/?p=10217\">Organiza\u00e7\u00f5es alertam sobre os preju\u00edzos para as pessoas com defici\u00eancia e para o pa\u00eds com a decis\u00e3o do governo de suspender as atividades do CONADE<\/a><\/h2><div class=\"w-post-elm post_content usg_post_content_1\">\u00a0\u00a0 26 de junho de 2021 Seis Organiza\u00e7\u00f5es ( AMPID, FBASD, APABB, OAB, CUT e MORHAN) assinam nota p\u00fablica alertando sobre os preju\u00edzos para todas as pessoas com defici\u00eancia e&hellip;<\/div><\/div><\/div>\t\t<\/div>\r\n\t\t\t<\/article>\r\n\t<article class=\"w-grid-item size_1x1 post-10206 post type-post status-publish format-standard has-post-thumbnail hentry category-idosos category-notas category-pessoas-com-deficiencia category-publicacoes-em-destaque tag-109 tag-ampid tag-conade tag-covid-19 tag-decreto10-177 tag-homeschooling tag-pessoa-com-deficiencia tag-pessoas-com-deficiencia-2 tag-redein tag-slider\" data-id=\"10206\">\r\n\t\t<div class=\"w-grid-item-h\">\r\n\t\t\t\t\t\t<div class=\"w-hwrapper usg_hwrapper_1 has_text_color align_none valign_center wrap\"><div class=\"w-post-elm post_image usg_post_image_1 has_width stretched\"><a href=\"http:\/\/ampid.org.br\/site2020\/?p=10206\" aria-label=\"Posicionamento da Rede-In a respeito do homeschooling\"><img loading=\"lazy\" decoding=\"async\" width=\"660\" height=\"360\" src=\"http:\/\/ampid.org.br\/site2020\/wp-content\/uploads\/2021\/06\/homeschooling-31082018134111219.jpeg\" class=\"attachment-large size-large wp-post-image\" alt=\"\" srcset=\"http:\/\/ampid.org.br\/site2020\/wp-content\/uploads\/2021\/06\/homeschooling-31082018134111219.jpeg 660w, http:\/\/ampid.org.br\/site2020\/wp-content\/uploads\/2021\/06\/homeschooling-31082018134111219-300x164.jpeg 300w\" sizes=\"auto, (max-width: 660px) 100vw, 660px\" \/><\/a><\/div><div class=\"w-vwrapper usg_vwrapper_1 align_none valign_top\"><time class=\"w-post-elm post_date usg_post_date_1 entry-date published\" datetime=\"2021-06-22T21:19:13-03:00\" title=\"22 junho 2021 \u00e0s 21:19:13 America\/Sao_Paulo\">5 anos atr\u00e1s<\/time><h2 class=\"w-post-elm post_title usg_post_title_1 entry-title color_link_inherit\"><a href=\"http:\/\/ampid.org.br\/site2020\/?p=10206\">Posicionamento da Rede-In a respeito do homeschooling<\/a><\/h2><div class=\"w-post-elm post_content usg_post_content_1\">\u00a0\u00a0 22 de junho de 2021 Posicionamento da Rede-In a respeito do homeschooling &nbsp; A Rede Brasileira de Inclus\u00e3o da Pessoa com Defici\u00eancia (Rede-In), composta por 16 organiza\u00e7\u00f5es da sociedade&hellip;<\/div><\/div><\/div>\t\t<\/div>\r\n\t\t\t<\/article>\r\n\t<article class=\"w-grid-item size_1x1 post-10202 post type-post status-publish format-standard has-post-thumbnail hentry category-idosos category-notas category-publicacoes-em-destaque tag-109 tag-ampid tag-ampid-conade tag-cid11 tag-conade tag-covid-19 tag-decreto10-177 tag-idosos-2 tag-pessoa-com-deficiencia tag-pessoas-com-defici tag-pessoas-com-deficiencia-2 tag-slider\" data-id=\"10202\">\r\n\t\t<div class=\"w-grid-item-h\">\r\n\t\t\t\t\t\t<div class=\"w-hwrapper usg_hwrapper_1 has_text_color align_none valign_center wrap\"><div class=\"w-post-elm post_image usg_post_image_1 has_width stretched\"><a href=\"http:\/\/ampid.org.br\/site2020\/?p=10202\" aria-label=\"Nota P\u00fablica de Alerta \u00e0 sociedade brasileira sobre a altera\u00e7\u00e3o do CID11 &#8211; &#8220;Velhice N\u00e3o \u00e9 Doen\u00e7a&#8221;\"><img loading=\"lazy\" decoding=\"async\" width=\"1024\" height=\"427\" src=\"http:\/\/ampid.org.br\/site2020\/wp-content\/uploads\/2020\/07\/pub-1-1024x427.jpg\" class=\"attachment-large size-large wp-post-image\" alt=\"\" srcset=\"http:\/\/ampid.org.br\/site2020\/wp-content\/uploads\/2020\/07\/pub-1-1024x427.jpg 1024w, http:\/\/ampid.org.br\/site2020\/wp-content\/uploads\/2020\/07\/pub-1-300x125.jpg 300w, http:\/\/ampid.org.br\/site2020\/wp-content\/uploads\/2020\/07\/pub-1.jpg 1920w\" sizes=\"auto, (max-width: 1024px) 100vw, 1024px\" \/><\/a><\/div><div class=\"w-vwrapper usg_vwrapper_1 align_none valign_top\"><time class=\"w-post-elm post_date usg_post_date_1 entry-date published\" datetime=\"2021-06-17T18:15:16-03:00\" title=\"17 junho 2021 \u00e0s 18:15:16 America\/Sao_Paulo\">5 anos atr\u00e1s<\/time><h2 class=\"w-post-elm post_title usg_post_title_1 entry-title color_link_inherit\"><a href=\"http:\/\/ampid.org.br\/site2020\/?p=10202\">Nota P\u00fablica de Alerta \u00e0 sociedade brasileira sobre a altera\u00e7\u00e3o do CID11 &#8211; &#8220;Velhice N\u00e3o \u00e9 Doen\u00e7a&#8221;<\/a><\/h2><div class=\"w-post-elm post_content usg_post_content_1\">\u00a0\u00a0 17 de junho de 2021 NOTA P\u00daBLICA DE ALERTA \u00c0 SOCIEDADE BRASILEIRA SOBRE A ALTERA\u00c7\u00c3O DO CID11 &#8211; VELHICE N\u00c3O \u00c9 DOEN\u00c7A \u00a0\u00a0 A Associa\u00e7\u00e3o Nacional dos Membros do&hellip;<\/div><\/div><\/div>\t\t<\/div>\r\n\t\t\t<\/article>\r\n\t<article class=\"w-grid-item size_1x1 post-10199 post type-post status-publish format-standard has-post-thumbnail hentry category-notas category-pessoas-com-deficiencia category-publicacoes-em-destaque tag-109 tag-ampid tag-ampid-conade tag-conade tag-covid-19 tag-decreto10-177 tag-pessoa-com-deficiencia tag-pessoas-com-defici tag-pessoas-com-deficiencia-2 tag-slider\" data-id=\"10199\">\r\n\t\t<div class=\"w-grid-item-h\">\r\n\t\t\t\t\t\t<div class=\"w-hwrapper usg_hwrapper_1 has_text_color align_none valign_center wrap\"><div class=\"w-post-elm post_image usg_post_image_1 has_width stretched\"><a href=\"http:\/\/ampid.org.br\/site2020\/?p=10199\" aria-label=\"Nota P\u00fablica de Alerta &#8211; As pessoas com defici\u00eancia mental tamb\u00e9m precisam ter acesso ao atendimento na vacina\u00e7\u00e3o contra a Covid-19\"><img loading=\"lazy\" decoding=\"async\" width=\"1024\" height=\"427\" src=\"http:\/\/ampid.org.br\/site2020\/wp-content\/uploads\/2020\/07\/pub-1-1024x427.jpg\" class=\"attachment-large size-large wp-post-image\" alt=\"\" srcset=\"http:\/\/ampid.org.br\/site2020\/wp-content\/uploads\/2020\/07\/pub-1-1024x427.jpg 1024w, http:\/\/ampid.org.br\/site2020\/wp-content\/uploads\/2020\/07\/pub-1-300x125.jpg 300w, http:\/\/ampid.org.br\/site2020\/wp-content\/uploads\/2020\/07\/pub-1.jpg 1920w\" sizes=\"auto, (max-width: 1024px) 100vw, 1024px\" \/><\/a><\/div><div class=\"w-vwrapper usg_vwrapper_1 align_none valign_top\"><time class=\"w-post-elm post_date usg_post_date_1 entry-date published\" datetime=\"2021-06-05T10:59:30-03:00\" title=\"5 junho 2021 \u00e0s 10:59:30 America\/Sao_Paulo\">5 anos atr\u00e1s<\/time><h2 class=\"w-post-elm post_title usg_post_title_1 entry-title color_link_inherit\"><a href=\"http:\/\/ampid.org.br\/site2020\/?p=10199\">Nota P\u00fablica de Alerta &#8211; As pessoas com defici\u00eancia mental tamb\u00e9m precisam ter acesso ao atendimento na vacina\u00e7\u00e3o contra a Covid-19<\/a><\/h2><div class=\"w-post-elm post_content usg_post_content_1\">\u00a0\u00a0 05 de junho de 2021 NOTA P\u00daBLICA DE E ALERTA &#8211;\u00a0AS PESSOAS COM DEFICI\u00caNCIA MENTAL TAMB\u00c9M PRECISAM TER ACESSO AO ATENDIMENTO PRIORIT\u00c1RIO NA VACINA\u00c7\u00c3O CONTRA A COVID 19 \u00a0&hellip;<\/div><\/div><\/div>\t\t<\/div>\r\n\t\t\t<\/article>\r\n\t<article class=\"w-grid-item size_1x1 post-10180 post type-post status-publish format-standard has-post-thumbnail hentry category-notas category-pessoas-com-deficiencia category-publicacoes-em-destaque tag-109 tag-ampid tag-ampid-conade tag-conade tag-decreto10-177 tag-pessoa-com-deficiencia tag-pessoas-com-defici tag-pessoas-com-deficiencia-2 tag-slider\" data-id=\"10180\">\r\n\t\t<div class=\"w-grid-item-h\">\r\n\t\t\t\t\t\t<div class=\"w-hwrapper usg_hwrapper_1 has_text_color align_none valign_center wrap\"><div class=\"w-post-elm post_image usg_post_image_1 has_width stretched\"><a href=\"http:\/\/ampid.org.br\/site2020\/?p=10180\" aria-label=\"A AMPID esclarece a suspens\u00e3o do CONADE &#8211; \u00e9 ilegal a prorroga\u00e7\u00e3o de mandatos de Conselheiros e Conselheiras\"><img loading=\"lazy\" decoding=\"async\" width=\"1024\" height=\"427\" src=\"http:\/\/ampid.org.br\/site2020\/wp-content\/uploads\/2019\/12\/esc-1024x427.jpg\" class=\"attachment-large size-large wp-post-image\" alt=\"\" srcset=\"http:\/\/ampid.org.br\/site2020\/wp-content\/uploads\/2019\/12\/esc-1024x427.jpg 1024w, http:\/\/ampid.org.br\/site2020\/wp-content\/uploads\/2019\/12\/esc-300x125.jpg 300w, http:\/\/ampid.org.br\/site2020\/wp-content\/uploads\/2019\/12\/esc.jpg 1920w\" sizes=\"auto, (max-width: 1024px) 100vw, 1024px\" \/><\/a><\/div><div class=\"w-vwrapper usg_vwrapper_1 align_none valign_top\"><time class=\"w-post-elm post_date usg_post_date_1 entry-date published\" datetime=\"2021-06-01T17:16:22-03:00\" title=\"1 junho 2021 \u00e0s 17:16:22 America\/Sao_Paulo\">5 anos atr\u00e1s<\/time><h2 class=\"w-post-elm post_title usg_post_title_1 entry-title color_link_inherit\"><a href=\"http:\/\/ampid.org.br\/site2020\/?p=10180\">A AMPID esclarece a suspens\u00e3o do CONADE &#8211; \u00e9 ilegal a prorroga\u00e7\u00e3o de mandatos de Conselheiros e Conselheiras<\/a><\/h2><div class=\"w-post-elm post_content usg_post_content_1\">\u00a0\u00a0 &nbsp; 01 de junho de 2021 NOTA DE ESCLARECIMENTO SOBRE A SUSPENS\u00c3O DO CONADE &#8211; \u00c9 ILEGAL A PRORROGA\u00c7\u00c3O DE MANDATOS DE CONSELHEIROS E CONSELHEIRAS \u00a0 A ASSOCIA\u00c7\u00c3O NACIONAL&hellip;<\/div><\/div><\/div>\t\t<\/div>\r\n\t\t\t<\/article>\r\n\t<article class=\"w-grid-item size_1x1 post-10169 post type-post status-publish format-standard has-post-thumbnail hentry category-notas category-pessoas-com-deficiencia category-publicacoes-em-destaque tag-109 tag-ampid tag-ampid-conade tag-conade tag-decreto10-177 tag-pessoa-com-deficiencia tag-slider\" data-id=\"10169\">\r\n\t\t<div class=\"w-grid-item-h\">\r\n\t\t\t\t\t\t<div class=\"w-hwrapper usg_hwrapper_1 has_text_color align_none valign_center wrap\"><div class=\"w-post-elm post_image usg_post_image_1 has_width stretched\"><a href=\"http:\/\/ampid.org.br\/site2020\/?p=10169\" aria-label=\"Nota P\u00fablica de representantes do CONADE\"><img loading=\"lazy\" decoding=\"async\" width=\"810\" height=\"410\" src=\"http:\/\/ampid.org.br\/site2020\/wp-content\/uploads\/2021\/05\/CONADE_banner.jpg\" class=\"attachment-large size-large wp-post-image\" alt=\"\" srcset=\"http:\/\/ampid.org.br\/site2020\/wp-content\/uploads\/2021\/05\/CONADE_banner.jpg 810w, http:\/\/ampid.org.br\/site2020\/wp-content\/uploads\/2021\/05\/CONADE_banner-300x152.jpg 300w\" sizes=\"auto, (max-width: 810px) 100vw, 810px\" \/><\/a><\/div><div class=\"w-vwrapper usg_vwrapper_1 align_none valign_top\"><time class=\"w-post-elm post_date usg_post_date_1 entry-date published\" datetime=\"2021-05-26T18:10:54-03:00\" title=\"26 maio 2021 \u00e0s 18:10:54 America\/Sao_Paulo\">5 anos atr\u00e1s<\/time><h2 class=\"w-post-elm post_title usg_post_title_1 entry-title color_link_inherit\"><a href=\"http:\/\/ampid.org.br\/site2020\/?p=10169\">Nota P\u00fablica de representantes do CONADE<\/a><\/h2><div class=\"w-post-elm post_content usg_post_content_1\">\u00a0\u00a0 &nbsp; 26 de maio de 2021 NOTA P\u00daBLICA SOBRE O POSICIONAMENTO DAS\/DOS CONSELHEIRAS\/OS REPRESENTANTES DAS\/OS SIGNAT\u00c1RIAS\/OS NA 125\u00aa REUNI\u00c3O DO CONADE Diante do hist\u00f3rico e lament\u00e1vel momento de ataque&hellip;<\/div><\/div><\/div>\t\t<\/div>\r\n\t\t\t<\/article>\r\n\t<article class=\"w-grid-item size_1x1 post-10160 post type-post status-publish format-standard has-post-thumbnail hentry category-notas category-pessoas-com-deficiencia category-publicacoes-em-destaque tag-109 tag-ampid tag-conade tag-decreto10-177 tag-pessoa-com-deficiencia tag-slider\" data-id=\"10160\">\r\n\t\t<div class=\"w-grid-item-h\">\r\n\t\t\t\t\t\t<div class=\"w-hwrapper usg_hwrapper_1 has_text_color align_none valign_center wrap\"><div class=\"w-post-elm post_image usg_post_image_1 has_width stretched\"><a href=\"http:\/\/ampid.org.br\/site2020\/?p=10160\" aria-label=\"Nota P\u00fablica de Rep\u00fadio ao Projeto de Emenda Constitucional \u2013 PEC 32\"><img loading=\"lazy\" decoding=\"async\" width=\"1024\" height=\"427\" src=\"http:\/\/ampid.org.br\/site2020\/wp-content\/uploads\/2020\/07\/rep-1024x427.jpg\" class=\"attachment-large size-large wp-post-image\" alt=\"\" srcset=\"http:\/\/ampid.org.br\/site2020\/wp-content\/uploads\/2020\/07\/rep-1024x427.jpg 1024w, http:\/\/ampid.org.br\/site2020\/wp-content\/uploads\/2020\/07\/rep-300x125.jpg 300w, http:\/\/ampid.org.br\/site2020\/wp-content\/uploads\/2020\/07\/rep.jpg 1920w\" sizes=\"auto, (max-width: 1024px) 100vw, 1024px\" \/><\/a><\/div><div class=\"w-vwrapper usg_vwrapper_1 align_none valign_top\"><time class=\"w-post-elm post_date usg_post_date_1 entry-date published\" datetime=\"2021-05-20T18:17:52-03:00\" title=\"20 maio 2021 \u00e0s 18:17:52 America\/Sao_Paulo\">5 anos atr\u00e1s<\/time><h2 class=\"w-post-elm post_title usg_post_title_1 entry-title color_link_inherit\"><a href=\"http:\/\/ampid.org.br\/site2020\/?p=10160\">Nota P\u00fablica de Rep\u00fadio ao Projeto de Emenda Constitucional \u2013 PEC 32<\/a><\/h2><div class=\"w-post-elm post_content usg_post_content_1\">&nbsp; 20 de maio de 2021 NOTA PUBLICA DE REP\u00daDIO AO PROJETO DE EMENDA CONSTITUCIONAL \u2013 PEC 32 \u00a0 A Associa\u00e7\u00e3o Nacional dos Membros do Minist\u00e9rio P\u00fablico de Defesa dos&hellip;<\/div><\/div><\/div>\t\t<\/div>\r\n\t\t\t<\/article>\r\n\t<article class=\"w-grid-item size_1x1 post-9979 post type-post status-publish format-standard has-post-thumbnail hentry category-idosos category-notas category-pessoas-com-deficiencia category-publicacoes-em-destaque tag-109 tag-ampid tag-covid-19 tag-direitos-humanos tag-pesso-com-deficiencia tag-pessoa-idosa tag-pessoas-com-deficiencia-2 tag-piaui tag-rede-in tag-slider tag-vacina\" data-id=\"9979\">\r\n\t\t<div class=\"w-grid-item-h\">\r\n\t\t\t\t\t\t<div class=\"w-hwrapper usg_hwrapper_1 has_text_color align_none valign_center wrap\"><div class=\"w-post-elm post_image usg_post_image_1 has_width stretched\"><a href=\"http:\/\/ampid.org.br\/site2020\/?p=9979\" aria-label=\"Nota de Rep\u00fadio ao Projeto de Lei N\u00b0 4909\/2020 que n\u00e3o atende \u00e0 Educa\u00e7\u00e3o Inclusiva de Pessoas Surdas e Surdocegas\"><img loading=\"lazy\" decoding=\"async\" width=\"1024\" height=\"427\" src=\"http:\/\/ampid.org.br\/site2020\/wp-content\/uploads\/2020\/07\/rep-1024x427.jpg\" class=\"attachment-large size-large wp-post-image\" alt=\"\" srcset=\"http:\/\/ampid.org.br\/site2020\/wp-content\/uploads\/2020\/07\/rep-1024x427.jpg 1024w, http:\/\/ampid.org.br\/site2020\/wp-content\/uploads\/2020\/07\/rep-300x125.jpg 300w, http:\/\/ampid.org.br\/site2020\/wp-content\/uploads\/2020\/07\/rep.jpg 1920w\" sizes=\"auto, (max-width: 1024px) 100vw, 1024px\" \/><\/a><\/div><div class=\"w-vwrapper usg_vwrapper_1 align_none valign_top\"><time class=\"w-post-elm post_date usg_post_date_1 entry-date published\" datetime=\"2021-05-11T14:32:22-03:00\" title=\"11 maio 2021 \u00e0s 14:32:22 America\/Sao_Paulo\">5 anos atr\u00e1s<\/time><h2 class=\"w-post-elm post_title usg_post_title_1 entry-title color_link_inherit\"><a href=\"http:\/\/ampid.org.br\/site2020\/?p=9979\">Nota de Rep\u00fadio ao Projeto de Lei N\u00b0 4909\/2020 que n\u00e3o atende \u00e0 Educa\u00e7\u00e3o Inclusiva de Pessoas Surdas e Surdocegas<\/a><\/h2><div class=\"w-post-elm post_content usg_post_content_1\">&nbsp; 11 de maio de 2021 NOTA DE REP\u00daDIO AO PROJETO DE LEI N4909\/2020 QUE NA\u00d5 ATENDE \u00c0 EDUCA\u00c7\u00c3O INCLUSIVA DE PESSOAS SURDAS E SURDOCEGAS A Associa\u00e7\u00e3o Nacional dos Membros&hellip;<\/div><\/div><\/div>\t\t<\/div>\r\n\t\t\t<\/article>\r\n\t<article class=\"w-grid-item size_1x1 post-10136 post type-post status-publish format-standard has-post-thumbnail hentry category-idosos category-notas category-pessoas-com-deficiencia category-publicacoes-em-destaque tag-109 tag-ampid tag-covid-19 tag-direitos-humanos tag-pesso-com-deficiencia tag-pessoa-idosa tag-pessoas-com-deficiencia-2 tag-rede-in tag-slider tag-vacina\" data-id=\"10136\">\r\n\t\t<div class=\"w-grid-item-h\">\r\n\t\t\t\t\t\t<div class=\"w-hwrapper usg_hwrapper_1 has_text_color align_none valign_center wrap\"><div class=\"w-post-elm post_image usg_post_image_1 has_width stretched\"><a href=\"http:\/\/ampid.org.br\/site2020\/?p=10136\" aria-label=\"A Ampid refor\u00e7a seu compromisso com a garantia da participa\u00e7\u00e3o popular no programa nacional de direitos humanos e repudia a Portaria n\u00ba 457\/21\"><img loading=\"lazy\" decoding=\"async\" width=\"630\" height=\"430\" src=\"http:\/\/ampid.org.br\/site2020\/wp-content\/uploads\/2021\/02\/c70c56c4b43fe5d23a362aca920a3b0f.png\" class=\"attachment-large size-large wp-post-image\" alt=\"\" srcset=\"http:\/\/ampid.org.br\/site2020\/wp-content\/uploads\/2021\/02\/c70c56c4b43fe5d23a362aca920a3b0f.png 630w, http:\/\/ampid.org.br\/site2020\/wp-content\/uploads\/2021\/02\/c70c56c4b43fe5d23a362aca920a3b0f-300x205.png 300w\" sizes=\"auto, (max-width: 630px) 100vw, 630px\" \/><\/a><\/div><div class=\"w-vwrapper usg_vwrapper_1 align_none valign_top\"><time class=\"w-post-elm post_date usg_post_date_1 entry-date published\" datetime=\"2021-05-11T12:50:47-03:00\" title=\"11 maio 2021 \u00e0s 12:50:47 America\/Sao_Paulo\">5 anos atr\u00e1s<\/time><h2 class=\"w-post-elm post_title usg_post_title_1 entry-title color_link_inherit\"><a href=\"http:\/\/ampid.org.br\/site2020\/?p=10136\">A Ampid refor\u00e7a seu compromisso com a garantia da participa\u00e7\u00e3o popular no programa nacional de direitos humanos e repudia a Portaria n\u00ba 457\/21<\/a><\/h2><div class=\"w-post-elm post_content usg_post_content_1\">12 de fevereiro de 2021 Nota de entidades e movimentos da sociedade civil: Contra a Portaria n\u00ba 457\/21, do Minist\u00e9rio da Mulher, da Fam\u00edlia e dos Direitos Humanos e em&hellip;<\/div><\/div><\/div>\t\t<\/div>\r\n\t\t\t<\/article>\r\n\t<article class=\"w-grid-item size_1x1 post-10119 post type-post status-publish format-standard has-post-thumbnail hentry category-notas category-noticias category-publicacoes-em-destaque tag-109 tag-ampid tag-chacina-rio tag-cotas tag-covid tag-grupos-prioritarios tag-lei-de-inclusao tag-operacao-policial tag-pessoa-com-deficiencia tag-pessoas-com-deficiencia-2 tag-reserva-de-cargos tag-vacina\" data-id=\"10119\">\r\n\t\t<div class=\"w-grid-item-h\">\r\n\t\t\t\t\t\t<div class=\"w-hwrapper usg_hwrapper_1 has_text_color align_none valign_center wrap\"><div class=\"w-post-elm post_image usg_post_image_1 has_width stretched\"><a href=\"http:\/\/ampid.org.br\/site2020\/?p=10119\" aria-label=\"Rep\u00fadio a opera\u00e7\u00e3o policial no Jacarezinho\/RJ\"><img loading=\"lazy\" decoding=\"async\" width=\"1024\" height=\"555\" src=\"http:\/\/ampid.org.br\/site2020\/wp-content\/uploads\/2021\/05\/Sem-t\u00edtulo-4-1024x555.png\" class=\"attachment-large size-large wp-post-image\" alt=\"\" srcset=\"http:\/\/ampid.org.br\/site2020\/wp-content\/uploads\/2021\/05\/Sem-t\u00edtulo-4-1024x555.png 1024w, http:\/\/ampid.org.br\/site2020\/wp-content\/uploads\/2021\/05\/Sem-t\u00edtulo-4-300x163.png 300w, http:\/\/ampid.org.br\/site2020\/wp-content\/uploads\/2021\/05\/Sem-t\u00edtulo-4.png 1094w\" sizes=\"auto, (max-width: 1024px) 100vw, 1024px\" \/><\/a><\/div><div class=\"w-vwrapper usg_vwrapper_1 align_none valign_top\"><time class=\"w-post-elm post_date usg_post_date_1 entry-date published\" datetime=\"2021-05-08T19:15:02-03:00\" title=\"8 maio 2021 \u00e0s 19:15:02 America\/Sao_Paulo\">5 anos atr\u00e1s<\/time><h2 class=\"w-post-elm post_title usg_post_title_1 entry-title color_link_inherit\"><a href=\"http:\/\/ampid.org.br\/site2020\/?p=10119\">Rep\u00fadio a opera\u00e7\u00e3o policial no Jacarezinho\/RJ<\/a><\/h2><div class=\"w-post-elm post_content usg_post_content_1\">08 de maio 2021 A AMPID se junta ao Programa de P\u00f3s-Gradua\u00e7\u00e3o em Sociologia e Direito da Universidade Federal Fluminense- UFF em profundo rep\u00fadio a opera\u00e7\u00e3o policial que levou as&hellip;<\/div><\/div><\/div>\t\t<\/div>\r\n\t\t\t<\/article>\r\n\t<article class=\"w-grid-item size_1x1 post-10106 post type-post status-publish format-standard has-post-thumbnail hentry category-covid-19 category-notas category-noticias category-pessoas-com-deficiencia category-publicacoes-em-destaque tag-109 tag-ampid tag-cotas tag-covid tag-grupos-prioritarios tag-lei-de-inclusao tag-pessoa-com-deficiencia tag-pessoas-com-deficiencia-2 tag-reserva-de-cargos tag-vacina\" data-id=\"10106\">\r\n\t\t<div class=\"w-grid-item-h\">\r\n\t\t\t\t\t\t<div class=\"w-hwrapper usg_hwrapper_1 has_text_color align_none valign_center wrap\"><div class=\"w-post-elm post_image usg_post_image_1 has_width stretched\"><a href=\"http:\/\/ampid.org.br\/site2020\/?p=10106\" aria-label=\"O ministro Ricardo Lewandowski (STF), suspendeu decis\u00e3o sobre ordem de vacina\u00e7\u00f5es de grupos priorit\u00e1rios\"><img loading=\"lazy\" decoding=\"async\" width=\"1024\" height=\"613\" src=\"http:\/\/ampid.org.br\/site2020\/wp-content\/uploads\/2021\/05\/Vacina-T\u00e2nia-Rego-Ag\u00eancia-Brasil-1-1024x613.jpg\" class=\"attachment-large size-large wp-post-image\" alt=\"\" srcset=\"http:\/\/ampid.org.br\/site2020\/wp-content\/uploads\/2021\/05\/Vacina-T\u00e2nia-Rego-Ag\u00eancia-Brasil-1-1024x613.jpg 1024w, http:\/\/ampid.org.br\/site2020\/wp-content\/uploads\/2021\/05\/Vacina-T\u00e2nia-Rego-Ag\u00eancia-Brasil-1-300x179.jpg 300w, http:\/\/ampid.org.br\/site2020\/wp-content\/uploads\/2021\/05\/Vacina-T\u00e2nia-Rego-Ag\u00eancia-Brasil-1.jpg 1170w\" sizes=\"auto, (max-width: 1024px) 100vw, 1024px\" \/><\/a><\/div><div class=\"w-vwrapper usg_vwrapper_1 align_none valign_top\"><time class=\"w-post-elm post_date usg_post_date_1 entry-date published\" datetime=\"2021-05-05T10:10:48-03:00\" title=\"5 maio 2021 \u00e0s 10:10:48 America\/Sao_Paulo\">5 anos atr\u00e1s<\/time><h2 class=\"w-post-elm post_title usg_post_title_1 entry-title color_link_inherit\"><a href=\"http:\/\/ampid.org.br\/site2020\/?p=10106\">O ministro Ricardo Lewandowski (STF), suspendeu decis\u00e3o sobre ordem de vacina\u00e7\u00f5es de grupos priorit\u00e1rios<\/a><\/h2><div class=\"w-post-elm post_content usg_post_content_1\">&nbsp; 05 de maio 2021 O ministro Ricardo Lewandowski (STF), suspendeu decis\u00e3o que permitia altera\u00e7\u00f5es no calend\u00e1rio de vacina\u00e7\u00f5es contra Covid-19 em rela\u00e7\u00e3o aos grupos priorit\u00e1rios Segundo o ministro, a&hellip;<\/div><\/div><\/div>\t\t<\/div>\r\n\t\t\t<\/article>\r\n\t<article class=\"w-grid-item size_1x1 post-10099 post type-post status-publish format-standard has-post-thumbnail hentry category-notas category-pessoas-com-deficiencia category-publicacoes-em-destaque tag-109 tag-ampid tag-cotas tag-lei-de-inclusao tag-pessoa-com-deficiencia tag-pessoas-com-deficiencia-2 tag-reserva-de-cargos\" data-id=\"10099\">\r\n\t\t<div class=\"w-grid-item-h\">\r\n\t\t\t\t\t\t<div class=\"w-hwrapper usg_hwrapper_1 has_text_color align_none valign_center wrap\"><div class=\"w-post-elm post_image usg_post_image_1 has_width stretched\"><a href=\"http:\/\/ampid.org.br\/site2020\/?p=10099\" aria-label=\"Nota P\u00fablica de Apoio ao Projeto de Lei N\u00ba 6.255\/2019 que garante direitos a Lei de Reserva de Cargos (Cotas)\"><img loading=\"lazy\" decoding=\"async\" width=\"1024\" height=\"427\" src=\"http:\/\/ampid.org.br\/site2020\/wp-content\/uploads\/2020\/07\/pub-1-1024x427.jpg\" class=\"attachment-large size-large wp-post-image\" alt=\"\" srcset=\"http:\/\/ampid.org.br\/site2020\/wp-content\/uploads\/2020\/07\/pub-1-1024x427.jpg 1024w, http:\/\/ampid.org.br\/site2020\/wp-content\/uploads\/2020\/07\/pub-1-300x125.jpg 300w, http:\/\/ampid.org.br\/site2020\/wp-content\/uploads\/2020\/07\/pub-1.jpg 1920w\" sizes=\"auto, (max-width: 1024px) 100vw, 1024px\" \/><\/a><\/div><div class=\"w-vwrapper usg_vwrapper_1 align_none valign_top\"><time class=\"w-post-elm post_date usg_post_date_1 entry-date published\" datetime=\"2021-04-30T11:56:14-03:00\" title=\"30 abril 2021 \u00e0s 11:56:14 America\/Sao_Paulo\">5 anos atr\u00e1s<\/time><h2 class=\"w-post-elm post_title usg_post_title_1 entry-title color_link_inherit\"><a href=\"http:\/\/ampid.org.br\/site2020\/?p=10099\">Nota P\u00fablica de Apoio ao Projeto de Lei N\u00ba 6.255\/2019 que garante direitos a Lei de Reserva de Cargos (Cotas)<\/a><\/h2><div class=\"w-post-elm post_content usg_post_content_1\">&nbsp; 30 de abril de 2021 NOTA P\u00daBLICA DE APOIO AO PROJETO DE LEI N\u00b0 6.255\/2019 QUE GARANTE DIREITOS A LEI DE RESERVA DE CARGOS (COTA) A Associa\u00e7\u00e3o Nacional dos&hellip;<\/div><\/div><\/div>\t\t<\/div>\r\n\t\t\t<\/article>\r\n\t<article class=\"w-grid-item size_1x1 post-10093 post type-post status-publish format-standard has-post-thumbnail hentry category-notas category-pessoas-com-deficiencia category-publicacoes-em-destaque tag-109 tag-ampid tag-cotas tag-lei-de-inclusao tag-pessoas-com-deficiencia-2 tag-reserva-de-cargos\" data-id=\"10093\">\r\n\t\t<div class=\"w-grid-item-h\">\r\n\t\t\t\t\t\t<div class=\"w-hwrapper usg_hwrapper_1 has_text_color align_none valign_center wrap\"><div class=\"w-post-elm post_image usg_post_image_1 has_width stretched\"><a href=\"http:\/\/ampid.org.br\/site2020\/?p=10093\" aria-label=\"Nota P\u00fablica de Rep\u00fadio \u00e0s declara\u00e7\u00f5es do Ministro Paulo Guedes\"><img loading=\"lazy\" decoding=\"async\" width=\"1024\" height=\"427\" src=\"http:\/\/ampid.org.br\/site2020\/wp-content\/uploads\/2020\/07\/rep-1024x427.jpg\" class=\"attachment-large size-large wp-post-image\" alt=\"\" srcset=\"http:\/\/ampid.org.br\/site2020\/wp-content\/uploads\/2020\/07\/rep-1024x427.jpg 1024w, http:\/\/ampid.org.br\/site2020\/wp-content\/uploads\/2020\/07\/rep-300x125.jpg 300w, http:\/\/ampid.org.br\/site2020\/wp-content\/uploads\/2020\/07\/rep.jpg 1920w\" sizes=\"auto, (max-width: 1024px) 100vw, 1024px\" \/><\/a><\/div><div class=\"w-vwrapper usg_vwrapper_1 align_none valign_top\"><time class=\"w-post-elm post_date usg_post_date_1 entry-date published\" datetime=\"2021-04-28T19:05:06-03:00\" title=\"28 abril 2021 \u00e0s 19:05:06 America\/Sao_Paulo\">5 anos atr\u00e1s<\/time><h2 class=\"w-post-elm post_title usg_post_title_1 entry-title color_link_inherit\"><a href=\"http:\/\/ampid.org.br\/site2020\/?p=10093\">Nota P\u00fablica de Rep\u00fadio \u00e0s declara\u00e7\u00f5es do Ministro Paulo Guedes<\/a><\/h2><div class=\"w-post-elm post_content usg_post_content_1\">&nbsp; 28 de abril de 2021 NOTA P\u00daBLICA DE REP\u00daDIO \u00c0S DECLARA\u00c7\u00d5ES DO MINISTRO PAULO GUEDES A Associa\u00e7\u00e3o Nacional dos Membros do Minist\u00e9rio P\u00fablico de Defesa dos Direitos das Pessoas&hellip;<\/div><\/div><\/div>\t\t<\/div>\r\n\t\t\t<\/article>\r\n\t<article class=\"w-grid-item size_1x1 post-10071 post type-post status-publish format-standard has-post-thumbnail hentry category-notas category-pessoas-com-deficiencia category-publicacoes-em-destaque tag-109 tag-ampid tag-cotas tag-lei-de-inclusao tag-pessoas-com-deficiencia-2 tag-reserva-de-cargos\" data-id=\"10071\">\r\n\t\t<div class=\"w-grid-item-h\">\r\n\t\t\t\t\t\t<div class=\"w-hwrapper usg_hwrapper_1 has_text_color align_none valign_center wrap\"><div class=\"w-post-elm post_image usg_post_image_1 has_width stretched\"><a href=\"http:\/\/ampid.org.br\/site2020\/?p=10071\" aria-label=\"REDE-IN publica Nota contra o Projeto de Lei N\u00ba 1.052\/2020 que altera a Lei de Cotas (Lei N\u00ba 8.213\/9\"><img loading=\"lazy\" decoding=\"async\" width=\"940\" height=\"788\" src=\"http:\/\/ampid.org.br\/site2020\/wp-content\/uploads\/2021\/04\/Post-Amarelo-e-Azul-com-Foto-de-Dia-do-Trabalhor-para-Facebook-7.png\" class=\"attachment-large size-large wp-post-image\" alt=\"\" srcset=\"http:\/\/ampid.org.br\/site2020\/wp-content\/uploads\/2021\/04\/Post-Amarelo-e-Azul-com-Foto-de-Dia-do-Trabalhor-para-Facebook-7.png 940w, http:\/\/ampid.org.br\/site2020\/wp-content\/uploads\/2021\/04\/Post-Amarelo-e-Azul-com-Foto-de-Dia-do-Trabalhor-para-Facebook-7-300x251.png 300w\" sizes=\"auto, (max-width: 940px) 100vw, 940px\" \/><\/a><\/div><div class=\"w-vwrapper usg_vwrapper_1 align_none valign_top\"><time class=\"w-post-elm post_date usg_post_date_1 entry-date published\" datetime=\"2021-04-27T10:19:51-03:00\" title=\"27 abril 2021 \u00e0s 10:19:51 America\/Sao_Paulo\">5 anos atr\u00e1s<\/time><h2 class=\"w-post-elm post_title usg_post_title_1 entry-title color_link_inherit\"><a href=\"http:\/\/ampid.org.br\/site2020\/?p=10071\">REDE-IN publica Nota contra o Projeto de Lei N\u00ba 1.052\/2020 que altera a Lei de Cotas (Lei N\u00ba 8.213\/9<\/a><\/h2><div class=\"w-post-elm post_content usg_post_content_1\">&nbsp; #pratodosverem Cart\u00e3o em azul escuro. Logomarca da Rede-In \u2013 Rede Brasileira de Inclus\u00e3o da Pessoa com Defici\u00eancia &#8211; em quadrado branco no canto esquerdo superior do cart\u00e3o. \u00c0 direita&hellip;<\/div><\/div><\/div>\t\t<\/div>\r\n\t\t\t<\/article>\r\n\t<article class=\"w-grid-item size_1x1 post-10066 post type-post status-publish format-standard has-post-thumbnail hentry category-notas category-pessoas-com-deficiencia category-publicacoes-em-destaque tag-109 tag-ampid tag-cotas tag-lei-de-inclusao tag-pessoas-com-deficiencia-2 tag-reserva-de-cargos\" data-id=\"10066\">\r\n\t\t<div class=\"w-grid-item-h\">\r\n\t\t\t\t\t\t<div class=\"w-hwrapper usg_hwrapper_1 has_text_color align_none valign_center wrap\"><div class=\"w-post-elm post_image usg_post_image_1 has_width stretched\"><a href=\"http:\/\/ampid.org.br\/site2020\/?p=10066\" aria-label=\"AMPID encaminha aos Senadores Nota P\u00fablica contra o PL N\u00b0 1.052\/2020 que altera a Lei de Reserva de Cargos (Cota)\"><img loading=\"lazy\" decoding=\"async\" width=\"1024\" height=\"427\" src=\"http:\/\/ampid.org.br\/site2020\/wp-content\/uploads\/2020\/07\/pub2-1024x427.jpg\" class=\"attachment-large size-large wp-post-image\" alt=\"\" srcset=\"http:\/\/ampid.org.br\/site2020\/wp-content\/uploads\/2020\/07\/pub2-1024x427.jpg 1024w, http:\/\/ampid.org.br\/site2020\/wp-content\/uploads\/2020\/07\/pub2-300x125.jpg 300w, http:\/\/ampid.org.br\/site2020\/wp-content\/uploads\/2020\/07\/pub2.jpg 1920w\" sizes=\"auto, (max-width: 1024px) 100vw, 1024px\" \/><\/a><\/div><div class=\"w-vwrapper usg_vwrapper_1 align_none valign_top\"><time class=\"w-post-elm post_date usg_post_date_1 entry-date published\" datetime=\"2021-04-26T11:58:39-03:00\" title=\"26 abril 2021 \u00e0s 11:58:39 America\/Sao_Paulo\">5 anos atr\u00e1s<\/time><h2 class=\"w-post-elm post_title usg_post_title_1 entry-title color_link_inherit\"><a href=\"http:\/\/ampid.org.br\/site2020\/?p=10066\">AMPID encaminha aos Senadores Nota P\u00fablica contra o PL N\u00b0 1.052\/2020 que altera a Lei de Reserva de Cargos (Cota)<\/a><\/h2><div class=\"w-post-elm post_content usg_post_content_1\">26 de abril de 2021 NOTA P\u00daBLICA CONTRA O PROJETO DE LEI N\u00b0 1.052\/2020 QUE ALTERA A LEI DE RESERVA DE CARGOS (COTA) A Associa\u00e7\u00e3o Nacional dos Membros do Minist\u00e9rio&hellip;<\/div><\/div><\/div>\t\t<\/div>\r\n\t\t\t<\/article>\r\n\t<article class=\"w-grid-item size_1x1 post-10044 post type-post status-publish format-standard has-post-thumbnail hentry category-notas category-pessoas-com-deficiencia category-publicacoes-em-destaque tag-109 tag-ampid tag-conade tag-direitos-da-pessoa-idosa tag-educacao-inclusiva tag-pessoas-com-deficiencia-2\" data-id=\"10044\">\r\n\t\t<div class=\"w-grid-item-h\">\r\n\t\t\t\t\t\t<div class=\"w-hwrapper usg_hwrapper_1 has_text_color align_none valign_center wrap\"><div class=\"w-post-elm post_image usg_post_image_1 has_width stretched\"><a href=\"http:\/\/ampid.org.br\/site2020\/?p=10044\" aria-label=\"Nota da Rede-In em apoio \u00e0 Educa\u00e7\u00e3o Inclusiva, contra o PL N\u00ba 7.953\/20101\"><img loading=\"lazy\" decoding=\"async\" width=\"990\" height=\"594\" src=\"http:\/\/ampid.org.br\/site2020\/wp-content\/uploads\/2021\/04\/Educa\u00e7\u00e3o-Inclusiva.jpg\" class=\"attachment-large size-large wp-post-image\" alt=\"\" srcset=\"http:\/\/ampid.org.br\/site2020\/wp-content\/uploads\/2021\/04\/Educa\u00e7\u00e3o-Inclusiva.jpg 990w, http:\/\/ampid.org.br\/site2020\/wp-content\/uploads\/2021\/04\/Educa\u00e7\u00e3o-Inclusiva-300x180.jpg 300w\" sizes=\"auto, (max-width: 990px) 100vw, 990px\" \/><\/a><\/div><div class=\"w-vwrapper usg_vwrapper_1 align_none valign_top\"><time class=\"w-post-elm post_date usg_post_date_1 entry-date published\" datetime=\"2021-04-09T18:40:39-03:00\" title=\"9 abril 2021 \u00e0s 18:40:39 America\/Sao_Paulo\">5 anos atr\u00e1s<\/time><h2 class=\"w-post-elm post_title usg_post_title_1 entry-title color_link_inherit\"><a href=\"http:\/\/ampid.org.br\/site2020\/?p=10044\">Nota da Rede-In em apoio \u00e0 Educa\u00e7\u00e3o Inclusiva, contra o PL N\u00ba 7.953\/20101<\/a><\/h2><div class=\"w-post-elm post_content usg_post_content_1\">09 de abril de 2021 O Projeto de Lei (PL) n\u00ba 7.953\/2010 encontra-se na Comiss\u00e3o de Educa\u00e7\u00e3o da C\u00e2mara dos Deputados aguardando nova inclus\u00e3o em pauta. Esse PL tem como&hellip;<\/div><\/div><\/div>\t\t<\/div>\r\n\t\t\t<\/article>\r\n\t<article class=\"w-grid-item size_1x1 post-9954 post type-post status-publish format-standard has-post-thumbnail hentry category-idosos category-notas category-publicacoes-em-destaque tag-109 tag-ampid tag-pesso-com-deficiencia tag-pessoa-idosa tag-rede-in tag-slider\" data-id=\"9954\">\r\n\t\t<div class=\"w-grid-item-h\">\r\n\t\t\t\t\t\t<div class=\"w-hwrapper usg_hwrapper_1 has_text_color align_none valign_center wrap\"><div class=\"w-post-elm post_image usg_post_image_1 has_width stretched\"><a href=\"http:\/\/ampid.org.br\/site2020\/?p=9954\" aria-label=\"A suspens\u00e3o da Pol\u00edtica Nacional de Educa\u00e7\u00e3o Especial de 2020 pelo STF\"><img loading=\"lazy\" decoding=\"async\" width=\"1024\" height=\"1024\" src=\"http:\/\/ampid.org.br\/site2020\/wp-content\/uploads\/2021\/01\/imagem_site_artigo_ana_claudia-1024x1024.png\" class=\"attachment-large size-large wp-post-image\" alt=\"\" srcset=\"http:\/\/ampid.org.br\/site2020\/wp-content\/uploads\/2021\/01\/imagem_site_artigo_ana_claudia-1024x1024.png 1024w, http:\/\/ampid.org.br\/site2020\/wp-content\/uploads\/2021\/01\/imagem_site_artigo_ana_claudia-300x300.png 300w, http:\/\/ampid.org.br\/site2020\/wp-content\/uploads\/2021\/01\/imagem_site_artigo_ana_claudia-150x150.png 150w, http:\/\/ampid.org.br\/site2020\/wp-content\/uploads\/2021\/01\/imagem_site_artigo_ana_claudia-600x600.png 600w, http:\/\/ampid.org.br\/site2020\/wp-content\/uploads\/2021\/01\/imagem_site_artigo_ana_claudia.png 1080w\" sizes=\"auto, (max-width: 1024px) 100vw, 1024px\" \/><\/a><\/div><div class=\"w-vwrapper usg_vwrapper_1 align_none valign_top\"><time class=\"w-post-elm post_date usg_post_date_1 entry-date published\" datetime=\"2021-01-08T19:20:43-03:00\" title=\"8 janeiro 2021 \u00e0s 19:20:43 America\/Sao_Paulo\">5 anos atr\u00e1s<\/time><h2 class=\"w-post-elm post_title usg_post_title_1 entry-title color_link_inherit\"><a href=\"http:\/\/ampid.org.br\/site2020\/?p=9954\">A suspens\u00e3o da Pol\u00edtica Nacional de Educa\u00e7\u00e3o Especial de 2020 pelo STF<\/a><\/h2><div class=\"w-post-elm post_content usg_post_content_1\">Fachada do Supremo Tribunal Federal (STF) \/ Cr\u00e9dito: Jessica Mendes &nbsp; Texto publicado originalmente pela plataforma JOTA Por:\u00a0Ana Cl\u00e1udia M. de Figueiredo UMA ESPERAN\u00c7A PARA A EDUCA\u00c7\u00c3O INCLUSIVA O Plen\u00e1rio&hellip;<\/div><\/div><\/div>\t\t<\/div>\r\n\t\t\t<\/article>\r\n<\/div><div class=\"w-grid-preloader\">\t<div class=\"g-preloader type_custom\">\r\n\t\t<div><img loading=\"lazy\" decoding=\"async\" width=\"300\" height=\"300\" src=\"http:\/\/ampid.org.br\/site2020\/wp-content\/uploads\/2020\/06\/icon-300x300.png\" class=\"attachment-medium size-medium\" alt=\"\" srcset=\"http:\/\/ampid.org.br\/site2020\/wp-content\/uploads\/2020\/06\/icon-300x300.png 300w, http:\/\/ampid.org.br\/site2020\/wp-content\/uploads\/2020\/06\/icon-150x150.png 150w, http:\/\/ampid.org.br\/site2020\/wp-content\/uploads\/2020\/06\/icon.png 512w\" sizes=\"auto, (max-width: 300px) 100vw, 300px\" \/><\/div>\r\n\t<\/div>\r\n\t<\/div>\t<div class=\"w-grid-json hidden\" onclick='return {&quot;action&quot;:&quot;us_ajax_grid&quot;,&quot;infinite_scroll&quot;:0,&quot;max_num_pages&quot;:1,&quot;pagination&quot;:&quot;none&quot;,&quot;template_vars&quot;:{&quot;columns&quot;:&quot;1&quot;,&quot;exclude_items&quot;:&quot;none&quot;,&quot;img_size&quot;:&quot;default&quot;,&quot;ignore_items_size&quot;:0,&quot;items_layout&quot;:&quot;blog_14&quot;,&quot;items_offset&quot;:&quot;1&quot;,&quot;load_animation&quot;:&quot;none&quot;,&quot;overriding_link&quot;:&quot;{\\&quot;url\\&quot;:\\&quot;\\&quot;}&quot;,&quot;post_id&quot;:0,&quot;query_args&quot;:{&quot;post_type&quot;:[&quot;post&quot;],&quot;tax_query&quot;:[{&quot;taxonomy&quot;:&quot;category&quot;,&quot;field&quot;:&quot;slug&quot;,&quot;terms&quot;:[&quot;notas&quot;]},{&quot;taxonomy&quot;:&quot;post_tag&quot;,&quot;field&quot;:&quot;slug&quot;,&quot;terms&quot;:[&quot;2021&quot;]}],&quot;post_status&quot;:[&quot;publish&quot;,&quot;acf-disabled&quot;],&quot;posts_per_page&quot;:999},&quot;orderby_query_args&quot;:{&quot;orderby&quot;:{&quot;date&quot;:&quot;DESC&quot;}},&quot;type&quot;:&quot;grid&quot;,&quot;us_grid_ajax_index&quot;:1,&quot;us_grid_filter_params&quot;:[],&quot;us_grid_index&quot;:1,&quot;_us_grid_post_type&quot;:&quot;post&quot;,&quot;page_args&quot;:[]}}'><\/div>\r\n\t<\/div><\/div><\/div><\/div><\/div><\/div><\/section>\n","protected":false},"excerpt":{"rendered":"Fachada do Supremo Tribunal Federal (STF) \/ Cr\u00e9dito: Jessica Mendes &nbsp; Texto publicado originalmente pela plataforma JOTA Por:\u00a0Ana Cl\u00e1udia M. de Figueiredo UMA ESPERAN\u00c7A PARA A EDUCA\u00c7\u00c3O INCLUSIVA O Plen\u00e1rio do Supremo Tribunal Federal (STF) confirmou, por maioria, na \u00faltima sexta-feira, 18, a decis\u00e3o do Relator da A\u00e7\u00e3o Direta de Inconstitucionalidade (ADI) 6590, Ministro Dias...","protected":false},"author":2,"featured_media":0,"parent":0,"menu_order":0,"comment_status":"closed","ping_status":"closed","template":"","meta":{"_acf_changed":false,"inline_featured_image":false,"footnotes":""},"class_list":["post-10113","page","type-page","status-publish","hentry"],"acf":[],"_links":{"self":[{"href":"http:\/\/ampid.org.br\/site2020\/index.php?rest_route=\/wp\/v2\/pages\/10113","targetHints":{"allow":["GET"]}}],"collection":[{"href":"http:\/\/ampid.org.br\/site2020\/index.php?rest_route=\/wp\/v2\/pages"}],"about":[{"href":"http:\/\/ampid.org.br\/site2020\/index.php?rest_route=\/wp\/v2\/types\/page"}],"author":[{"embeddable":true,"href":"http:\/\/ampid.org.br\/site2020\/index.php?rest_route=\/wp\/v2\/users\/2"}],"replies":[{"embeddable":true,"href":"http:\/\/ampid.org.br\/site2020\/index.php?rest_route=%2Fwp%2Fv2%2Fcomments&post=10113"}],"version-history":[{"count":7,"href":"http:\/\/ampid.org.br\/site2020\/index.php?rest_route=\/wp\/v2\/pages\/10113\/revisions"}],"predecessor-version":[{"id":10563,"href":"http:\/\/ampid.org.br\/site2020\/index.php?rest_route=\/wp\/v2\/pages\/10113\/revisions\/10563"}],"wp:attachment":[{"href":"http:\/\/ampid.org.br\/site2020\/index.php?rest_route=%2Fwp%2Fv2%2Fmedia&parent=10113"}],"curies":[{"name":"wp","href":"https:\/\/api.w.org\/{rel}","templated":true}]}}